{"id":11192,"date":"2019-02-08T22:46:16","date_gmt":"2019-02-08T20:46:16","guid":{"rendered":"http:\/\/www.lassebacklund.fi\/?page_id=11192"},"modified":"2019-06-13T23:54:31","modified_gmt":"2019-06-13T20:54:31","slug":"fornfynd-fran-dagsmark","status":"publish","type":"page","link":"https:\/\/www.lassebacklund.fi\/?page_id=11192","title":{"rendered":"Fornfynd fr\u00e5n Dagsmark."},"content":{"rendered":"<figure id=\"attachment_11212\" aria-describedby=\"caption-attachment-11212\" style=\"width: 4000px\" class=\"wp-caption alignnone\"><img loading=\"lazy\" decoding=\"async\" class=\"size-full wp-image-11212\" src=\"http:\/\/www.lassebacklund.fi\/wp-content\/uploads\/2019\/02\/28-\u00c5lgars-Lars-med-4000-\u00e5r-gammal-stenyxa-fr\u00e5n-M\u00f6ss\u00e5sen.jpg\" alt=\"\" width=\"4000\" height=\"3000\" srcset=\"https:\/\/www.lassebacklund.fi\/wp-content\/uploads\/2019\/02\/28-\u00c5lgars-Lars-med-4000-\u00e5r-gammal-stenyxa-fr\u00e5n-M\u00f6ss\u00e5sen.jpg 4000w, https:\/\/www.lassebacklund.fi\/wp-content\/uploads\/2019\/02\/28-\u00c5lgars-Lars-med-4000-\u00e5r-gammal-stenyxa-fr\u00e5n-M\u00f6ss\u00e5sen-300x225.jpg 300w, https:\/\/www.lassebacklund.fi\/wp-content\/uploads\/2019\/02\/28-\u00c5lgars-Lars-med-4000-\u00e5r-gammal-stenyxa-fr\u00e5n-M\u00f6ss\u00e5sen-768x576.jpg 768w, https:\/\/www.lassebacklund.fi\/wp-content\/uploads\/2019\/02\/28-\u00c5lgars-Lars-med-4000-\u00e5r-gammal-stenyxa-fr\u00e5n-M\u00f6ss\u00e5sen-1024x768.jpg 1024w\" sizes=\"auto, (max-width: 4000px) 100vw, 4000px\" \/><figcaption id=\"caption-attachment-11212\" class=\"wp-caption-text\">H\u00e4r amat\u00f6rarkelogen Lars \u00c5lgars med den rombiska h\u00e5lsten som blottades vid markberedning p\u00e5 M\u00f6ss\u00e5sen i Kornb\u00e4cken. Foto fr\u00e5n \u00e5r 2013.<\/figcaption><\/figure>\n<figure id=\"attachment_11182\" aria-describedby=\"caption-attachment-11182\" style=\"width: 1684px\" class=\"wp-caption alignnone\"><img loading=\"lazy\" decoding=\"async\" class=\"size-full wp-image-11182\" src=\"http:\/\/www.lassebacklund.fi\/wp-content\/uploads\/2019\/02\/1.jpg\" alt=\"\" width=\"1684\" height=\"798\" srcset=\"https:\/\/www.lassebacklund.fi\/wp-content\/uploads\/2019\/02\/1.jpg 1684w, https:\/\/www.lassebacklund.fi\/wp-content\/uploads\/2019\/02\/1-300x142.jpg 300w, https:\/\/www.lassebacklund.fi\/wp-content\/uploads\/2019\/02\/1-768x364.jpg 768w, https:\/\/www.lassebacklund.fi\/wp-content\/uploads\/2019\/02\/1-1024x485.jpg 1024w\" sizes=\"auto, (max-width: 1684px) 100vw, 1684px\" \/><figcaption id=\"caption-attachment-11182\" class=\"wp-caption-text\">Fragment av en skifferring fr\u00e5n Bj\u00f6rn\u00e5sen n\u00e4ra K\u00e4rjenkoski. Det h\u00e4r fragmentet \u00e4r 2,8 cm l\u00e5ngt och i komplett skick skulle den ha haft en diameter om 7,5 cm.<\/figcaption><\/figure>\n<figure id=\"attachment_11183\" aria-describedby=\"caption-attachment-11183\" style=\"width: 2168px\" class=\"wp-caption alignnone\"><img loading=\"lazy\" decoding=\"async\" class=\"size-full wp-image-11183\" src=\"http:\/\/www.lassebacklund.fi\/wp-content\/uploads\/2019\/02\/2-1.jpg\" alt=\"\" width=\"2168\" height=\"1094\" srcset=\"https:\/\/www.lassebacklund.fi\/wp-content\/uploads\/2019\/02\/2-1.jpg 2168w, https:\/\/www.lassebacklund.fi\/wp-content\/uploads\/2019\/02\/2-1-300x151.jpg 300w, https:\/\/www.lassebacklund.fi\/wp-content\/uploads\/2019\/02\/2-1-768x388.jpg 768w, https:\/\/www.lassebacklund.fi\/wp-content\/uploads\/2019\/02\/2-1-1024x517.jpg 1024w\" sizes=\"auto, (max-width: 2168px) 100vw, 2168px\" \/><figcaption id=\"caption-attachment-11183\" class=\"wp-caption-text\">P\u00e5 Kornb\u00e4ckens boplatsomr\u00e5de fanns denna h\u00e5lmejsel, som Lars \u00c5lgars hittade och som Mikael Herrg\u00e5rd fotograferat. L\u00e4ngd 10 cm.<\/figcaption><\/figure>\n<figure id=\"attachment_11184\" aria-describedby=\"caption-attachment-11184\" style=\"width: 1713px\" class=\"wp-caption alignnone\"><img loading=\"lazy\" decoding=\"async\" class=\"size-full wp-image-11184\" src=\"http:\/\/www.lassebacklund.fi\/wp-content\/uploads\/2019\/02\/3.jpg\" alt=\"\" width=\"1713\" height=\"900\" srcset=\"https:\/\/www.lassebacklund.fi\/wp-content\/uploads\/2019\/02\/3.jpg 1713w, https:\/\/www.lassebacklund.fi\/wp-content\/uploads\/2019\/02\/3-300x158.jpg 300w, https:\/\/www.lassebacklund.fi\/wp-content\/uploads\/2019\/02\/3-768x404.jpg 768w, https:\/\/www.lassebacklund.fi\/wp-content\/uploads\/2019\/02\/3-1024x538.jpg 1024w\" sizes=\"auto, (max-width: 1713px) 100vw, 1713px\" \/><figcaption id=\"caption-attachment-11184\" class=\"wp-caption-text\">Den h\u00e4r nagelmejseln kan ha anv\u00e4nts vid beredning av skinn. Lars \u00c5lgars hittade den i Sandviken och l\u00e4ngden \u00e4r 3,6 cm. Foto: Mikael Herrg\u00e5rd.<\/figcaption><\/figure>\n<figure id=\"attachment_11185\" aria-describedby=\"caption-attachment-11185\" style=\"width: 1458px\" class=\"wp-caption alignnone\"><img loading=\"lazy\" decoding=\"async\" class=\"size-full wp-image-11185\" src=\"http:\/\/www.lassebacklund.fi\/wp-content\/uploads\/2019\/02\/4-1.jpg\" alt=\"\" width=\"1458\" height=\"2206\" srcset=\"https:\/\/www.lassebacklund.fi\/wp-content\/uploads\/2019\/02\/4-1.jpg 1458w, https:\/\/www.lassebacklund.fi\/wp-content\/uploads\/2019\/02\/4-1-198x300.jpg 198w, https:\/\/www.lassebacklund.fi\/wp-content\/uploads\/2019\/02\/4-1-768x1162.jpg 768w, https:\/\/www.lassebacklund.fi\/wp-content\/uploads\/2019\/02\/4-1-677x1024.jpg 677w\" sizes=\"auto, (max-width: 1458px) 100vw, 1458px\" \/><figcaption id=\"caption-attachment-11185\" class=\"wp-caption-text\">L\u00e4ngdr\u00f6se vid Ris\u00e5sens grustag. Foto: Mikael Herrg\u00e5rd.<\/figcaption><\/figure>\n<figure id=\"attachment_11186\" aria-describedby=\"caption-attachment-11186\" style=\"width: 2139px\" class=\"wp-caption alignnone\"><img loading=\"lazy\" decoding=\"async\" class=\"size-full wp-image-11186\" src=\"http:\/\/www.lassebacklund.fi\/wp-content\/uploads\/2019\/02\/5.jpg\" alt=\"\" width=\"2139\" height=\"1422\" srcset=\"https:\/\/www.lassebacklund.fi\/wp-content\/uploads\/2019\/02\/5.jpg 2139w, https:\/\/www.lassebacklund.fi\/wp-content\/uploads\/2019\/02\/5-300x199.jpg 300w, https:\/\/www.lassebacklund.fi\/wp-content\/uploads\/2019\/02\/5-768x511.jpg 768w, https:\/\/www.lassebacklund.fi\/wp-content\/uploads\/2019\/02\/5-1024x681.jpg 1024w\" sizes=\"auto, (max-width: 2139px) 100vw, 2139px\" \/><figcaption id=\"caption-attachment-11186\" class=\"wp-caption-text\">Sten\u00e5ldersboplats p\u00e5 Stor\u00e5sen p\u00e5 Ris\u00e5sen. Fotograferat \u00e5r 2002 av Mikael Herrg\u00e5rd, p\u00e5 bilden ocks\u00e5 amat\u00f6rarkeologen Lars \u00c5lgars.<\/figcaption><\/figure>\n<figure id=\"attachment_11187\" aria-describedby=\"caption-attachment-11187\" style=\"width: 2157px\" class=\"wp-caption alignnone\"><img loading=\"lazy\" decoding=\"async\" class=\"size-full wp-image-11187\" src=\"http:\/\/www.lassebacklund.fi\/wp-content\/uploads\/2019\/02\/6.jpg\" alt=\"\" width=\"2157\" height=\"1407\" srcset=\"https:\/\/www.lassebacklund.fi\/wp-content\/uploads\/2019\/02\/6.jpg 2157w, https:\/\/www.lassebacklund.fi\/wp-content\/uploads\/2019\/02\/6-300x196.jpg 300w, https:\/\/www.lassebacklund.fi\/wp-content\/uploads\/2019\/02\/6-768x501.jpg 768w, https:\/\/www.lassebacklund.fi\/wp-content\/uploads\/2019\/02\/6-1024x668.jpg 1024w\" sizes=\"auto, (max-width: 2157px) 100vw, 2157px\" \/><figcaption id=\"caption-attachment-11187\" class=\"wp-caption-text\">R\u00f6dockra som Lars \u00c5lgars har hittat i gamla gravar p\u00e5 R\u00e4v\u00e5sen. Ockran \u00e4r blandad med sot, ben och keramik, den \u00e4r rituellt laddad och anv\u00e4ndes vid begravningar. Foto: Mikael Herrg\u00e5rd.<\/figcaption><\/figure>\n<figure id=\"attachment_11188\" aria-describedby=\"caption-attachment-11188\" style=\"width: 1429px\" class=\"wp-caption alignnone\"><img loading=\"lazy\" decoding=\"async\" class=\"size-full wp-image-11188\" src=\"http:\/\/www.lassebacklund.fi\/wp-content\/uploads\/2019\/02\/7.jpg\" alt=\"\" width=\"1429\" height=\"2158\" srcset=\"https:\/\/www.lassebacklund.fi\/wp-content\/uploads\/2019\/02\/7.jpg 1429w, https:\/\/www.lassebacklund.fi\/wp-content\/uploads\/2019\/02\/7-199x300.jpg 199w, https:\/\/www.lassebacklund.fi\/wp-content\/uploads\/2019\/02\/7-768x1160.jpg 768w, https:\/\/www.lassebacklund.fi\/wp-content\/uploads\/2019\/02\/7-678x1024.jpg 678w\" sizes=\"auto, (max-width: 1429px) 100vw, 1429px\" \/><figcaption id=\"caption-attachment-11188\" class=\"wp-caption-text\">L\u00e5ngr\u00f6se p\u00e5 Ris\u00e5sen som fotograferats av Mikael Herrg\u00e5rd \u00e5r 2000.<\/figcaption><\/figure>\n<figure id=\"attachment_11189\" aria-describedby=\"caption-attachment-11189\" style=\"width: 2194px\" class=\"wp-caption alignnone\"><img loading=\"lazy\" decoding=\"async\" class=\"size-full wp-image-11189\" src=\"http:\/\/www.lassebacklund.fi\/wp-content\/uploads\/2019\/02\/8.jpg\" alt=\"\" width=\"2194\" height=\"1451\" srcset=\"https:\/\/www.lassebacklund.fi\/wp-content\/uploads\/2019\/02\/8.jpg 2194w, https:\/\/www.lassebacklund.fi\/wp-content\/uploads\/2019\/02\/8-300x198.jpg 300w, https:\/\/www.lassebacklund.fi\/wp-content\/uploads\/2019\/02\/8-768x508.jpg 768w, https:\/\/www.lassebacklund.fi\/wp-content\/uploads\/2019\/02\/8-1024x677.jpg 1024w\" sizes=\"auto, (max-width: 2194px) 100vw, 2194px\" \/><figcaption id=\"caption-attachment-11189\" class=\"wp-caption-text\">Denna flatmejsel \u00e4r 6,6 cm l\u00e5ng och Lars \u00c5lgars hittade den p\u00e5 M\u00f6ss\u00e5sen i Kornb\u00e4cken, foto av Mikael Herrg\u00e5rd.<\/figcaption><\/figure>\n<figure id=\"attachment_11190\" aria-describedby=\"caption-attachment-11190\" style=\"width: 2172px\" class=\"wp-caption alignnone\"><img loading=\"lazy\" decoding=\"async\" class=\"size-full wp-image-11190\" src=\"http:\/\/www.lassebacklund.fi\/wp-content\/uploads\/2019\/02\/9.jpg\" alt=\"\" width=\"2172\" height=\"1440\" srcset=\"https:\/\/www.lassebacklund.fi\/wp-content\/uploads\/2019\/02\/9.jpg 2172w, https:\/\/www.lassebacklund.fi\/wp-content\/uploads\/2019\/02\/9-300x199.jpg 300w, https:\/\/www.lassebacklund.fi\/wp-content\/uploads\/2019\/02\/9-768x509.jpg 768w, https:\/\/www.lassebacklund.fi\/wp-content\/uploads\/2019\/02\/9-1024x679.jpg 1024w\" sizes=\"auto, (max-width: 2172px) 100vw, 2172px\" \/><figcaption id=\"caption-attachment-11190\" class=\"wp-caption-text\">H\u00e5lsten fr\u00e5n Kornb\u00e4cken, l\u00e4ngd 11 cm, upphittad av Lars \u00c5lgars och fotograferade av Mikael Herrg\u00e5rd. Denna sten kan ha anv\u00e4nts som tyngd i n\u00e4t eller som klubba.<\/figcaption><\/figure>\n<figure id=\"attachment_11191\" aria-describedby=\"caption-attachment-11191\" style=\"width: 2176px\" class=\"wp-caption alignnone\"><img loading=\"lazy\" decoding=\"async\" class=\"size-full wp-image-11191\" src=\"http:\/\/www.lassebacklund.fi\/wp-content\/uploads\/2019\/02\/10.jpg\" alt=\"\" width=\"2176\" height=\"1560\" srcset=\"https:\/\/www.lassebacklund.fi\/wp-content\/uploads\/2019\/02\/10.jpg 2176w, https:\/\/www.lassebacklund.fi\/wp-content\/uploads\/2019\/02\/10-300x215.jpg 300w, https:\/\/www.lassebacklund.fi\/wp-content\/uploads\/2019\/02\/10-768x551.jpg 768w, https:\/\/www.lassebacklund.fi\/wp-content\/uploads\/2019\/02\/10-1024x734.jpg 1024w\" sizes=\"auto, (max-width: 2176px) 100vw, 2176px\" \/><figcaption id=\"caption-attachment-11191\" class=\"wp-caption-text\">Slipsten som Lars \u00c5lgars hittade p\u00e5 M\u00f6ss\u00e5sen i Kornb\u00e4cken i samband med uppodling av nya \u00e5krar. L\u00e4ngden hela 30 cm och den \u00e4r fotograferad av Mikael Herrg\u00e5rd.<\/figcaption><\/figure>\n<figure id=\"attachment_11194\" aria-describedby=\"caption-attachment-11194\" style=\"width: 1279px\" class=\"wp-caption alignnone\"><img loading=\"lazy\" decoding=\"async\" class=\"size-full wp-image-11194\" src=\"http:\/\/www.lassebacklund.fi\/wp-content\/uploads\/2019\/02\/11.jpg\" alt=\"\" width=\"1279\" height=\"1783\" srcset=\"https:\/\/www.lassebacklund.fi\/wp-content\/uploads\/2019\/02\/11.jpg 1279w, https:\/\/www.lassebacklund.fi\/wp-content\/uploads\/2019\/02\/11-215x300.jpg 215w, https:\/\/www.lassebacklund.fi\/wp-content\/uploads\/2019\/02\/11-768x1071.jpg 768w, https:\/\/www.lassebacklund.fi\/wp-content\/uploads\/2019\/02\/11-735x1024.jpg 735w\" sizes=\"auto, (max-width: 1279px) 100vw, 1279px\" \/><figcaption id=\"caption-attachment-11194\" class=\"wp-caption-text\">Flathuggen pilspets av kvarts som Lars \u00c5lgars hittat i Lillsj\u00f6, l\u00e4ngd 4,8 cm. Foto: Mikael Herrg\u00e5rd.<\/figcaption><\/figure>\n<figure id=\"attachment_11195\" aria-describedby=\"caption-attachment-11195\" style=\"width: 2176px\" class=\"wp-caption alignnone\"><img loading=\"lazy\" decoding=\"async\" class=\"size-full wp-image-11195\" src=\"http:\/\/www.lassebacklund.fi\/wp-content\/uploads\/2019\/02\/12.jpg\" alt=\"\" width=\"2176\" height=\"1407\" srcset=\"https:\/\/www.lassebacklund.fi\/wp-content\/uploads\/2019\/02\/12.jpg 2176w, https:\/\/www.lassebacklund.fi\/wp-content\/uploads\/2019\/02\/12-300x194.jpg 300w, https:\/\/www.lassebacklund.fi\/wp-content\/uploads\/2019\/02\/12-768x497.jpg 768w, https:\/\/www.lassebacklund.fi\/wp-content\/uploads\/2019\/02\/12-1024x662.jpg 1024w\" sizes=\"auto, (max-width: 2176px) 100vw, 2176px\" \/><figcaption id=\"caption-attachment-11195\" class=\"wp-caption-text\">Rombisk h\u00e5lsten som Lars \u00c5lgars hittade i samband med markberedning p\u00e5 M\u00f6ss\u00e5sen i Kornb\u00e4cken. Mycket v\u00e4lgjord och l\u00e4ngden hela 22 cm. Foto: Mikael Herrg\u00e5rd.<\/figcaption><\/figure>\n<figure id=\"attachment_11196\" aria-describedby=\"caption-attachment-11196\" style=\"width: 2168px\" class=\"wp-caption alignnone\"><img loading=\"lazy\" decoding=\"async\" class=\"size-full wp-image-11196\" src=\"http:\/\/www.lassebacklund.fi\/wp-content\/uploads\/2019\/02\/13-1.jpg\" alt=\"\" width=\"2168\" height=\"1393\" srcset=\"https:\/\/www.lassebacklund.fi\/wp-content\/uploads\/2019\/02\/13-1.jpg 2168w, https:\/\/www.lassebacklund.fi\/wp-content\/uploads\/2019\/02\/13-1-300x193.jpg 300w, https:\/\/www.lassebacklund.fi\/wp-content\/uploads\/2019\/02\/13-1-768x493.jpg 768w, https:\/\/www.lassebacklund.fi\/wp-content\/uploads\/2019\/02\/13-1-1024x658.jpg 1024w\" sizes=\"auto, (max-width: 2168px) 100vw, 2168px\" \/><figcaption id=\"caption-attachment-11196\" class=\"wp-caption-text\">Stenredskap fr\u00e5n olika platser i Dagsmark: ett bryne, en del av en b\u00e5tformad stridsyxa, en halvf\u00e4rdig yxa och en kniv. F\u00f6rem\u00e5len \u00e4r mellan 9 och 16,5 cm l\u00e5nga. Upphittade av Lars \u00c5lgars och fotograferade av Mikael Herrg\u00e5rd.<\/figcaption><\/figure>\n<figure id=\"attachment_11197\" aria-describedby=\"caption-attachment-11197\" style=\"width: 2139px\" class=\"wp-caption alignnone\"><img loading=\"lazy\" decoding=\"async\" class=\"size-full wp-image-11197\" src=\"http:\/\/www.lassebacklund.fi\/wp-content\/uploads\/2019\/02\/14-1.jpg\" alt=\"\" width=\"2139\" height=\"2501\" srcset=\"https:\/\/www.lassebacklund.fi\/wp-content\/uploads\/2019\/02\/14-1.jpg 2139w, https:\/\/www.lassebacklund.fi\/wp-content\/uploads\/2019\/02\/14-1-257x300.jpg 257w, https:\/\/www.lassebacklund.fi\/wp-content\/uploads\/2019\/02\/14-1-768x898.jpg 768w, https:\/\/www.lassebacklund.fi\/wp-content\/uploads\/2019\/02\/14-1-876x1024.jpg 876w\" sizes=\"auto, (max-width: 2139px) 100vw, 2139px\" \/><figcaption id=\"caption-attachment-11197\" class=\"wp-caption-text\">Unikt fynd av gropkeramik som gjordes p\u00e5 R\u00e4v\u00e5sen p\u00e5 1990-talet. Denna typ hade tidigare hittats endast i Sverige och p\u00e5 \u00c5land. Foto: Mikael Herrg\u00e5rd.<\/figcaption><\/figure>\n<figure id=\"attachment_11198\" aria-describedby=\"caption-attachment-11198\" style=\"width: 2154px\" class=\"wp-caption alignnone\"><img loading=\"lazy\" decoding=\"async\" class=\"size-full wp-image-11198\" src=\"http:\/\/www.lassebacklund.fi\/wp-content\/uploads\/2019\/02\/15.jpg\" alt=\"\" width=\"2154\" height=\"3190\" srcset=\"https:\/\/www.lassebacklund.fi\/wp-content\/uploads\/2019\/02\/15.jpg 2154w, https:\/\/www.lassebacklund.fi\/wp-content\/uploads\/2019\/02\/15-203x300.jpg 203w, https:\/\/www.lassebacklund.fi\/wp-content\/uploads\/2019\/02\/15-768x1137.jpg 768w, https:\/\/www.lassebacklund.fi\/wp-content\/uploads\/2019\/02\/15-691x1024.jpg 691w\" sizes=\"auto, (max-width: 2154px) 100vw, 2154px\" \/><figcaption id=\"caption-attachment-11198\" class=\"wp-caption-text\">Sen kamkeramik med benmagring som Lars \u00c5lgars har hittat p\u00e5 Bj\u00f6rn\u00e5sen n\u00e4ra K\u00e4rjenkoski. Fotograferade av Mikael Herrg\u00e5rd.<\/figcaption><\/figure>\n<figure id=\"attachment_11199\" aria-describedby=\"caption-attachment-11199\" style=\"width: 1207px\" class=\"wp-caption alignnone\"><img loading=\"lazy\" decoding=\"async\" class=\"size-full wp-image-11199\" src=\"http:\/\/www.lassebacklund.fi\/wp-content\/uploads\/2019\/02\/16.jpg\" alt=\"\" width=\"1207\" height=\"3198\" srcset=\"https:\/\/www.lassebacklund.fi\/wp-content\/uploads\/2019\/02\/16.jpg 1207w, https:\/\/www.lassebacklund.fi\/wp-content\/uploads\/2019\/02\/16-113x300.jpg 113w, https:\/\/www.lassebacklund.fi\/wp-content\/uploads\/2019\/02\/16-768x2035.jpg 768w, https:\/\/www.lassebacklund.fi\/wp-content\/uploads\/2019\/02\/16-386x1024.jpg 386w\" sizes=\"auto, (max-width: 1207px) 100vw, 1207px\" \/><figcaption id=\"caption-attachment-11199\" class=\"wp-caption-text\">Denna skifferpilspets upphittades p\u00e5 1990-talet vid utgr\u00e4vningar p\u00e5 R\u00e4v\u00e5sen, l\u00e4ngden \u00e4r 6,7 cm och fotograferad av Mikael Herrg\u00e5rd.<\/figcaption><\/figure>\n<figure id=\"attachment_11200\" aria-describedby=\"caption-attachment-11200\" style=\"width: 3223px\" class=\"wp-caption alignnone\"><img loading=\"lazy\" decoding=\"async\" class=\"size-full wp-image-11200\" src=\"http:\/\/www.lassebacklund.fi\/wp-content\/uploads\/2019\/02\/17.jpg\" alt=\"\" width=\"3223\" height=\"2139\" srcset=\"https:\/\/www.lassebacklund.fi\/wp-content\/uploads\/2019\/02\/17.jpg 3223w, https:\/\/www.lassebacklund.fi\/wp-content\/uploads\/2019\/02\/17-300x199.jpg 300w, https:\/\/www.lassebacklund.fi\/wp-content\/uploads\/2019\/02\/17-768x510.jpg 768w, https:\/\/www.lassebacklund.fi\/wp-content\/uploads\/2019\/02\/17-1024x680.jpg 1024w\" sizes=\"auto, (max-width: 3223px) 100vw, 3223px\" \/><figcaption id=\"caption-attachment-11200\" class=\"wp-caption-text\">Forntida boplats p\u00e5 Sot\u00e5sen i Lillsj\u00f6. Foto \u00e5r 1999 av Mikael Herrg\u00e5rd och p\u00e5 v\u00e4gen st\u00e5r Lars \u00c5lgars.<\/figcaption><\/figure>\n<figure id=\"attachment_11201\" aria-describedby=\"caption-attachment-11201\" style=\"width: 2168px\" class=\"wp-caption alignnone\"><img loading=\"lazy\" decoding=\"async\" class=\"size-full wp-image-11201\" src=\"http:\/\/www.lassebacklund.fi\/wp-content\/uploads\/2019\/02\/18.jpg\" alt=\"\" width=\"2168\" height=\"1433\" srcset=\"https:\/\/www.lassebacklund.fi\/wp-content\/uploads\/2019\/02\/18.jpg 2168w, https:\/\/www.lassebacklund.fi\/wp-content\/uploads\/2019\/02\/18-300x198.jpg 300w, https:\/\/www.lassebacklund.fi\/wp-content\/uploads\/2019\/02\/18-768x508.jpg 768w, https:\/\/www.lassebacklund.fi\/wp-content\/uploads\/2019\/02\/18-1024x677.jpg 1024w\" sizes=\"auto, (max-width: 2168px) 100vw, 2168px\" \/><figcaption id=\"caption-attachment-11201\" class=\"wp-caption-text\">Forntida r\u00f6se n\u00e4ra By\u00e5sv\u00e4gen, fotograferat av Mikael Herrg\u00e5rd \u00e5r 1999.<\/figcaption><\/figure>\n<figure id=\"attachment_11202\" aria-describedby=\"caption-attachment-11202\" style=\"width: 2183px\" class=\"wp-caption alignnone\"><img loading=\"lazy\" decoding=\"async\" class=\"size-full wp-image-11202\" src=\"http:\/\/www.lassebacklund.fi\/wp-content\/uploads\/2019\/02\/19.jpg\" alt=\"\" width=\"2183\" height=\"1327\" srcset=\"https:\/\/www.lassebacklund.fi\/wp-content\/uploads\/2019\/02\/19.jpg 2183w, https:\/\/www.lassebacklund.fi\/wp-content\/uploads\/2019\/02\/19-300x182.jpg 300w, https:\/\/www.lassebacklund.fi\/wp-content\/uploads\/2019\/02\/19-768x467.jpg 768w, https:\/\/www.lassebacklund.fi\/wp-content\/uploads\/2019\/02\/19-1024x622.jpg 1024w\" sizes=\"auto, (max-width: 2183px) 100vw, 2183px\" \/><figcaption id=\"caption-attachment-11202\" class=\"wp-caption-text\">Denna b\u00e5tyxa hittade Kauko Santam\u00e4ki p\u00e5 Skr\u00e4ddarmossen p\u00e5 \u00c5backan p\u00e5 ett st\u00e4lle som \u00e4r endast 30 meter \u00f6ver havet, varf\u00f6r man kan anta att den har fallit ur en b\u00e5t. L\u00e4ngd 23,5 cm och fotograferad av Mikael Herrg\u00e5rd.<\/figcaption><\/figure>\n<figure id=\"attachment_11203\" aria-describedby=\"caption-attachment-11203\" style=\"width: 3223px\" class=\"wp-caption alignnone\"><img loading=\"lazy\" decoding=\"async\" class=\"size-full wp-image-11203\" src=\"http:\/\/www.lassebacklund.fi\/wp-content\/uploads\/2019\/02\/20.jpg\" alt=\"\" width=\"3223\" height=\"2139\" srcset=\"https:\/\/www.lassebacklund.fi\/wp-content\/uploads\/2019\/02\/20.jpg 3223w, https:\/\/www.lassebacklund.fi\/wp-content\/uploads\/2019\/02\/20-300x199.jpg 300w, https:\/\/www.lassebacklund.fi\/wp-content\/uploads\/2019\/02\/20-768x510.jpg 768w, https:\/\/www.lassebacklund.fi\/wp-content\/uploads\/2019\/02\/20-1024x680.jpg 1024w\" sizes=\"auto, (max-width: 3223px) 100vw, 3223px\" \/><figcaption id=\"caption-attachment-11203\" class=\"wp-caption-text\">Sten\u00e5lders boplats p\u00e5 stadens mark p\u00e5 Ris\u00e5sen. Fotograferat av Mikael Herrg\u00e5rd \u00e5r 2000.<\/figcaption><\/figure>\n<figure id=\"attachment_11205\" aria-describedby=\"caption-attachment-11205\" style=\"width: 3183px\" class=\"wp-caption alignnone\"><img loading=\"lazy\" decoding=\"async\" class=\"size-full wp-image-11205\" src=\"http:\/\/www.lassebacklund.fi\/wp-content\/uploads\/2019\/02\/21.jpg\" alt=\"\" width=\"3183\" height=\"2128\" srcset=\"https:\/\/www.lassebacklund.fi\/wp-content\/uploads\/2019\/02\/21.jpg 3183w, https:\/\/www.lassebacklund.fi\/wp-content\/uploads\/2019\/02\/21-300x201.jpg 300w, https:\/\/www.lassebacklund.fi\/wp-content\/uploads\/2019\/02\/21-768x513.jpg 768w, https:\/\/www.lassebacklund.fi\/wp-content\/uploads\/2019\/02\/21-1024x685.jpg 1024w\" sizes=\"auto, (max-width: 3183px) 100vw, 3183px\" \/><figcaption id=\"caption-attachment-11205\" class=\"wp-caption-text\">F\u00f6rhistorisk plats p\u00e5 R\u00e4v\u00e5sen, fotograferad av Mikael Herrg\u00e5rd \u00e5r 2000.<\/figcaption><\/figure>\n<figure id=\"attachment_11206\" aria-describedby=\"caption-attachment-11206\" style=\"width: 2819px\" class=\"wp-caption alignnone\"><img loading=\"lazy\" decoding=\"async\" class=\"size-full wp-image-11206\" src=\"http:\/\/www.lassebacklund.fi\/wp-content\/uploads\/2019\/02\/22.jpg\" alt=\"\" width=\"2819\" height=\"2026\" srcset=\"https:\/\/www.lassebacklund.fi\/wp-content\/uploads\/2019\/02\/22.jpg 2819w, https:\/\/www.lassebacklund.fi\/wp-content\/uploads\/2019\/02\/22-300x216.jpg 300w, https:\/\/www.lassebacklund.fi\/wp-content\/uploads\/2019\/02\/22-768x552.jpg 768w, https:\/\/www.lassebacklund.fi\/wp-content\/uploads\/2019\/02\/22-1024x736.jpg 1024w\" sizes=\"auto, (max-width: 2819px) 100vw, 2819px\" \/><figcaption id=\"caption-attachment-11206\" class=\"wp-caption-text\">Dessa flatmejslar har Lars \u00c5lgars hittat p\u00e5 Kornb\u00e4ckens boplatsomr\u00e5de, l\u00e4ngden 4,4 cm och de \u00e4r fotograferade av Mikael Herrg\u00e5rd.<\/figcaption><\/figure>\n<figure id=\"attachment_11207\" aria-describedby=\"caption-attachment-11207\" style=\"width: 2187px\" class=\"wp-caption alignnone\"><img loading=\"lazy\" decoding=\"async\" class=\"size-full wp-image-11207\" src=\"http:\/\/www.lassebacklund.fi\/wp-content\/uploads\/2019\/02\/23.jpg\" alt=\"\" width=\"2187\" height=\"3212\" srcset=\"https:\/\/www.lassebacklund.fi\/wp-content\/uploads\/2019\/02\/23.jpg 2187w, https:\/\/www.lassebacklund.fi\/wp-content\/uploads\/2019\/02\/23-204x300.jpg 204w, https:\/\/www.lassebacklund.fi\/wp-content\/uploads\/2019\/02\/23-768x1128.jpg 768w, https:\/\/www.lassebacklund.fi\/wp-content\/uploads\/2019\/02\/23-697x1024.jpg 697w\" sizes=\"auto, (max-width: 2187px) 100vw, 2187px\" \/><figcaption id=\"caption-attachment-11207\" class=\"wp-caption-text\">Keramik upphittad p\u00e5 M\u00f6ss\u00e5sen i Kornb\u00e4cken av Lars \u00c5lgars och fotograferad av Mikael Herrg\u00e5rd.<\/figcaption><\/figure>\n<figure id=\"attachment_11208\" aria-describedby=\"caption-attachment-11208\" style=\"width: 3132px\" class=\"wp-caption alignnone\"><img loading=\"lazy\" decoding=\"async\" class=\"size-full wp-image-11208\" src=\"http:\/\/www.lassebacklund.fi\/wp-content\/uploads\/2019\/02\/24.jpg\" alt=\"\" width=\"3132\" height=\"2157\" srcset=\"https:\/\/www.lassebacklund.fi\/wp-content\/uploads\/2019\/02\/24.jpg 3132w, https:\/\/www.lassebacklund.fi\/wp-content\/uploads\/2019\/02\/24-300x207.jpg 300w, https:\/\/www.lassebacklund.fi\/wp-content\/uploads\/2019\/02\/24-768x529.jpg 768w, https:\/\/www.lassebacklund.fi\/wp-content\/uploads\/2019\/02\/24-1024x705.jpg 1024w\" sizes=\"auto, (max-width: 3132px) 100vw, 3132px\" \/><figcaption id=\"caption-attachment-11208\" class=\"wp-caption-text\">Sen kamkeramik som hittades vid arkeologiska utgr\u00e4vningar p\u00e5 R\u00e4v\u00e5sen p\u00e5 1990-talet, st\u00f6rsta biten \u00e4r 11 cm. Foto: Mikael Herrg\u00e5rd.<\/figcaption><\/figure>\n<figure id=\"attachment_11209\" aria-describedby=\"caption-attachment-11209\" style=\"width: 3099px\" class=\"wp-caption alignnone\"><img loading=\"lazy\" decoding=\"async\" class=\"size-full wp-image-11209\" src=\"http:\/\/www.lassebacklund.fi\/wp-content\/uploads\/2019\/02\/25.jpg\" alt=\"\" width=\"3099\" height=\"2106\" srcset=\"https:\/\/www.lassebacklund.fi\/wp-content\/uploads\/2019\/02\/25.jpg 3099w, https:\/\/www.lassebacklund.fi\/wp-content\/uploads\/2019\/02\/25-300x204.jpg 300w, https:\/\/www.lassebacklund.fi\/wp-content\/uploads\/2019\/02\/25-768x522.jpg 768w, https:\/\/www.lassebacklund.fi\/wp-content\/uploads\/2019\/02\/25-1024x696.jpg 1024w\" sizes=\"auto, (max-width: 3099px) 100vw, 3099px\" \/><figcaption id=\"caption-attachment-11209\" class=\"wp-caption-text\">Denna slipsten har anv\u00e4nts f\u00f6r att slipa st\u00f6rre stenredskap och Lars \u00c5lgars hittade den p\u00e5 boplatsen i Lillsj\u00f6. L\u00e4ngden \u00e4r hela 50 cm. Foto: Mikael Herrg\u00e5rd.<\/figcaption><\/figure>\n<figure id=\"attachment_11210\" aria-describedby=\"caption-attachment-11210\" style=\"width: 2691px\" class=\"wp-caption alignnone\"><img loading=\"lazy\" decoding=\"async\" class=\"size-full wp-image-11210\" src=\"http:\/\/www.lassebacklund.fi\/wp-content\/uploads\/2019\/02\/26.jpg\" alt=\"\" width=\"2691\" height=\"1997\" srcset=\"https:\/\/www.lassebacklund.fi\/wp-content\/uploads\/2019\/02\/26.jpg 2691w, https:\/\/www.lassebacklund.fi\/wp-content\/uploads\/2019\/02\/26-300x223.jpg 300w, https:\/\/www.lassebacklund.fi\/wp-content\/uploads\/2019\/02\/26-768x570.jpg 768w, https:\/\/www.lassebacklund.fi\/wp-content\/uploads\/2019\/02\/26-1024x760.jpg 1024w\" sizes=\"auto, (max-width: 2691px) 100vw, 2691px\" \/><figcaption id=\"caption-attachment-11210\" class=\"wp-caption-text\">P\u00e5 v\u00e4gen mellan Korsb\u00e4ck och K\u00e4rjenkoski st\u00e5r arkeologen Peter Holmblad fr\u00e5n P\u00f6rtom tillsammans med Lars \u00c5lgars p\u00e5 Bj\u00f6rn\u00e5sen, d\u00e4r flera r\u00f6dockragravar blottades i samband med dikning. Gravplatserna \u00e4r m\u00e4rkta med ljusare f\u00e4rg och i dessa hittades p\u00e4rlor av b\u00e4rnsten och delar av tandemalj. Djupet p\u00e5 gravarna endast 60 cm. Foto: Mikael Herrg\u00e5rd.<\/figcaption><\/figure>\n<figure id=\"attachment_11211\" aria-describedby=\"caption-attachment-11211\" style=\"width: 4000px\" class=\"wp-caption alignnone\"><img loading=\"lazy\" decoding=\"async\" class=\"size-full wp-image-11211\" src=\"http:\/\/www.lassebacklund.fi\/wp-content\/uploads\/2019\/02\/27.jpg\" alt=\"\" width=\"4000\" height=\"3000\" srcset=\"https:\/\/www.lassebacklund.fi\/wp-content\/uploads\/2019\/02\/27.jpg 4000w, https:\/\/www.lassebacklund.fi\/wp-content\/uploads\/2019\/02\/27-300x225.jpg 300w, https:\/\/www.lassebacklund.fi\/wp-content\/uploads\/2019\/02\/27-768x576.jpg 768w, https:\/\/www.lassebacklund.fi\/wp-content\/uploads\/2019\/02\/27-1024x768.jpg 1024w\" sizes=\"auto, (max-width: 4000px) 100vw, 4000px\" \/><figcaption id=\"caption-attachment-11211\" class=\"wp-caption-text\">Det \u00e4r v\u00e4lfyllda l\u00e5dor av fornfynd som Lars \u00c5lgars har samlat p\u00e5 sig under \u00e5ren.<\/figcaption><\/figure>\n<figure id=\"attachment_11213\" aria-describedby=\"caption-attachment-11213\" style=\"width: 2242px\" class=\"wp-caption alignnone\"><img loading=\"lazy\" decoding=\"async\" class=\"size-full wp-image-11213\" src=\"http:\/\/www.lassebacklund.fi\/wp-content\/uploads\/2019\/02\/29-Ris\u00e5sen-utgr\u00e4vningar.jpg\" alt=\"\" width=\"2242\" height=\"1400\" srcset=\"https:\/\/www.lassebacklund.fi\/wp-content\/uploads\/2019\/02\/29-Ris\u00e5sen-utgr\u00e4vningar.jpg 2242w, https:\/\/www.lassebacklund.fi\/wp-content\/uploads\/2019\/02\/29-Ris\u00e5sen-utgr\u00e4vningar-300x187.jpg 300w, https:\/\/www.lassebacklund.fi\/wp-content\/uploads\/2019\/02\/29-Ris\u00e5sen-utgr\u00e4vningar-768x480.jpg 768w, https:\/\/www.lassebacklund.fi\/wp-content\/uploads\/2019\/02\/29-Ris\u00e5sen-utgr\u00e4vningar-1024x639.jpg 1024w\" sizes=\"auto, (max-width: 2242px) 100vw, 2242px\" \/><figcaption id=\"caption-attachment-11213\" class=\"wp-caption-text\">Utgr\u00e4vningarna p\u00e5 R\u00e4v\u00e5sen b\u00f6rjade 1994 och avslutades \u00e5r 2000. P\u00e5 Mikael Herrg\u00e5rds foto fr\u00e5n \u00e5r 2000 ser vi hur arbetet gick till.<\/figcaption><\/figure>\n<figure id=\"attachment_11214\" aria-describedby=\"caption-attachment-11214\" style=\"width: 3000px\" class=\"wp-caption alignnone\"><img loading=\"lazy\" decoding=\"async\" class=\"size-full wp-image-11214\" src=\"http:\/\/www.lassebacklund.fi\/wp-content\/uploads\/2019\/02\/30-Bj\u00f6rn-Viktors-fiol.jpg\" alt=\"\" width=\"3000\" height=\"4000\" srcset=\"https:\/\/www.lassebacklund.fi\/wp-content\/uploads\/2019\/02\/30-Bj\u00f6rn-Viktors-fiol.jpg 3000w, https:\/\/www.lassebacklund.fi\/wp-content\/uploads\/2019\/02\/30-Bj\u00f6rn-Viktors-fiol-225x300.jpg 225w, https:\/\/www.lassebacklund.fi\/wp-content\/uploads\/2019\/02\/30-Bj\u00f6rn-Viktors-fiol-768x1024.jpg 768w\" sizes=\"auto, (max-width: 3000px) 100vw, 3000px\" \/><figcaption id=\"caption-attachment-11214\" class=\"wp-caption-text\">Bj\u00f6rn-Viktor var en hejare till spelman och Lars \u00c5lgars som samlar p\u00e5 antikviteter sitter h\u00e4r och visar hur Viktors fiol s\u00e5g ut.<\/figcaption><\/figure>\n<figure id=\"attachment_11218\" aria-describedby=\"caption-attachment-11218\" style=\"width: 2362px\" class=\"wp-caption alignnone\"><img loading=\"lazy\" decoding=\"async\" class=\"size-full wp-image-11218\" src=\"http:\/\/www.lassebacklund.fi\/wp-content\/uploads\/2019\/02\/31.jpg\" alt=\"\" width=\"2362\" height=\"1679\" srcset=\"https:\/\/www.lassebacklund.fi\/wp-content\/uploads\/2019\/02\/31.jpg 2362w, https:\/\/www.lassebacklund.fi\/wp-content\/uploads\/2019\/02\/31-300x213.jpg 300w, https:\/\/www.lassebacklund.fi\/wp-content\/uploads\/2019\/02\/31-768x546.jpg 768w, https:\/\/www.lassebacklund.fi\/wp-content\/uploads\/2019\/02\/31-1024x728.jpg 1024w\" sizes=\"auto, (max-width: 2362px) 100vw, 2362px\" \/><figcaption id=\"caption-attachment-11218\" class=\"wp-caption-text\">Lars \u00c5lgars blickar ut \u00f6ver den \u00e5ker i Kornb\u00e4cken d\u00e4r han gjort m\u00e5nga fina fynd. Foto Mikael Herrg\u00e5rd \u00e5r 2003.<\/figcaption><\/figure>\n<figure id=\"attachment_11219\" aria-describedby=\"caption-attachment-11219\" style=\"width: 2205px\" class=\"wp-caption alignnone\"><img loading=\"lazy\" decoding=\"async\" class=\"size-full wp-image-11219\" src=\"http:\/\/www.lassebacklund.fi\/wp-content\/uploads\/2019\/02\/32-Form.jpg\" alt=\"\" width=\"2205\" height=\"3307\" srcset=\"https:\/\/www.lassebacklund.fi\/wp-content\/uploads\/2019\/02\/32-Form.jpg 2205w, https:\/\/www.lassebacklund.fi\/wp-content\/uploads\/2019\/02\/32-Form-200x300.jpg 200w, https:\/\/www.lassebacklund.fi\/wp-content\/uploads\/2019\/02\/32-Form-768x1152.jpg 768w, https:\/\/www.lassebacklund.fi\/wp-content\/uploads\/2019\/02\/32-Form-683x1024.jpg 683w\" sizes=\"auto, (max-width: 2205px) 100vw, 2205px\" \/><figcaption id=\"caption-attachment-11219\" class=\"wp-caption-text\">Gjutform av sten (9 cm) fr\u00e5n \u00e5stranden vid Stor\u00e5kern i Dagsmark. Historisk tid. Upphittat av Lars \u00c5lgars och fotad av Mikael Herrg\u00e5rd.<\/figcaption><\/figure>\n<figure id=\"attachment_11220\" aria-describedby=\"caption-attachment-11220\" style=\"width: 2362px\" class=\"wp-caption alignnone\"><img loading=\"lazy\" decoding=\"async\" class=\"size-full wp-image-11220\" src=\"http:\/\/www.lassebacklund.fi\/wp-content\/uploads\/2019\/02\/33-gabbroyxa.jpg\" alt=\"\" width=\"2362\" height=\"1549\" srcset=\"https:\/\/www.lassebacklund.fi\/wp-content\/uploads\/2019\/02\/33-gabbroyxa.jpg 2362w, https:\/\/www.lassebacklund.fi\/wp-content\/uploads\/2019\/02\/33-gabbroyxa-300x197.jpg 300w, https:\/\/www.lassebacklund.fi\/wp-content\/uploads\/2019\/02\/33-gabbroyxa-768x504.jpg 768w, https:\/\/www.lassebacklund.fi\/wp-content\/uploads\/2019\/02\/33-gabbroyxa-1024x672.jpg 1024w\" sizes=\"auto, (max-width: 2362px) 100vw, 2362px\" \/><figcaption id=\"caption-attachment-11220\" class=\"wp-caption-text\">Gabbroyxa, \u00d6sterbottnisk r\u00e4tyxa av gabbro fr\u00e5n Kornb\u00e4ckens sten\u00e5ldersboplats. Upphittare Lars \u00c5lgars, foto Mikael Herrg\u00e5rd.<\/figcaption><\/figure>\n<figure id=\"attachment_11221\" aria-describedby=\"caption-attachment-11221\" style=\"width: 2362px\" class=\"wp-caption alignnone\"><img loading=\"lazy\" decoding=\"async\" class=\"size-full wp-image-11221\" src=\"http:\/\/www.lassebacklund.fi\/wp-content\/uploads\/2019\/02\/34-Gropkrmk.jpg\" alt=\"\" width=\"2362\" height=\"1781\" srcset=\"https:\/\/www.lassebacklund.fi\/wp-content\/uploads\/2019\/02\/34-Gropkrmk.jpg 2362w, https:\/\/www.lassebacklund.fi\/wp-content\/uploads\/2019\/02\/34-Gropkrmk-300x226.jpg 300w, https:\/\/www.lassebacklund.fi\/wp-content\/uploads\/2019\/02\/34-Gropkrmk-768x579.jpg 768w, https:\/\/www.lassebacklund.fi\/wp-content\/uploads\/2019\/02\/34-Gropkrmk-1024x772.jpg 1024w\" sizes=\"auto, (max-width: 2362px) 100vw, 2362px\" \/><figcaption id=\"caption-attachment-11221\" class=\"wp-caption-text\">Gropkeramiken (6 cm) fr\u00e5n R\u00e4v\u00e5sens sten\u00e5ldsboplats \u00e4r f\u00f6rsta fyndet i \u00d6sterbotten. Biten \u00e4r fr\u00e5n k\u00e4rlets mynningskant. Keramiktypen kommer fr\u00e5n Sverige och \u00c5land. NM 28659:498. Foto Mikael Herrg\u00e5rd.<\/figcaption><\/figure>\n<figure id=\"attachment_11222\" aria-describedby=\"caption-attachment-11222\" style=\"width: 1012px\" class=\"wp-caption alignnone\"><img loading=\"lazy\" decoding=\"async\" class=\"size-full wp-image-11222\" src=\"http:\/\/www.lassebacklund.fi\/wp-content\/uploads\/2019\/02\/35-ishacka.jpg\" alt=\"\" width=\"1012\" height=\"2362\" srcset=\"https:\/\/www.lassebacklund.fi\/wp-content\/uploads\/2019\/02\/35-ishacka.jpg 1012w, https:\/\/www.lassebacklund.fi\/wp-content\/uploads\/2019\/02\/35-ishacka-129x300.jpg 129w, https:\/\/www.lassebacklund.fi\/wp-content\/uploads\/2019\/02\/35-ishacka-768x1793.jpg 768w, https:\/\/www.lassebacklund.fi\/wp-content\/uploads\/2019\/02\/35-ishacka-439x1024.jpg 439w\" sizes=\"auto, (max-width: 1012px) 100vw, 1012px\" \/><figcaption id=\"caption-attachment-11222\" class=\"wp-caption-text\">Nord\u00f6sterbottnisk ishacka (bill) (35,7 cm) fr\u00e5n Bj\u00f6rn\u00e5sens sten\u00e5lders-fyndplats. NM 28983:1. Upphittare Lars \u00c5lgars, foto Mikael Herrg\u00e5rd.<\/figcaption><\/figure>\n<figure id=\"attachment_11223\" aria-describedby=\"caption-attachment-11223\" style=\"width: 2362px\" class=\"wp-caption alignnone\"><img loading=\"lazy\" decoding=\"async\" class=\"size-full wp-image-11223\" src=\"http:\/\/www.lassebacklund.fi\/wp-content\/uploads\/2019\/02\/36-Pil.jpg\" alt=\"\" width=\"2362\" height=\"1434\" srcset=\"https:\/\/www.lassebacklund.fi\/wp-content\/uploads\/2019\/02\/36-Pil.jpg 2362w, https:\/\/www.lassebacklund.fi\/wp-content\/uploads\/2019\/02\/36-Pil-300x182.jpg 300w, https:\/\/www.lassebacklund.fi\/wp-content\/uploads\/2019\/02\/36-Pil-768x466.jpg 768w, https:\/\/www.lassebacklund.fi\/wp-content\/uploads\/2019\/02\/36-Pil-1024x622.jpg 1024w\" sizes=\"auto, (max-width: 2362px) 100vw, 2362px\" \/><figcaption id=\"caption-attachment-11223\" class=\"wp-caption-text\">Tv\u00e4reggade pilspetsar (6 cm) av j\u00e4rn fr\u00e5n Stor\u00e5kern. Fynd av Lars \u00c5lgars, foto Mikael Herrg\u00e5rd.<\/figcaption><\/figure>\n<figure id=\"attachment_11224\" aria-describedby=\"caption-attachment-11224\" style=\"width: 2362px\" class=\"wp-caption alignnone\"><img loading=\"lazy\" decoding=\"async\" class=\"size-full wp-image-11224\" src=\"http:\/\/www.lassebacklund.fi\/wp-content\/uploads\/2019\/02\/37-Pyheslta.jpg\" alt=\"\" width=\"2362\" height=\"1907\" srcset=\"https:\/\/www.lassebacklund.fi\/wp-content\/uploads\/2019\/02\/37-Pyheslta.jpg 2362w, https:\/\/www.lassebacklund.fi\/wp-content\/uploads\/2019\/02\/37-Pyheslta-300x242.jpg 300w, https:\/\/www.lassebacklund.fi\/wp-content\/uploads\/2019\/02\/37-Pyheslta-768x620.jpg 768w, https:\/\/www.lassebacklund.fi\/wp-content\/uploads\/2019\/02\/37-Pyheslta-1024x827.jpg 1024w\" sizes=\"auto, (max-width: 2362px) 100vw, 2362px\" \/><figcaption id=\"caption-attachment-11224\" class=\"wp-caption-text\">Sydv\u00e4stfinl\u00e4ndsk Pyheensiltakeramik fr\u00e5n R\u00e4v\u00e5sen. St\u00f6rsta biten m\u00e4ter 8,5 cm. NM 30588:2193, 2196 och 28863:1587. Foto Mikael Herrg\u00e5rd.<\/figcaption><\/figure>\n<figure id=\"attachment_11225\" aria-describedby=\"caption-attachment-11225\" style=\"width: 1786px\" class=\"wp-caption alignnone\"><img loading=\"lazy\" decoding=\"async\" class=\"size-full wp-image-11225\" src=\"http:\/\/www.lassebacklund.fi\/wp-content\/uploads\/2019\/02\/38-rimpikangas.jpg\" alt=\"\" width=\"1786\" height=\"2362\" srcset=\"https:\/\/www.lassebacklund.fi\/wp-content\/uploads\/2019\/02\/38-rimpikangas.jpg 1786w, https:\/\/www.lassebacklund.fi\/wp-content\/uploads\/2019\/02\/38-rimpikangas-227x300.jpg 227w, https:\/\/www.lassebacklund.fi\/wp-content\/uploads\/2019\/02\/38-rimpikangas-768x1016.jpg 768w, https:\/\/www.lassebacklund.fi\/wp-content\/uploads\/2019\/02\/38-rimpikangas-774x1024.jpg 774w\" sizes=\"auto, (max-width: 1786px) 100vw, 1786px\" \/><figcaption id=\"caption-attachment-11225\" class=\"wp-caption-text\">Br\u00e4nda \u00e4lgben fr\u00e5n Rimpikangs i Stor\u00e5. Fynden som blottades vid sandt\u00e4kt \u00e4r minst 7000 \u00e5r gamla (\u00e4ldre sten\u00e5lder).Foto Mikael Herrg\u00e5rd.<\/figcaption><\/figure>\n<figure id=\"attachment_11227\" aria-describedby=\"caption-attachment-11227\" style=\"width: 2275px\" class=\"wp-caption alignnone\"><img loading=\"lazy\" decoding=\"async\" class=\"size-full wp-image-11227\" src=\"http:\/\/www.lassebacklund.fi\/wp-content\/uploads\/2019\/02\/Lasses-fynd-p\u00e5-By\u00e5sen.jpg\" alt=\"\" width=\"2275\" height=\"1516\" srcset=\"https:\/\/www.lassebacklund.fi\/wp-content\/uploads\/2019\/02\/Lasses-fynd-p\u00e5-By\u00e5sen.jpg 2275w, https:\/\/www.lassebacklund.fi\/wp-content\/uploads\/2019\/02\/Lasses-fynd-p\u00e5-By\u00e5sen-300x200.jpg 300w, https:\/\/www.lassebacklund.fi\/wp-content\/uploads\/2019\/02\/Lasses-fynd-p\u00e5-By\u00e5sen-768x512.jpg 768w, https:\/\/www.lassebacklund.fi\/wp-content\/uploads\/2019\/02\/Lasses-fynd-p\u00e5-By\u00e5sen-1024x682.jpg 1024w\" sizes=\"auto, (max-width: 2275px) 100vw, 2275px\" \/><figcaption id=\"caption-attachment-11227\" class=\"wp-caption-text\">Lars \u00c5lgars fynd av P\u00f6lj\u00e4 keramik p\u00e5 By\u00e5sen i Dagsmark.L\u00e4ngd 6,8 cm, foto Mikael Herrg\u00e5rd, uppbevaras p\u00e5 Nationalmus\u00e9et i Helsingfors.NM 28697:1.<\/figcaption><\/figure>\n<figure id=\"attachment_11228\" aria-describedby=\"caption-attachment-11228\" style=\"width: 3417px\" class=\"wp-caption alignnone\"><img loading=\"lazy\" decoding=\"async\" class=\"size-full wp-image-11228\" src=\"http:\/\/www.lassebacklund.fi\/wp-content\/uploads\/2019\/02\/St\u00e5l-Idas-yxa.jpg\" alt=\"\" width=\"3417\" height=\"1445\" srcset=\"https:\/\/www.lassebacklund.fi\/wp-content\/uploads\/2019\/02\/St\u00e5l-Idas-yxa.jpg 3417w, https:\/\/www.lassebacklund.fi\/wp-content\/uploads\/2019\/02\/St\u00e5l-Idas-yxa-300x127.jpg 300w, https:\/\/www.lassebacklund.fi\/wp-content\/uploads\/2019\/02\/St\u00e5l-Idas-yxa-768x325.jpg 768w, https:\/\/www.lassebacklund.fi\/wp-content\/uploads\/2019\/02\/St\u00e5l-Idas-yxa-1024x433.jpg 1024w\" sizes=\"auto, (max-width: 3417px) 100vw, 3417px\" \/><figcaption id=\"caption-attachment-11228\" class=\"wp-caption-text\">Den h\u00e4r fina stenyxan hittade Arvid Dahlroos d\u00e5 han rev bort St\u00e5l-Idas stuga p\u00e5 By\u00e5sen. Notera de vackra \u00e5rsringarna i den gr\u00f6vre \u00e4ndan.<\/figcaption><\/figure>\n<figure id=\"attachment_12676\" aria-describedby=\"caption-attachment-12676\" style=\"width: 1775px\" class=\"wp-caption alignnone\"><img loading=\"lazy\" decoding=\"async\" class=\"size-full wp-image-12676\" src=\"http:\/\/www.lassebacklund.fi\/wp-content\/uploads\/2019\/06\/1994-fyndl\u00e5dor.jpg\" alt=\"\" width=\"1775\" height=\"1177\" srcset=\"https:\/\/www.lassebacklund.fi\/wp-content\/uploads\/2019\/06\/1994-fyndl\u00e5dor.jpg 1775w, https:\/\/www.lassebacklund.fi\/wp-content\/uploads\/2019\/06\/1994-fyndl\u00e5dor-300x199.jpg 300w, https:\/\/www.lassebacklund.fi\/wp-content\/uploads\/2019\/06\/1994-fyndl\u00e5dor-768x509.jpg 768w, https:\/\/www.lassebacklund.fi\/wp-content\/uploads\/2019\/06\/1994-fyndl\u00e5dor-1024x679.jpg 1024w\" sizes=\"auto, (max-width: 1775px) 100vw, 1775px\" \/><figcaption id=\"caption-attachment-12676\" class=\"wp-caption-text\">Fina fynd gjordes under utgr\u00e4vningarna p\u00e5 R\u00e4v\u00e5sen 1994.<\/figcaption><\/figure>\n<figure id=\"attachment_12675\" aria-describedby=\"caption-attachment-12675\" style=\"width: 1730px\" class=\"wp-caption alignnone\"><img loading=\"lazy\" decoding=\"async\" class=\"size-full wp-image-12675\" src=\"http:\/\/www.lassebacklund.fi\/wp-content\/uploads\/2019\/06\/1994-Bertel-Huhtala-p\u00e5-kn\u00e4-\u00c5lgars-Lars-st\u00e5ende-i-bakgrunden-Uusitalos-lastbil.jpg\" alt=\"\" width=\"1730\" height=\"1159\" srcset=\"https:\/\/www.lassebacklund.fi\/wp-content\/uploads\/2019\/06\/1994-Bertel-Huhtala-p\u00e5-kn\u00e4-\u00c5lgars-Lars-st\u00e5ende-i-bakgrunden-Uusitalos-lastbil.jpg 1730w, https:\/\/www.lassebacklund.fi\/wp-content\/uploads\/2019\/06\/1994-Bertel-Huhtala-p\u00e5-kn\u00e4-\u00c5lgars-Lars-st\u00e5ende-i-bakgrunden-Uusitalos-lastbil-300x201.jpg 300w, https:\/\/www.lassebacklund.fi\/wp-content\/uploads\/2019\/06\/1994-Bertel-Huhtala-p\u00e5-kn\u00e4-\u00c5lgars-Lars-st\u00e5ende-i-bakgrunden-Uusitalos-lastbil-768x515.jpg 768w, https:\/\/www.lassebacklund.fi\/wp-content\/uploads\/2019\/06\/1994-Bertel-Huhtala-p\u00e5-kn\u00e4-\u00c5lgars-Lars-st\u00e5ende-i-bakgrunden-Uusitalos-lastbil-1024x686.jpg 1024w\" sizes=\"auto, (max-width: 1730px) 100vw, 1730px\" \/><figcaption id=\"caption-attachment-12675\" class=\"wp-caption-text\">Lars \u00c5lgars med h\u00e4nderna i fickorna medan bland annat Bertel Huhtala sk\u00f6ter gr\u00e4vandet. I bakgrunden syns en av transportf\u00f6retagets grusbilar. Fotot fr\u00e5n 1994.<\/figcaption><\/figure>\n<figure id=\"attachment_12678\" aria-describedby=\"caption-attachment-12678\" style=\"width: 1783px\" class=\"wp-caption alignnone\"><img loading=\"lazy\" decoding=\"async\" class=\"size-full wp-image-12678\" src=\"http:\/\/www.lassebacklund.fi\/wp-content\/uploads\/2019\/06\/19940828-omr\u00e5det-avskalat-20.8.1994-foto-2.jpg\" alt=\"\" width=\"1783\" height=\"1161\" srcset=\"https:\/\/www.lassebacklund.fi\/wp-content\/uploads\/2019\/06\/19940828-omr\u00e5det-avskalat-20.8.1994-foto-2.jpg 1783w, https:\/\/www.lassebacklund.fi\/wp-content\/uploads\/2019\/06\/19940828-omr\u00e5det-avskalat-20.8.1994-foto-2-300x195.jpg 300w, https:\/\/www.lassebacklund.fi\/wp-content\/uploads\/2019\/06\/19940828-omr\u00e5det-avskalat-20.8.1994-foto-2-768x500.jpg 768w, https:\/\/www.lassebacklund.fi\/wp-content\/uploads\/2019\/06\/19940828-omr\u00e5det-avskalat-20.8.1994-foto-2-1024x667.jpg 1024w\" sizes=\"auto, (max-width: 1783px) 100vw, 1783px\" \/><figcaption id=\"caption-attachment-12678\" class=\"wp-caption-text\">Ett transportf\u00f6retag fr\u00e5n B\u00f6tom som \u00e4gde grusomr\u00e5det skalade av omr\u00e5det p\u00e5 R\u00e4v\u00e5sen, vilket gjorde att flera fynd kom i dagen. Lars \u00c5lgars observerade detta och lyckades stoppa markt\u00e4kten.<\/figcaption><\/figure>\n","protected":false},"excerpt":{"rendered":"","protected":false},"author":1,"featured_media":0,"parent":47,"menu_order":0,"comment_status":"closed","ping_status":"closed","template":"","meta":{"footnotes":""},"class_list":["post-11192","page","type-page","status-publish","hentry"],"_links":{"self":[{"href":"https:\/\/www.lassebacklund.fi\/index.php?rest_route=\/wp\/v2\/pages\/11192","targetHints":{"allow":["GET"]}}],"collection":[{"href":"https:\/\/www.lassebacklund.fi\/index.php?rest_route=\/wp\/v2\/pages"}],"about":[{"href":"https:\/\/www.lassebacklund.fi\/index.php?rest_route=\/wp\/v2\/types\/page"}],"author":[{"embeddable":true,"href":"https:\/\/www.lassebacklund.fi\/index.php?rest_route=\/wp\/v2\/users\/1"}],"replies":[{"embeddable":true,"href":"https:\/\/www.lassebacklund.fi\/index.php?rest_route=%2Fwp%2Fv2%2Fcomments&post=11192"}],"version-history":[{"count":7,"href":"https:\/\/www.lassebacklund.fi\/index.php?rest_route=\/wp\/v2\/pages\/11192\/revisions"}],"predecessor-version":[{"id":12680,"href":"https:\/\/www.lassebacklund.fi\/index.php?rest_route=\/wp\/v2\/pages\/11192\/revisions\/12680"}],"up":[{"embeddable":true,"href":"https:\/\/www.lassebacklund.fi\/index.php?rest_route=\/wp\/v2\/pages\/47"}],"wp:attachment":[{"href":"https:\/\/www.lassebacklund.fi\/index.php?rest_route=%2Fwp%2Fv2%2Fmedia&parent=11192"}],"curies":[{"name":"wp","href":"https:\/\/api.w.org\/{rel}","templated":true}]}}