{"id":11146,"date":"2019-02-07T17:46:02","date_gmt":"2019-02-07T15:46:02","guid":{"rendered":"http:\/\/www.lassebacklund.fi\/?page_id=11146"},"modified":"2026-02-12T15:22:36","modified_gmt":"2026-02-12T13:22:36","slug":"rosenlunds-eller-skomakas-pa-sunnantillvagen-191","status":"publish","type":"page","link":"https:\/\/www.lassebacklund.fi\/?page_id=11146","title":{"rendered":"Rosenlunds eller Skomakas p\u00e5 Sunnantillv\u00e4gen 191"},"content":{"rendered":"<figure id=\"attachment_11132\" aria-describedby=\"caption-attachment-11132\" style=\"width: 1518px\" class=\"wp-caption aligncenter\"><img loading=\"lazy\" decoding=\"async\" class=\"size-full wp-image-11132\" src=\"http:\/\/www.lassebacklund.fi\/wp-content\/uploads\/2019\/02\/1-.jpg\" alt=\"\" width=\"1518\" height=\"1138\" srcset=\"https:\/\/www.lassebacklund.fi\/wp-content\/uploads\/2019\/02\/1-.jpg 1518w, https:\/\/www.lassebacklund.fi\/wp-content\/uploads\/2019\/02\/1--300x225.jpg 300w, https:\/\/www.lassebacklund.fi\/wp-content\/uploads\/2019\/02\/1--768x576.jpg 768w, https:\/\/www.lassebacklund.fi\/wp-content\/uploads\/2019\/02\/1--1024x768.jpg 1024w\" sizes=\"auto, (max-width: 1518px) 100vw, 1518px\" \/><figcaption id=\"caption-attachment-11132\" class=\"wp-caption-text\">Viktor Rosenlunds g\u00e5rd fotograferad av Gun-Lis Grans eller L\u00e5ngfors fr\u00e5n andra sidan \u00e5n p\u00e5 1950-talet. L\u00e4ngst till v\u00e4nster skymtar Dal-Frans Gr\u00f6nlunds g\u00e5rd.<\/figcaption><\/figure>\n<p><strong><span style=\"color: #000080;\">Uppgjort av Lasse Backlund i februari 2019, med hj\u00e4lp av Bernice Sj\u00f6gren, Nils Gr\u00f6nlund och ett stort antal sl\u00e4ktingar, grannar och bekanta.<\/span><\/strong><\/p>\n<h3><strong>G\u00e5rdens och hemmanets historia<\/strong><\/h3>\n<p>Detta Klemets hemman i Klemets\u00e4ndan \u00e4gdes i tiderna av bonden <strong>Josef Henrik Klemets<\/strong> (1841-1892). Han var f\u00f6rsta g\u00e5ngen gift med Anna Kajsa (1840-1877) och han fick med henne s\u00f6nerna Viktor (1866-1933) och Josef Henrik (f.1864, till Amerika 1881, dog d\u00e4r men \u00e5tminstone levde han \u00e4nnu 1905). Bonden Josef Henrik var fosterson till \u201dSkomakas Erk\u201d, allts\u00e5 Erik Fr\u00f6berg och det \u00e4r efter denne Erik som hela sl\u00e4kten kallas \u201dSkomakas\u201d. Erik Fr\u00f6berg blev n\u00e4mndeman i Dagsmark efter &#8221;Gam\u00e4l Sebbin&#8221; Rosenback.<\/p>\n<p><strong>\u00c5r 1877<\/strong> avled Anna Kajsa och \u00e4nklingen Josef Henrik gifte d\u00e5 om sig med Maria Utter (1849-1903) fr\u00e5n Uttermossa. Mellan \u00e5ren 1880 och 1888 fick Josef Henrik ytterligare fyra s\u00f6ner med Maria, n\u00e4mligen Otto (1880-1917), Johannes (1881-1908), Erik Anders (1884-1908) och Frans (1888-1910).<\/p>\n<p><strong>\u00c5r 1892<\/strong> avled bonden Josef Henrik Klemets och genom ett inb\u00f6rdes testamente \u00f6vertog \u00e4nkan Maria hela Klemets hemmanet p\u00e5 1\/36 mtl. Hon blev nu ensam med fyra mindre s\u00f6ner och den vuxna styvsonen Viktor.<\/p>\n<p><strong>\u00c5r 1903, den 1 april<\/strong> avled \u00e4nkan Maria Klemets och vid arvskiftet i <strong>mars 1905<\/strong> delades hemmanet mellan hennes fyra egna s\u00f6ner, som vardera fick 1\/144 mtl. Hemmavarande halvbrodern Viktor klandrade inte arvskiftet och det gjorde inte heller halvbrodern Josef Henrik i Amerika. De \u00e4ldsta s\u00f6nerna Otto och Johannes befann sig d\u00e5 redan i Amerika och de tv\u00e5 yngre reste ocks\u00e5 till Amerika efter moderns d\u00f6dsfall,<\/p>\n<h3><strong>Viktor och Karolina tar \u00f6ver<\/strong><\/h3>\n<figure id=\"attachment_24224\" aria-describedby=\"caption-attachment-24224\" style=\"width: 588px\" class=\"wp-caption alignnone\"><img loading=\"lazy\" decoding=\"async\" class=\"size-full wp-image-24224\" src=\"https:\/\/www.lassebacklund.fi\/wp-content\/uploads\/2025\/06\/19050328-hemmanet-skall-saljas.jpg\" alt=\"\" width=\"588\" height=\"530\" srcset=\"https:\/\/www.lassebacklund.fi\/wp-content\/uploads\/2025\/06\/19050328-hemmanet-skall-saljas.jpg 588w, https:\/\/www.lassebacklund.fi\/wp-content\/uploads\/2025\/06\/19050328-hemmanet-skall-saljas-300x270.jpg 300w\" sizes=\"auto, (max-width: 588px) 100vw, 588px\" \/><figcaption id=\"caption-attachment-24224\" class=\"wp-caption-text\">Den 4 april 1905 s\u00e5lde de tv\u00e5 \u00e4ldre br\u00f6dernas godeman och de tv\u00e5 yngre br\u00f6dernas f\u00f6rmyndare hela hemmanet p\u00e5 1\/36 mtl p\u00e5 offentlig auktion. H\u00f6gsta godk\u00e4nda budet gavs av deras halvbror Viktor som var gift med Karolina. Annonsen ur Syd-\u00d6sterbotten 28.3.1905.<\/figcaption><\/figure>\n<p><strong>\u00c5r 1905, den 4 april<\/strong> s\u00e5lde Ottos och Johannes godeman och Erik Anders och Frans\u00b4 f\u00f6rmyndare hemmanet p\u00e5 offentlig auktion. H\u00f6gsta budet p\u00e5 3 900 mark gavs av br\u00f6dernas halvbror Viktor Klemets (1866-1933) som \u00e5r 1887 hade gift sig med Karolina (f. Storl\u00e5hl i Lappfj\u00e4rd 1868-1950). Marias son Johannes som befann sig i Iron County i Wisconsin skickade en fullmakt \u00e5t godemannen att s\u00e4lja och Marias styvson &#8221;Skomakas Josip&#8221;, allts\u00e5 Josef Henrik, som i Amerika kallades Henry Josephson skickade ocks\u00e5 en fullmakt. Josef Henrik, som reste till Amerika 1882 f\u00f6rsvann i ok\u00e4nda \u00f6den och brorsonen Konrad Rosenlund brukade s\u00e4ga &#8221;att vargarna \u00e5t upp honom&#8221;, s\u00e4kerligen bara p\u00e5 sk\u00e4mt.<\/p>\n<p>Viktor och Karolina bodde i g\u00e5rden i Klemets\u00e4ndan som stod mellan Voitto Kangas och <a href=\"http:\/\/www.lassebacklund.fi\/?page_id=9700\">Grans Lennarts<\/a> g\u00e5rd n\u00e4ra <a href=\"http:\/\/www.lassebacklund.fi\/?page_id=1587\">Klemets kvarn.<\/a> G\u00e5rden var omgiven av en stor m\u00e4ngd uthus, h\u00e4rbren, riar och andra byggnader. Efter storskiftet 1900-1912 byggde de en st\u00f6rre g\u00e5rd p\u00e5 andra sidan \u00e5n, d\u00e4r st\u00f6rsta delen av hemmanet blev placerat. Det var endast hemg\u00e5rden som fick bli kvar n\u00e4ra <a href=\"https:\/\/www.lassebacklund.fi\/?page_id=1587\">kvarnen i Klemets\u00e4ndan. <\/a>Skomakas Viktor och Lina flyttade d\u00e5 dit och de \u00e4ndrade nu sl\u00e4ktnamnet till Rosenlund, efter hemmanet med samma namn. Hemmanet p\u00e5 117 ha var det n\u00e4stst\u00f6rsta i Dagsmark, efter <a href=\"http:\/\/www.lassebacklund.fi\/?page_id=980\">\u201dPelas\u201d Viktor Lillkulls<\/a> hemman. Till hemmanet h\u00f6rde stora skogar p\u00e5 R\u00e4v\u00e5sen och i Kol\u00e4ngen.<\/p>\n<p>Lina, som kallades &#8221;Skomakas Lina&#8221; var k\u00e4nd som brudkl\u00e4derska och denna konst hade hon \u00e4rvt av sin mor Ann Sofia Storl\u00e5hls, f\u00f6dd Barkman som i sin tur hade l\u00e4rt sig konsten av sin mor och mormor.<\/p>\n<h4><strong>Viktor och Karolina Rosenlund fick 14 barn:<\/strong><\/h4>\n<h6><strong>-Selma<\/strong> Adelina (1889-1978) som \u00e5r 1909 gifte sig med &#8221;\u00c5sinas&#8221; <a href=\"http:\/\/www.lassebacklund.fi\/?page_id=9759\">Valentin Rosenback<\/a> (1881-1952) och bodde hela livet p\u00e5 \u00c5backan. 3 barn som alla levde till vuxen \u00e5lder.<\/h6>\n<h6><strong>-Ida <\/strong>Emilia (1890-1891)<\/h6>\n<h6>-Maria<strong> Alvina<\/strong> (1892-1913)<\/h6>\n<h6><strong>-Konrad<\/strong> (1893-1987 i Kask\u00f6) ogift och barnl\u00f6s. Bonde p\u00e5 halva hemmanet.<\/h6>\n<h6><strong>-Ida <\/strong>Emilia (1895-1978) som \u00e5r 1916 gifte sig med \u201dKv\u00e4\u00e4n-Josip\u201d, allts\u00e5 Josef Guss (1894-1956) och bodde sedan i Klemets\u00e4ndan.<\/h6>\n<h6><strong>-Frans Emil<\/strong> (1898-1915). Han drack kallt vatten vid h\u00f6stpl\u00f6jningen, fick lunginflammation och dog 25 oktober.<\/h6>\n<h6><strong>-Emil Anselm<\/strong> (1899-1900)<\/h6>\n<h6><strong>-Hulda<\/strong> Amanda (1900-1960) som \u00e5r 1929 gifte sig med Karl Henrik Nyholm (1896-1946) fr\u00e5n Korsb\u00e4ck. 3 d\u00f6ttrar, bland annat Gunhild som sedan gifte sig med Nils Lillkull.<\/h6>\n<h6><strong>-Hilma Olivia <\/strong>(1902-1902)<\/h6>\n<h6><strong>-Hilma<\/strong> (1903-2000) som \u00e5r 1938 gifte sig med grannen<a href=\"http:\/\/www.lassebacklund.fi\/?page_id=6118\"> Frans Sandlund<\/a> (1896-1946). Barnl\u00f6s.<\/h6>\n<h6><strong>-Artur Leonard <\/strong>(1904-1904)<\/h6>\n<h6><strong>-Leonard<\/strong> (1905-1981) sinnessjuk, ogift och barnl\u00f6s.<\/h6>\n<h6><strong>-Julia<\/strong> (1906-1993) som \u00e5r 1943 gifte sig med Herbert Norrman (1908-1956) fr\u00e5n Kask\u00f6. Bonde p\u00e5 hemmanet till b\u00f6rjan av 50-talet, d\u00e5 de flyttade till Kask\u00f6.<\/h6>\n<h6><strong>-Valter<\/strong> Leander (1911-1941) ogift och barnl\u00f6s. Stupade p\u00e5 \u00f6stfronten i b\u00f6rjan p\u00e5 forts\u00e4ttningskriget.<\/h6>\n<figure id=\"attachment_11134\" aria-describedby=\"caption-attachment-11134\" style=\"width: 1665px\" class=\"wp-caption aligncenter\"><img loading=\"lazy\" decoding=\"async\" class=\"size-full wp-image-11134\" src=\"http:\/\/www.lassebacklund.fi\/wp-content\/uploads\/2019\/02\/3-Skomakas.jpg\" alt=\"\" width=\"1665\" height=\"1152\" srcset=\"https:\/\/www.lassebacklund.fi\/wp-content\/uploads\/2019\/02\/3-Skomakas.jpg 1665w, https:\/\/www.lassebacklund.fi\/wp-content\/uploads\/2019\/02\/3-Skomakas-300x208.jpg 300w, https:\/\/www.lassebacklund.fi\/wp-content\/uploads\/2019\/02\/3-Skomakas-768x531.jpg 768w, https:\/\/www.lassebacklund.fi\/wp-content\/uploads\/2019\/02\/3-Skomakas-1024x708.jpg 1024w\" sizes=\"auto, (max-width: 1665px) 100vw, 1665px\" \/><figcaption id=\"caption-attachment-11134\" class=\"wp-caption-text\">Skomakas-Viktor och Lina fick hela 14 barn men flera dog i unga \u00e5r. Viktor ville inte bli fotograferad s\u00e5 d\u00e4rf\u00f6r sitter Karolina ensam, h\u00e4r med minstingen Valter i famnen p\u00e5 Viktor Nylunds foto fr\u00e5n 1912. L\u00e4ngst bak till v\u00e4nster st\u00e5r Ida (gift med Josef Guss), sedan Konrad och till h\u00f6ger Selma (gift med Valentin Rosenback). Framme till v\u00e4nster st\u00e5r Hulda (gift med Karl Henrik Nyholm), Julia (gift med Herbert Norrman). Bredvid lilla Valter sitter Hilma (gift med Frans Sandlund) och till h\u00f6ger st\u00e5r Leonard.<\/figcaption><\/figure>\n<p>Viktors son Konrad, som var f\u00f6dd 1893 och kallades \u201dSkomakas Kondrad\u201d for till Amerika 1916 tillsammans med 4 andra pojkar fr\u00e5n Dagsmark. Tillsammans med Viktor Rosenback, Johannes Gr\u00f6ndahl, Frans Eklund och Leonard Lillkull for Konrad \u00f6ver Bottenhavet i en liten b\u00e5t f\u00f6rd av Oskar Berg fr\u00e5n St\u00e5backa. B\u00e5tf\u00e4rden blev en skr\u00e4ckupplevelse som pojkarna sent skulle gl\u00f6mma.\u00a0 Det bl\u00e5ste upp en storm och vattnet slog in i b\u00e5ten, vilket ledde till att motorn stannade. Det blev att ro och \u00f6sa, l\u00e4get var hoppl\u00f6st s\u00e5 de gav upp hoppet. Det var endast Viktor Rosenback fr\u00e5n Kvarn\u00e5, som h\u00f6ll modet uppe och fick de andra att k\u00e4mpa p\u00e5. Och som ett under klarade de sig och kunde ta i land p\u00e5 den svenska sidan, p\u00e5 en holme d\u00e4r kustbevakningen hittade dem efter en tid. Resten av f\u00e4rden gick b\u00e4ttre och de anl\u00e4nde alla till Ellis Island den 27 november 1916.<\/p>\n<p>Konrad arbetade p\u00e5 en skogscamp i 4 \u00e5r tills han \u00e5terv\u00e4nde till Dagsmark \u00e5r 1920.<\/p>\n<p>Efter storskiftet hade ju f\u00f6r\u00e4ldrarna Viktor och Karolina Rosenlund byggt en ny g\u00e5rd \u00e5t sig p\u00e5 andra sidan \u00e5n, d\u00e4r st\u00f6rsta delen av hemmanet fanns.<\/p>\n<h3><strong>Hemmanet s\u00e4ljs \u00e5t fem barn<\/strong><\/h3>\n<p>\u00c5r 1930, den 13 december delades det stora hemmanet mellan s\u00f6nerna Konrad (1893-1987) och Valter (1911-1941). F\u00f6r\u00e4ldrarna tog \u00e5t sig livstids sytning och r\u00e4tt att bo i lillstugan, som fanns p\u00e5 &#8221;gamla st\u00e4llet&#8221;, allts\u00e5 bredvid Konrads g\u00e5rd. L\u00e4s k\u00f6pebreven och sytningskontraktet <a href=\"https:\/\/www.lassebacklund.fi\/?page_id=25551\"><span style=\"color: #000080;\"><strong>H\u00c4R!<\/strong><\/span><\/a><\/p>\n<p>Konrad som var ungkarl fortsatte att bo kvar i hemg\u00e5rden i Klemets\u00e4ndan och d\u00e4r fanns m\u00e5nga uthusbyggnader. Han var v\u00e4lf\u00f6rsedd med moderna maskiner, hade egen smedja, tv\u00e5 h\u00e4rbren och d\u00e4r Kangas Voittos g\u00e5rd finns, s\u00e5 stod en stor ria. Eftersom han bodde ensam i g\u00e5rden, s\u00e5 blev det s\u00e5 att grannarna ofta samlades hemma hos Konrad och umgicks och spelade kort.<\/p>\n<figure id=\"attachment_11279\" aria-describedby=\"caption-attachment-11279\" style=\"width: 1621px\" class=\"wp-caption aligncenter\"><img loading=\"lazy\" decoding=\"async\" class=\"size-full wp-image-11279\" src=\"http:\/\/www.lassebacklund.fi\/wp-content\/uploads\/2019\/02\/Skomakas-p\u00e5-1950-talet.jpg\" alt=\"\" width=\"1621\" height=\"1040\" srcset=\"https:\/\/www.lassebacklund.fi\/wp-content\/uploads\/2019\/02\/Skomakas-p\u00e5-1950-talet.jpg 1621w, https:\/\/www.lassebacklund.fi\/wp-content\/uploads\/2019\/02\/Skomakas-p\u00e5-1950-talet-300x192.jpg 300w, https:\/\/www.lassebacklund.fi\/wp-content\/uploads\/2019\/02\/Skomakas-p\u00e5-1950-talet-768x493.jpg 768w, https:\/\/www.lassebacklund.fi\/wp-content\/uploads\/2019\/02\/Skomakas-p\u00e5-1950-talet-1024x657.jpg 1024w\" sizes=\"auto, (max-width: 1621px) 100vw, 1621px\" \/><figcaption id=\"caption-attachment-11279\" class=\"wp-caption-text\">Redan p\u00e5 1950-talet var g\u00e5rden p\u00e5 Sunnantillv\u00e4gen helt skymd av tr\u00e4d och buskar. Fotot taget fr\u00e5n norr, \u00e5n ligger allts\u00e5 bakom fotografen.<\/figcaption><\/figure>\n<figure id=\"attachment_11133\" aria-describedby=\"caption-attachment-11133\" style=\"width: 1386px\" class=\"wp-caption aligncenter\"><img loading=\"lazy\" decoding=\"async\" class=\"size-full wp-image-11133\" src=\"http:\/\/www.lassebacklund.fi\/wp-content\/uploads\/2019\/02\/2.jpg\" alt=\"\" width=\"1386\" height=\"794\" srcset=\"https:\/\/www.lassebacklund.fi\/wp-content\/uploads\/2019\/02\/2.jpg 1386w, https:\/\/www.lassebacklund.fi\/wp-content\/uploads\/2019\/02\/2-300x172.jpg 300w, https:\/\/www.lassebacklund.fi\/wp-content\/uploads\/2019\/02\/2-768x440.jpg 768w, https:\/\/www.lassebacklund.fi\/wp-content\/uploads\/2019\/02\/2-1024x587.jpg 1024w\" sizes=\"auto, (max-width: 1386px) 100vw, 1386px\" \/><figcaption id=\"caption-attachment-11133\" class=\"wp-caption-text\">Det \u00e4r inte mycket som syns av den stora bondg\u00e5rden p\u00e5 \u201dSkomakas\u201d p\u00e5 Sunnantillv\u00e4gen sedan naturen har f\u00e5tt ta \u00f6ver.<\/figcaption><\/figure>\n<h3><strong>Valter tar \u00f6ver och sedan tar systern Julia \u00f6ver<\/strong><\/h3>\n<p>Viktors yngsta son Valter tog \u00f6ver halva hemmanet och den nyare g\u00e5rden p\u00e5 Sunnantillv\u00e4gen. Nu gick det s\u00e5 illa att Valter stupade i Svir i b\u00f6rjan p\u00e5 forts\u00e4ttningskriget 1941, ogift och barnl\u00f6s. Hans hemmansdel \u00e4rvdes d\u00e5 till h\u00e4lften av hans mor, \u00e4nkan Karolina, medan Valters syskon gemensamt \u00e4rvde den andra halvan. \u00a0Modern Karolina \u00f6verl\u00e4t sedan sin arvedel \u00e5t sin dotter Julia (1906-1993) som \u00e5r 1943 hade gift sig med Herbert Norrgrann (1908-1956) fr\u00e5n Kask\u00f6.<\/p>\n<h3><strong>Hemmanshandlare tar \u00f6ver<\/strong><\/h3>\n<p>Julia och Herbert blev d\u00e5 b\u00f6nder men ett par \u00e5r efter att modern Karolina dog \u00e5r 1950, s\u00e5 s\u00e5lde Julia och Herbert hemmanet i januari 1952 \u00e5t aff\u00e4rsm\u00e4nnen Matti Lankoski (f.1927) och chauff\u00f6ren Eero Viitala (f.1923) b\u00e5da fr\u00e5n Kankaanp\u00e4\u00e4 och en bonde Yrj\u00f6 M\u00e4ki-Kantti (f. 1907) fr\u00e5n Karvia. Julia och Herbert fick Konrad \u00f6vertalad att g\u00f6ra likadant och den gemensamma k\u00f6peskillingen uppgick till 5,5 miljoner mark. Efter f\u00f6rs\u00e4ljningen flyttade Julia och Herbert till Kask\u00f6 d\u00e4r de sedan bodde s\u00e5 l\u00e4nge de levde. De tog ocks\u00e5 Konrad med till Kask\u00f6 och han bodde sedan d\u00e4r tills han dog 1987.<\/p>\n<figure id=\"attachment_11135\" aria-describedby=\"caption-attachment-11135\" style=\"width: 1144px\" class=\"wp-caption aligncenter\"><img loading=\"lazy\" decoding=\"async\" class=\"size-full wp-image-11135\" src=\"http:\/\/www.lassebacklund.fi\/wp-content\/uploads\/2019\/02\/4.jpg\" alt=\"\" width=\"1144\" height=\"1367\" srcset=\"https:\/\/www.lassebacklund.fi\/wp-content\/uploads\/2019\/02\/4.jpg 1144w, https:\/\/www.lassebacklund.fi\/wp-content\/uploads\/2019\/02\/4-251x300.jpg 251w, https:\/\/www.lassebacklund.fi\/wp-content\/uploads\/2019\/02\/4-768x918.jpg 768w, https:\/\/www.lassebacklund.fi\/wp-content\/uploads\/2019\/02\/4-857x1024.jpg 857w\" sizes=\"auto, (max-width: 1144px) 100vw, 1144px\" \/><figcaption id=\"caption-attachment-11135\" class=\"wp-caption-text\">Nere till v\u00e4nster sitter Julia Norrman och l\u00e4ngst till h\u00f6ger sitter Konrad Rosenlund. De \u00f6vriga p\u00e5 fotot torde vara Herbert Norrmans sl\u00e4ktingar fr\u00e5n Kask\u00f6.<\/figcaption><\/figure>\n<p>Den gamla g\u00e5rden i Klemets\u00e4ndan d\u00e4r \u201dSkomakas\u201d Konrad hade bott, revs \u00e5r 1953 av Vilho Toivonen med sonen Mauno och \u201dTupa Uno\u201d som medhj\u00e4lpare och Vilho anv\u00e4nde stockarna f\u00f6r sin nya g\u00e5rd som han byggde bakom Mannfolks g\u00e5rd. Konrads g\u00e5rd var s\u00e5 pass stor att det blev stockar \u00f6ver, som Vilhos dotter kunde anv\u00e4nda d\u00e5 hon byggde <a href=\"https:\/\/www.lassebacklund.fi\/?page_id=17870\">en g\u00e5rd p\u00e5 Korsb\u00e4ckv\u00e4gen<\/a> p\u00e5 1960-talet. Hemmanshandlarna s\u00e5lde marken under Konrads g\u00e5rd \u00e5t br\u00f6derna Veli och Voitto Kangas i augusti 1953. I september samma \u00e5r s\u00e5lde Veli Kangas sin halva av marken \u00e5t sin bror Voitto som efter det byggde sin g\u00e5rd just d\u00e4r.<\/p>\n<figure id=\"attachment_11136\" aria-describedby=\"caption-attachment-11136\" style=\"width: 1156px\" class=\"wp-caption aligncenter\"><img loading=\"lazy\" decoding=\"async\" class=\"size-full wp-image-11136\" src=\"http:\/\/www.lassebacklund.fi\/wp-content\/uploads\/2019\/02\/5-Karta.jpg\" alt=\"\" width=\"1156\" height=\"573\" srcset=\"https:\/\/www.lassebacklund.fi\/wp-content\/uploads\/2019\/02\/5-Karta.jpg 1156w, https:\/\/www.lassebacklund.fi\/wp-content\/uploads\/2019\/02\/5-Karta-300x149.jpg 300w, https:\/\/www.lassebacklund.fi\/wp-content\/uploads\/2019\/02\/5-Karta-768x381.jpg 768w, https:\/\/www.lassebacklund.fi\/wp-content\/uploads\/2019\/02\/5-Karta-1024x508.jpg 1024w, https:\/\/www.lassebacklund.fi\/wp-content\/uploads\/2019\/02\/5-Karta-640x318.jpg 640w\" sizes=\"auto, (max-width: 1156px) 100vw, 1156px\" \/><figcaption id=\"caption-attachment-11136\" class=\"wp-caption-text\">Vid den r\u00f6da pilen stod Rosenlunds gamla g\u00e5rd i Klemets\u00e4ndan fram till 1952 d\u00e5 Vilho Toivonen rev ner den och av stockarna byggde sitt nya hem bakom Mannfolks. En del av stockarna fr\u00e5n g\u00e5rden r\u00e4ckte ocks\u00e5 till \u00e5t Vilhos dotter, n\u00e4r hon \u00e5r 1964 byggde ett eget hem p\u00e5 Korsb\u00e4ckv\u00e4gen. Vid bokstaven \u201dR\u201d i namnet Rosenlund gick en vinterk\u00f6rv\u00e4g, som gick \u00f6ver \u00e5n ovanf\u00f6r kvarndammen, sedan fortsatte den framf\u00f6r rian hos Sandlunds f\u00f6r att komma ut p\u00e5 Sunnantillv\u00e4gen mellan Sandlunds och Rosenlunds nya g\u00e5rd.<\/figcaption><\/figure>\n<h3><strong>Paavo Enberg tar \u00f6ver Julia Norrmans hemman<\/strong><\/h3>\n<p>Den nyare g\u00e5rden p\u00e5 Sunnantillv\u00e4gen s\u00e5ldes allts\u00e5 \u00e5t hemmanshandlaren Lankoski och hans kompanjoner p\u00e5 samma g\u00e5ng som hemmanet i januari 1952. Dylika hemmanshandlare fanns det gott om, som k\u00f6pte upp stora hemman med skogar som de kunde hugga ner. \u00c5r 1952, den 10 oktober s\u00e5lde hemmanshandlarna det hemman som hade tillh\u00f6rt Julia och Herbert Norrman f\u00f6r 2.5 miljoner mark \u00e5t Paavo och Aune Enberg fr\u00e5n Siikainen och i k\u00f6pet ingick den nyare g\u00e5rden p\u00e5 Sunnantillv\u00e4gen. I k\u00f6pet ingick ocks\u00e5 lite skog p\u00e5 Ris\u00e5sen och den s\u00e5 kallade Trastskogen p\u00e5 Kol\u00e4ngen men de st\u00f6rsta skiftena ingick inte i k\u00f6pet. Vill du l\u00e4sa mera om familjen Enberg, s\u00e5 skall du klicka <a href=\"http:\/\/www.lassebacklund.fi\/?page_id=11372\"><span style=\"text-decoration: underline;\"><span style=\"color: #000080;\"><strong>H\u00c4R!<\/strong><\/span><\/span><\/a><\/p>\n<h3><strong>Toivonen tar \u00f6ver Konrad Rosenlund hemman<\/strong><\/h3>\n<p>\u00c5r 1953 s\u00e5lde hemmanshandlarna Konrad Rosenlunds del av hemmanet \u00e5t Vilho och Elma Toivonen fr\u00e5n Lappfj\u00e4rd och i k\u00f6pet ingick ocks\u00e5 Konrads bondg\u00e5rd i Klemets\u00e4ndan. N\u00e5gon skog ingick inte i det h\u00e4r k\u00f6pet. Familjen Toivonen hade bott bakom kyrkan i Lappfj\u00e4rd och hade lite mark d\u00e4r. I samband med att de k\u00f6pte Konrads hemman bakom Mannfolks, s\u00e5 s\u00e5lde de g\u00e5rden i Lappfj\u00e4rd och de flyttade d\u00e5 tillf\u00e4lligt till Skomakas g\u00e5rden p\u00e5 Sunnantillv\u00e4gen. De bodde i ena \u00e4ndan av den stora g\u00e5rden och Enbergs bodde i den andra, men troligen var de inte bekanta med varandra f\u00f6re Toivonens flyttade dit. Familjen Toivonen bodde ju d\u00e4r bara ett halv\u00e5r medan Vilho byggde det nya hemmet.<\/p>\n<figure id=\"attachment_11278\" aria-describedby=\"caption-attachment-11278\" style=\"width: 1782px\" class=\"wp-caption aligncenter\"><img loading=\"lazy\" decoding=\"async\" class=\"size-full wp-image-11278\" src=\"http:\/\/www.lassebacklund.fi\/wp-content\/uploads\/2019\/02\/Enberg-Paavo-och-Aune.jpg\" alt=\"\" width=\"1782\" height=\"1114\" srcset=\"https:\/\/www.lassebacklund.fi\/wp-content\/uploads\/2019\/02\/Enberg-Paavo-och-Aune.jpg 1782w, https:\/\/www.lassebacklund.fi\/wp-content\/uploads\/2019\/02\/Enberg-Paavo-och-Aune-300x188.jpg 300w, https:\/\/www.lassebacklund.fi\/wp-content\/uploads\/2019\/02\/Enberg-Paavo-och-Aune-768x480.jpg 768w, https:\/\/www.lassebacklund.fi\/wp-content\/uploads\/2019\/02\/Enberg-Paavo-och-Aune-1024x640.jpg 1024w\" sizes=\"auto, (max-width: 1782px) 100vw, 1782px\" \/><figcaption id=\"caption-attachment-11278\" class=\"wp-caption-text\">Aune, f\u00f6dd Lammi och Paavo Enberg som bodde i Sammi by i Siikainen. \u00c5r 1952 k\u00f6pte de Skomakas men redan efter 3 \u00e5r tvingades de s\u00e4lja g\u00e5rden vidare \u00e5t Aunes bror Eero Lammi.<\/figcaption><\/figure>\n<p>Vilho Toivonen byggde sedan ett kombinerat uthus och bostad bakom Mannfolks g\u00e5rd och flyttade dit 1953. Vilho blev bonde p\u00e5 Konrads hemman men han arbetade ocks\u00e5 p\u00e5 byggen. \u00c5r 1971 s\u00e5lde Vilho Toivonen g\u00e5rden och sitt hemman \u00e5t Tage Mannfolk, som var uppv\u00e4xt i granng\u00e5rden. Tage som med sin familj f\u00f6re det bott en tid i Sverige, bosatte sig d\u00e5 i Toivonens g\u00e5rd. Tage odlade potatis p\u00e5 hemmanet och han skaffade ocks\u00e5 en gr\u00e4vmaskin. \u00c5r 1976 s\u00e5lde Tage hemmanet \u00e5t Finska staten, som f\u00f6ljande \u00e5r s\u00e5lde det vidare \u00e5t H\u00e5kan S\u00f6derqvist och sj\u00e4lv flyttade Tage tillbaka till Sverige. Efter H\u00e5kans d\u00f6d \u00e5r 2007 \u00f6vertogs Toivonens hemman av f\u00f6retagarna \u00d6str\u00f6m fr\u00e5n Back och det var ocks\u00e5 de som rev ner g\u00e5rden och nu syns det knappt var den har st\u00e5tt.<\/p>\n<h4><strong>Eero Lammi tar \u00f6ver<\/strong><\/h4>\n<p>Paavo Enberg som ocks\u00e5 \u00e4gde ett hemman i H\u00e4rkmeri gjorde den h\u00e4r tiden en olycklig virkesaff\u00e4r, som han inte fick n\u00e5gra pengar f\u00f6r. Han s\u00e5g sig tvungen att s\u00e4lja hemmanet d\u00e4r Skomakas redan \u00e5r 1955 \u00e5t sin sv\u00e5ger, allts\u00e5 Aunes bror Eero Lammi (1909-1970). Lammi var f\u00f6dd och bosatt i Lankoski i Sastmola och han var gift med Aino Erkintalo, som var f\u00f6dd \u00e5r 1922 i Otamo i Siikais.<\/p>\n<p>Med sin familj flyttade Paavo Enberg till <a href=\"https:\/\/www.lassebacklund.fi\/?page_id=11629\">&#8221;Roras-Viktors&#8221; gamla g\u00e5rd<\/a> p\u00e5 andra sidan \u00e5n, d\u00e4r de bodde 7 \u00e5r f\u00f6re de flyttade till Lerviken i Kristinestad. Bonden Lammi flyttade aldrig till Skomakas g\u00e5rd men hemmanet och st\u00e4llet \u00e4r fortfarande i den sl\u00e4ktens \u00e4go. Sj\u00e4lva g\u00e5rden, den som Skomakas-Viktor hade byggt, f\u00f6rst\u00f6rdes i en brand men uthusen st\u00e5r fortfarande kvar och de \u00e4r i d\u00e5ligt skick.<\/p>\n<p><strong>\u00c5r 1955, den 28 augusti<\/strong> s\u00e5lde Eero Lammi ett omr\u00e5de 30 m x 30 m \u00e5t Perus Vattenandelslag f\u00f6r 200 000 gamla mark. Omr\u00e5det fick namnet K\u00e4llan 1:182 och vattenandelslaget fick r\u00e4tt att f\u00f6r eviga tider ta vatten ur Lammis k\u00e4lla och dra n\u00f6dv\u00e4ndiga ledningar p\u00e5 hans marker.<\/p>\n<p><strong>\u00c5r 1978<\/strong> \u00f6vertogs Eero Lammis hemman av sonen, ogifta Martti (f.1955).<\/p>\n<h2><strong>Foton.<\/strong><strong>\u00a0<\/strong><\/h2>\n<figure id=\"attachment_11154\" aria-describedby=\"caption-attachment-11154\" style=\"width: 1540px\" class=\"wp-caption aligncenter\"><img loading=\"lazy\" decoding=\"async\" class=\"size-full wp-image-11154\" src=\"http:\/\/www.lassebacklund.fi\/wp-content\/uploads\/2019\/02\/Lammis-uthus.jpg\" alt=\"\" width=\"1540\" height=\"703\" srcset=\"https:\/\/www.lassebacklund.fi\/wp-content\/uploads\/2019\/02\/Lammis-uthus.jpg 1540w, https:\/\/www.lassebacklund.fi\/wp-content\/uploads\/2019\/02\/Lammis-uthus-300x137.jpg 300w, https:\/\/www.lassebacklund.fi\/wp-content\/uploads\/2019\/02\/Lammis-uthus-768x351.jpg 768w, https:\/\/www.lassebacklund.fi\/wp-content\/uploads\/2019\/02\/Lammis-uthus-1024x467.jpg 1024w\" sizes=\"auto, (max-width: 1540px) 100vw, 1540px\" \/><figcaption id=\"caption-attachment-11154\" class=\"wp-caption-text\">Skomakas &#8211; Rosenlundas &#8211; Enbergas &#8211; Lammias, k\u00e4rt barn har m\u00e5nga namn. Fotot \u00e4r fr\u00e5n v\u00e5ren 2003 och buskarna skymmer uthusen, fast det inte finns n\u00e5gra l\u00f6v \u00e4nnu.<\/figcaption><\/figure>\n<figure id=\"attachment_11291\" aria-describedby=\"caption-attachment-11291\" style=\"width: 1198px\" class=\"wp-caption aligncenter\"><img loading=\"lazy\" decoding=\"async\" class=\"size-full wp-image-11291\" src=\"http:\/\/www.lassebacklund.fi\/wp-content\/uploads\/2019\/02\/Rosenlund-Julia-i-folkdr\u00e4kt.jpg\" alt=\"\" width=\"1198\" height=\"1996\" srcset=\"https:\/\/www.lassebacklund.fi\/wp-content\/uploads\/2019\/02\/Rosenlund-Julia-i-folkdr\u00e4kt.jpg 1198w, https:\/\/www.lassebacklund.fi\/wp-content\/uploads\/2019\/02\/Rosenlund-Julia-i-folkdr\u00e4kt-180x300.jpg 180w, https:\/\/www.lassebacklund.fi\/wp-content\/uploads\/2019\/02\/Rosenlund-Julia-i-folkdr\u00e4kt-768x1280.jpg 768w, https:\/\/www.lassebacklund.fi\/wp-content\/uploads\/2019\/02\/Rosenlund-Julia-i-folkdr\u00e4kt-615x1024.jpg 615w\" sizes=\"auto, (max-width: 1198px) 100vw, 1198px\" \/><figcaption id=\"caption-attachment-11291\" class=\"wp-caption-text\">Rosenlund Julia i folkdr\u00e4kt i unga \u00e5r.<\/figcaption><\/figure>\n<figure id=\"attachment_11137\" aria-describedby=\"caption-attachment-11137\" style=\"width: 435px\" class=\"wp-caption aligncenter\"><img loading=\"lazy\" decoding=\"async\" class=\"size-full wp-image-11137\" src=\"http:\/\/www.lassebacklund.fi\/wp-content\/uploads\/2019\/02\/6-Ida-Rosenlund-gift-Guss.jpg\" alt=\"\" width=\"435\" height=\"654\" srcset=\"https:\/\/www.lassebacklund.fi\/wp-content\/uploads\/2019\/02\/6-Ida-Rosenlund-gift-Guss.jpg 435w, https:\/\/www.lassebacklund.fi\/wp-content\/uploads\/2019\/02\/6-Ida-Rosenlund-gift-Guss-200x300.jpg 200w\" sizes=\"auto, (max-width: 435px) 100vw, 435px\" \/><figcaption id=\"caption-attachment-11137\" class=\"wp-caption-text\">Ida Rosenlund som var f\u00f6dd 1895 och sedan gifte sig med Josef Guss.<\/figcaption><\/figure>\n<figure id=\"attachment_11139\" aria-describedby=\"caption-attachment-11139\" style=\"width: 1094px\" class=\"wp-caption aligncenter\"><img loading=\"lazy\" decoding=\"async\" class=\"size-full wp-image-11139\" src=\"http:\/\/www.lassebacklund.fi\/wp-content\/uploads\/2019\/02\/8-Julias-g\u00e5rd-i-Kask\u00f6-p\u00e5-Alexandersgatan-48-foto-fr\u00e5n-2009..jpg\" alt=\"\" width=\"1094\" height=\"587\" srcset=\"https:\/\/www.lassebacklund.fi\/wp-content\/uploads\/2019\/02\/8-Julias-g\u00e5rd-i-Kask\u00f6-p\u00e5-Alexandersgatan-48-foto-fr\u00e5n-2009..jpg 1094w, https:\/\/www.lassebacklund.fi\/wp-content\/uploads\/2019\/02\/8-Julias-g\u00e5rd-i-Kask\u00f6-p\u00e5-Alexandersgatan-48-foto-fr\u00e5n-2009.-300x161.jpg 300w, https:\/\/www.lassebacklund.fi\/wp-content\/uploads\/2019\/02\/8-Julias-g\u00e5rd-i-Kask\u00f6-p\u00e5-Alexandersgatan-48-foto-fr\u00e5n-2009.-768x412.jpg 768w, https:\/\/www.lassebacklund.fi\/wp-content\/uploads\/2019\/02\/8-Julias-g\u00e5rd-i-Kask\u00f6-p\u00e5-Alexandersgatan-48-foto-fr\u00e5n-2009.-1024x549.jpg 1024w\" sizes=\"auto, (max-width: 1094px) 100vw, 1094px\" \/><figcaption id=\"caption-attachment-11139\" class=\"wp-caption-text\">Julias och Herberts hem p\u00e5 Alexandersgatan 48 i Kask\u00f6. Foto fr\u00e5n Google.<\/figcaption><\/figure>\n<figure id=\"attachment_11140\" aria-describedby=\"caption-attachment-11140\" style=\"width: 527px\" class=\"wp-caption aligncenter\"><img loading=\"lazy\" decoding=\"async\" class=\"size-full wp-image-11140\" src=\"http:\/\/www.lassebacklund.fi\/wp-content\/uploads\/2019\/02\/9-Rosenlund-Julia-Skomakas-Juli.jpg\" alt=\"\" width=\"527\" height=\"864\" srcset=\"https:\/\/www.lassebacklund.fi\/wp-content\/uploads\/2019\/02\/9-Rosenlund-Julia-Skomakas-Juli.jpg 527w, https:\/\/www.lassebacklund.fi\/wp-content\/uploads\/2019\/02\/9-Rosenlund-Julia-Skomakas-Juli-183x300.jpg 183w\" sizes=\"auto, (max-width: 527px) 100vw, 527px\" \/><figcaption id=\"caption-attachment-11140\" class=\"wp-caption-text\">Skomakas-Juli kallades hon men hette Julia Rosenlund p\u00e5 riktigt och hon gifte sig sedan med Herbert Norrman fr\u00e5n Kask\u00f6.<\/figcaption><\/figure>\n<figure id=\"attachment_11141\" aria-describedby=\"caption-attachment-11141\" style=\"width: 937px\" class=\"wp-caption aligncenter\"><img loading=\"lazy\" decoding=\"async\" class=\"size-full wp-image-11141\" src=\"http:\/\/www.lassebacklund.fi\/wp-content\/uploads\/2019\/02\/10-Rosenlund-Valter.jpg\" alt=\"\" width=\"937\" height=\"1428\" srcset=\"https:\/\/www.lassebacklund.fi\/wp-content\/uploads\/2019\/02\/10-Rosenlund-Valter.jpg 937w, https:\/\/www.lassebacklund.fi\/wp-content\/uploads\/2019\/02\/10-Rosenlund-Valter-197x300.jpg 197w, https:\/\/www.lassebacklund.fi\/wp-content\/uploads\/2019\/02\/10-Rosenlund-Valter-768x1170.jpg 768w, https:\/\/www.lassebacklund.fi\/wp-content\/uploads\/2019\/02\/10-Rosenlund-Valter-672x1024.jpg 672w\" sizes=\"auto, (max-width: 937px) 100vw, 937px\" \/><figcaption id=\"caption-attachment-11141\" class=\"wp-caption-text\">Yngsta sonen Valter tog \u00f6ver h\u00e4lften av det stora hemmanet men han stupade i b\u00f6rjan av forts\u00e4ttningskriget. Hans mor och syskonen delade sedan p\u00e5 hans hemmansdel och modern Karolina gav sin del av hemmanet \u00e5t dottern Julia.<\/figcaption><\/figure>\n<figure id=\"attachment_11072\" aria-describedby=\"caption-attachment-11072\" style=\"width: 1496px\" class=\"wp-caption aligncenter\"><img loading=\"lazy\" decoding=\"async\" class=\"size-full wp-image-11072\" src=\"http:\/\/www.lassebacklund.fi\/wp-content\/uploads\/2019\/01\/Gruppfoto-ungdomar-1-1.jpg\" alt=\"\" width=\"1496\" height=\"1165\" srcset=\"https:\/\/www.lassebacklund.fi\/wp-content\/uploads\/2019\/01\/Gruppfoto-ungdomar-1-1.jpg 1496w, https:\/\/www.lassebacklund.fi\/wp-content\/uploads\/2019\/01\/Gruppfoto-ungdomar-1-1-300x234.jpg 300w, https:\/\/www.lassebacklund.fi\/wp-content\/uploads\/2019\/01\/Gruppfoto-ungdomar-1-1-768x598.jpg 768w, https:\/\/www.lassebacklund.fi\/wp-content\/uploads\/2019\/01\/Gruppfoto-ungdomar-1-1-1024x797.jpg 1024w\" sizes=\"auto, (max-width: 1496px) 100vw, 1496px\" \/><figcaption id=\"caption-attachment-11072\" class=\"wp-caption-text\">Gruppfoto fr\u00e5n b\u00f6rjan av 1930-talet, d\u00e4r b\u00e5de Hilma och Julia Rosenlund \u00e4r med.<\/figcaption><\/figure>\n<figure id=\"attachment_11142\" aria-describedby=\"caption-attachment-11142\" style=\"width: 918px\" class=\"wp-caption aligncenter\"><img loading=\"lazy\" decoding=\"async\" class=\"size-full wp-image-11142\" src=\"http:\/\/www.lassebacklund.fi\/wp-content\/uploads\/2019\/02\/11-Selma-Rosenback-80-\u00e5r-1969.jpg\" alt=\"\" width=\"918\" height=\"909\" srcset=\"https:\/\/www.lassebacklund.fi\/wp-content\/uploads\/2019\/02\/11-Selma-Rosenback-80-\u00e5r-1969.jpg 918w, https:\/\/www.lassebacklund.fi\/wp-content\/uploads\/2019\/02\/11-Selma-Rosenback-80-\u00e5r-1969-150x150.jpg 150w, https:\/\/www.lassebacklund.fi\/wp-content\/uploads\/2019\/02\/11-Selma-Rosenback-80-\u00e5r-1969-300x297.jpg 300w, https:\/\/www.lassebacklund.fi\/wp-content\/uploads\/2019\/02\/11-Selma-Rosenback-80-\u00e5r-1969-768x760.jpg 768w\" sizes=\"auto, (max-width: 918px) 100vw, 918px\" \/><figcaption id=\"caption-attachment-11142\" class=\"wp-caption-text\">Selma Rosenlund (1889-1978) som \u00e5r 1909 gifte sig med Valentin Rosenback (1881-1952) och bodde efter det hela livet p\u00e5 \u00c5backan. H\u00e4r omgiven av blommor p\u00e5 sin 80-\u00e5rs dag.<\/figcaption><\/figure>\n<figure id=\"attachment_11143\" aria-describedby=\"caption-attachment-11143\" style=\"width: 835px\" class=\"wp-caption aligncenter\"><img loading=\"lazy\" decoding=\"async\" class=\"wp-image-11143 size-full\" src=\"http:\/\/www.lassebacklund.fi\/wp-content\/uploads\/2019\/02\/12-Julia-Norrman-som-brudkl\u00e4derska.jpg\" alt=\"\" width=\"835\" height=\"811\" srcset=\"https:\/\/www.lassebacklund.fi\/wp-content\/uploads\/2019\/02\/12-Julia-Norrman-som-brudkl\u00e4derska.jpg 835w, https:\/\/www.lassebacklund.fi\/wp-content\/uploads\/2019\/02\/12-Julia-Norrman-som-brudkl\u00e4derska-300x291.jpg 300w, https:\/\/www.lassebacklund.fi\/wp-content\/uploads\/2019\/02\/12-Julia-Norrman-som-brudkl\u00e4derska-768x746.jpg 768w\" sizes=\"auto, (max-width: 835px) 100vw, 835px\" \/><figcaption id=\"caption-attachment-11143\" class=\"wp-caption-text\">Julia var en anlitad brudkl\u00e4derska, som hade l\u00e4rt sig av sin mor Karolina hur det hela g\u00e5r till. Bilden tagen ur Lappfj\u00e4rds historia, del III.<\/figcaption><\/figure>\n<figure id=\"attachment_11144\" aria-describedby=\"caption-attachment-11144\" style=\"width: 1038px\" class=\"wp-caption aligncenter\"><img loading=\"lazy\" decoding=\"async\" class=\"size-full wp-image-11144\" src=\"http:\/\/www.lassebacklund.fi\/wp-content\/uploads\/2019\/02\/13.jpg\" alt=\"\" width=\"1038\" height=\"778\" srcset=\"https:\/\/www.lassebacklund.fi\/wp-content\/uploads\/2019\/02\/13.jpg 1038w, https:\/\/www.lassebacklund.fi\/wp-content\/uploads\/2019\/02\/13-300x225.jpg 300w, https:\/\/www.lassebacklund.fi\/wp-content\/uploads\/2019\/02\/13-768x576.jpg 768w, https:\/\/www.lassebacklund.fi\/wp-content\/uploads\/2019\/02\/13-1024x768.jpg 1024w\" sizes=\"auto, (max-width: 1038px) 100vw, 1038px\" \/><figcaption id=\"caption-attachment-11144\" class=\"wp-caption-text\">Huvudbyggnaden d\u00e4r Skomakas f\u00f6rst\u00f6rdes i en brand och uthusen ser ut f\u00f6rst\u00f6ras av sig sj\u00e4lva.<\/figcaption><\/figure>\n<p><strong><img loading=\"lazy\" decoding=\"async\" class=\"size-full wp-image-11145 aligncenter\" src=\"http:\/\/www.lassebacklund.fi\/wp-content\/uploads\/2019\/02\/14.jpg\" alt=\"\" width=\"1038\" height=\"778\" srcset=\"https:\/\/www.lassebacklund.fi\/wp-content\/uploads\/2019\/02\/14.jpg 1038w, https:\/\/www.lassebacklund.fi\/wp-content\/uploads\/2019\/02\/14-300x225.jpg 300w, https:\/\/www.lassebacklund.fi\/wp-content\/uploads\/2019\/02\/14-768x576.jpg 768w, https:\/\/www.lassebacklund.fi\/wp-content\/uploads\/2019\/02\/14-1024x768.jpg 1024w\" sizes=\"auto, (max-width: 1038px) 100vw, 1038px\" \/><\/strong><\/p>\n<p><span style=\"margin: 0px; line-height: 115%; font-family: 'Helvetica','sans-serif'; font-size: 9pt;\"><span style=\"color: #000000;\">Det \u00e4r inte mycket som syns av uthusbyggnaderna d\u00e4r Skomakas. N\u00e4r Viktor i tiderna byggde sitt nya hem p\u00e5 Sunnantillv\u00e4gen, s\u00e5 kunde han nog inte ana att omr\u00e5det en dag skulle vara s\u00e5 \u00f6de och f\u00f6rfallet, som det \u00e4r i dag.<\/span><\/span><\/p>\n","protected":false},"excerpt":{"rendered":"<p>Uppgjort av Lasse Backlund i februari 2019, med hj\u00e4lp av Bernice Sj\u00f6gren, Nils Gr\u00f6nlund och ett stort antal sl\u00e4ktingar, grannar och bekanta. G\u00e5rdens och hemmanets historia Detta Klemets hemman i Klemets\u00e4ndan \u00e4gdes i tiderna av bonden Josef Henrik Klemets (1841-1892). <a class=\"more-link\" href=\"https:\/\/www.lassebacklund.fi\/?page_id=11146\">Forts\u00e4tt l\u00e4sa <span class=\"screen-reader-text\">  Rosenlunds eller Skomakas p\u00e5 Sunnantillv\u00e4gen 191<\/span><span class=\"meta-nav\">&rarr;<\/span><\/a><\/p>\n","protected":false},"author":1,"featured_media":0,"parent":90,"menu_order":191,"comment_status":"closed","ping_status":"closed","template":"","meta":{"footnotes":""},"class_list":["post-11146","page","type-page","status-publish","hentry"],"_links":{"self":[{"href":"https:\/\/www.lassebacklund.fi\/index.php?rest_route=\/wp\/v2\/pages\/11146","targetHints":{"allow":["GET"]}}],"collection":[{"href":"https:\/\/www.lassebacklund.fi\/index.php?rest_route=\/wp\/v2\/pages"}],"about":[{"href":"https:\/\/www.lassebacklund.fi\/index.php?rest_route=\/wp\/v2\/types\/page"}],"author":[{"embeddable":true,"href":"https:\/\/www.lassebacklund.fi\/index.php?rest_route=\/wp\/v2\/users\/1"}],"replies":[{"embeddable":true,"href":"https:\/\/www.lassebacklund.fi\/index.php?rest_route=%2Fwp%2Fv2%2Fcomments&post=11146"}],"version-history":[{"count":32,"href":"https:\/\/www.lassebacklund.fi\/index.php?rest_route=\/wp\/v2\/pages\/11146\/revisions"}],"predecessor-version":[{"id":25554,"href":"https:\/\/www.lassebacklund.fi\/index.php?rest_route=\/wp\/v2\/pages\/11146\/revisions\/25554"}],"up":[{"embeddable":true,"href":"https:\/\/www.lassebacklund.fi\/index.php?rest_route=\/wp\/v2\/pages\/90"}],"wp:attachment":[{"href":"https:\/\/www.lassebacklund.fi\/index.php?rest_route=%2Fwp%2Fv2%2Fmedia&parent=11146"}],"curies":[{"name":"wp","href":"https:\/\/api.w.org\/{rel}","templated":true}]}}