{"id":11009,"date":"2019-01-16T18:59:41","date_gmt":"2019-01-16T17:59:41","guid":{"rendered":"http:\/\/www.lassebacklund.fi\/?page_id=11009"},"modified":"2019-01-16T20:10:05","modified_gmt":"2019-01-16T19:10:05","slug":"annonser-1923","status":"publish","type":"page","link":"https:\/\/www.lassebacklund.fi\/?page_id=11009","title":{"rendered":"Annonser 1923."},"content":{"rendered":"<figure id=\"attachment_10935\" aria-describedby=\"caption-attachment-10935\" style=\"width: 255px\" class=\"wp-caption alignnone\"><img loading=\"lazy\" decoding=\"async\" class=\"size-full wp-image-10935\" src=\"http:\/\/www.lassebacklund.fi\/wp-content\/uploads\/2019\/01\/19230103-\u00c5bygg-s\u00e5ngk\u00f6r-ordar-fest-i-Dagsmark.jpg\" alt=\"\" width=\"255\" height=\"213\" \/><figcaption id=\"caption-attachment-10935\" class=\"wp-caption-text\">Annons i Syd-\u00d6sterbotten 3.1.1923. \u00c5bygg s\u00e5ngk\u00f6r fr\u00e5n Perus under ledning av Henrik Rosenback ordnade ofta fester i Dagsmark.<\/figcaption><\/figure>\n<figure id=\"attachment_10936\" aria-describedby=\"caption-attachment-10936\" style=\"width: 269px\" class=\"wp-caption alignnone\"><img loading=\"lazy\" decoding=\"async\" class=\"size-full wp-image-10936\" src=\"http:\/\/www.lassebacklund.fi\/wp-content\/uploads\/2019\/01\/19230110-DUF-ordnar-soare.jpg\" alt=\"\" width=\"269\" height=\"181\" \/><figcaption id=\"caption-attachment-10936\" class=\"wp-caption-text\">Annons i Syd-\u00d6sterbotten 10.1.1923. Soar\u00e9 betyder kv\u00e4llsunderh\u00e5llning med program och dans.<\/figcaption><\/figure>\n<figure id=\"attachment_10937\" aria-describedby=\"caption-attachment-10937\" style=\"width: 254px\" class=\"wp-caption alignnone\"><img loading=\"lazy\" decoding=\"async\" class=\"size-full wp-image-10937\" src=\"http:\/\/www.lassebacklund.fi\/wp-content\/uploads\/2019\/01\/19230110-L\u00e4kare-Brander-bor-i-Nylunds-g\u00e5rd-n\u00e4ra-stationen.jpg\" alt=\"\" width=\"254\" height=\"171\" \/><figcaption id=\"caption-attachment-10937\" class=\"wp-caption-text\">Annons i Syd-\u00d6sterbotten 1923. Tuberkulosl\u00e4kare Brander i Kristinestad bodde i det stora huset p\u00e5 \u00d6stra sidan som Viktor Nylund hade byggt \u00e5r 1922.<\/figcaption><\/figure>\n<figure id=\"attachment_10939\" aria-describedby=\"caption-attachment-10939\" style=\"width: 264px\" class=\"wp-caption alignnone\"><img loading=\"lazy\" decoding=\"async\" class=\"size-full wp-image-10939\" src=\"http:\/\/www.lassebacklund.fi\/wp-content\/uploads\/2019\/01\/19230117-Nylund-s\u00e4ljer-ved-i-Korsb\u00e4ck.jpg\" alt=\"\" width=\"264\" height=\"257\" \/><figcaption id=\"caption-attachment-10939\" class=\"wp-caption-text\">Annons i Syd-\u00d6sterbotten 17.1.1923.<\/figcaption><\/figure>\n<figure id=\"attachment_10941\" aria-describedby=\"caption-attachment-10941\" style=\"width: 252px\" class=\"wp-caption alignnone\"><img loading=\"lazy\" decoding=\"async\" class=\"size-full wp-image-10941\" src=\"http:\/\/www.lassebacklund.fi\/wp-content\/uploads\/2019\/01\/19230117-Roseng\u00e5rd-kr\u00e4ver-betalt.jpg\" alt=\"\" width=\"252\" height=\"246\" \/><figcaption id=\"caption-attachment-10941\" class=\"wp-caption-text\">Annons i Syd-\u00d6sterbotten 17.1.1923. Handlande Roseng\u00e5rd kr\u00e4ver betalt.<\/figcaption><\/figure>\n<figure id=\"attachment_10940\" aria-describedby=\"caption-attachment-10940\" style=\"width: 256px\" class=\"wp-caption alignnone\"><img loading=\"lazy\" decoding=\"async\" class=\"size-full wp-image-10940\" src=\"http:\/\/www.lassebacklund.fi\/wp-content\/uploads\/2019\/01\/19230117-Roseng\u00e5rd-byter-varor-mot-varor.jpg\" alt=\"\" width=\"256\" height=\"224\" \/><figcaption id=\"caption-attachment-10940\" class=\"wp-caption-text\">Annons i Syd-\u00d6sterbotten 17.1.1923. Att idka byteshandel var helt normalt i alla butiker.<\/figcaption><\/figure>\n<figure id=\"attachment_10942\" aria-describedby=\"caption-attachment-10942\" style=\"width: 266px\" class=\"wp-caption alignnone\"><img loading=\"lazy\" decoding=\"async\" class=\"size-full wp-image-10942\" src=\"http:\/\/www.lassebacklund.fi\/wp-content\/uploads\/2019\/01\/19230124-Leikas-s\u00e4ljer-sitt-bohag-i-Ragnarsvik-p\u00e5-auktion.jpg\" alt=\"\" width=\"266\" height=\"441\" srcset=\"https:\/\/www.lassebacklund.fi\/wp-content\/uploads\/2019\/01\/19230124-Leikas-s\u00e4ljer-sitt-bohag-i-Ragnarsvik-p\u00e5-auktion.jpg 266w, https:\/\/www.lassebacklund.fi\/wp-content\/uploads\/2019\/01\/19230124-Leikas-s\u00e4ljer-sitt-bohag-i-Ragnarsvik-p\u00e5-auktion-181x300.jpg 181w\" sizes=\"auto, (max-width: 266px) 100vw, 266px\" \/><figcaption id=\"caption-attachment-10942\" class=\"wp-caption-text\">Annons i Syd-\u00d6sterbotten 24.1.1923. Bonden Leikas bjuder ut &#8221;Klemes-Kalles&#8221; hemman i Storfors. Det var sedan garvaren Juho Suominen fr\u00e5n Kristinestad som k\u00f6pte st\u00e4llet. Eller r\u00e4ttare sagt s\u00e5 bytte Leikas omr\u00e5det i Storfors mot en tomt i Norrstan i Kristinestad.<\/figcaption><\/figure>\n<figure id=\"attachment_10945\" aria-describedby=\"caption-attachment-10945\" style=\"width: 263px\" class=\"wp-caption alignnone\"><img loading=\"lazy\" decoding=\"async\" class=\"size-full wp-image-10945\" src=\"http:\/\/www.lassebacklund.fi\/wp-content\/uploads\/2019\/01\/19230210-Skifteslaget-Korsb\u00e4ck-v\u00e4g.jpg\" alt=\"\" width=\"263\" height=\"313\" srcset=\"https:\/\/www.lassebacklund.fi\/wp-content\/uploads\/2019\/01\/19230210-Skifteslaget-Korsb\u00e4ck-v\u00e4g.jpg 263w, https:\/\/www.lassebacklund.fi\/wp-content\/uploads\/2019\/01\/19230210-Skifteslaget-Korsb\u00e4ck-v\u00e4g-252x300.jpg 252w\" sizes=\"auto, (max-width: 263px) 100vw, 263px\" \/><figcaption id=\"caption-attachment-10945\" class=\"wp-caption-text\">Annons i Syd-\u00d6sterbotten 10.2.1923.<\/figcaption><\/figure>\n<figure id=\"attachment_10944\" aria-describedby=\"caption-attachment-10944\" style=\"width: 257px\" class=\"wp-caption alignnone\"><img loading=\"lazy\" decoding=\"async\" class=\"size-full wp-image-10944\" src=\"http:\/\/www.lassebacklund.fi\/wp-content\/uploads\/2019\/01\/19230207-DUF-h\u00e5ller-\u00e5rsm\u00f6te.jpg\" alt=\"\" width=\"257\" height=\"189\" \/><figcaption id=\"caption-attachment-10944\" class=\"wp-caption-text\">Annons i Syd-\u00d6sterbotten 7.2.1923.<\/figcaption><\/figure>\n<figure id=\"attachment_10943\" aria-describedby=\"caption-attachment-10943\" style=\"width: 257px\" class=\"wp-caption alignnone\"><img loading=\"lazy\" decoding=\"async\" class=\"size-full wp-image-10943\" src=\"http:\/\/www.lassebacklund.fi\/wp-content\/uploads\/2019\/01\/19230203-Auktion-efter-Anna-Kajsa-Nyholm-i-Norrviken.jpg\" alt=\"\" width=\"257\" height=\"261\" \/><figcaption id=\"caption-attachment-10943\" class=\"wp-caption-text\">Annons i Syd-\u00d6sterbotten 3.2.1923.<\/figcaption><\/figure>\n<figure id=\"attachment_10948\" aria-describedby=\"caption-attachment-10948\" style=\"width: 262px\" class=\"wp-caption alignnone\"><img loading=\"lazy\" decoding=\"async\" class=\"size-full wp-image-10948\" src=\"http:\/\/www.lassebacklund.fi\/wp-content\/uploads\/2019\/01\/19230303-Lantmannagillet-s\u00e4ljer-big\u00f6dsel.jpg\" alt=\"\" width=\"262\" height=\"240\" \/><figcaption id=\"caption-attachment-10948\" class=\"wp-caption-text\">Annons i Syd-\u00d6sterbotten 3.3.1923. Ett av lantmannagillets viktigaste uppgifter var att f\u00f6rmedla big\u00f6dsel \u00e5t medlemmarna.<\/figcaption><\/figure>\n<figure id=\"attachment_10947\" aria-describedby=\"caption-attachment-10947\" style=\"width: 260px\" class=\"wp-caption alignnone\"><img loading=\"lazy\" decoding=\"async\" class=\"size-full wp-image-10947\" src=\"http:\/\/www.lassebacklund.fi\/wp-content\/uploads\/2019\/01\/19230228-Alfred-Ulfves-s\u00e4ljer-stuga-troligtvis-Bl\u00f6tinas-Idas.jpg\" alt=\"\" width=\"260\" height=\"203\" \/><figcaption id=\"caption-attachment-10947\" class=\"wp-caption-text\">Annons i Syd-\u00d6sterbotten 28.2.1923. Alfred Ulfves s\u00e4ljer en stugubyggnad, h\u00f6gst troligt \u00e4r det den stuga d\u00e4r &#8221;Bl\u00f6tinas-Ida&#8221; bodde n\u00e4ra Korsb\u00e4ckv\u00e4gen i Lillskogen.<\/figcaption><\/figure>\n<figure id=\"attachment_10946\" aria-describedby=\"caption-attachment-10946\" style=\"width: 275px\" class=\"wp-caption alignnone\"><img loading=\"lazy\" decoding=\"async\" class=\"size-full wp-image-10946\" src=\"http:\/\/www.lassebacklund.fi\/wp-content\/uploads\/2019\/01\/19230217-Roseng\u00e5rd-vill-s\u00e4lja-4-hektar-parcell.jpg\" alt=\"\" width=\"275\" height=\"244\" \/><figcaption id=\"caption-attachment-10946\" class=\"wp-caption-text\">Annons i Syd-\u00d6sterbotten 17.2.1923.<\/figcaption><\/figure>\n<figure id=\"attachment_10951\" aria-describedby=\"caption-attachment-10951\" style=\"width: 267px\" class=\"wp-caption alignnone\"><img loading=\"lazy\" decoding=\"async\" class=\"size-full wp-image-10951\" src=\"http:\/\/www.lassebacklund.fi\/wp-content\/uploads\/2019\/01\/19230404-Edla-Sandbacka-s\u00e4ljer-stuga.jpg\" alt=\"\" width=\"267\" height=\"161\" \/><figcaption id=\"caption-attachment-10951\" class=\"wp-caption-text\">Annons i Syd-\u00d6sterbotten 4.4.1923. &#8221;Lena-Edla&#8221; s\u00e4ljer en boningsstuga.<\/figcaption><\/figure>\n<figure id=\"attachment_10949\" aria-describedby=\"caption-attachment-10949\" style=\"width: 353px\" class=\"wp-caption alignnone\"><img loading=\"lazy\" decoding=\"async\" class=\"size-full wp-image-10949\" src=\"http:\/\/www.lassebacklund.fi\/wp-content\/uploads\/2019\/01\/19230314-Skyddsk\u00e5rsm\u00f6te.jpg\" alt=\"\" width=\"353\" height=\"415\" srcset=\"https:\/\/www.lassebacklund.fi\/wp-content\/uploads\/2019\/01\/19230314-Skyddsk\u00e5rsm\u00f6te.jpg 353w, https:\/\/www.lassebacklund.fi\/wp-content\/uploads\/2019\/01\/19230314-Skyddsk\u00e5rsm\u00f6te-255x300.jpg 255w\" sizes=\"auto, (max-width: 353px) 100vw, 353px\" \/><figcaption id=\"caption-attachment-10949\" class=\"wp-caption-text\">Annons i Syd-\u00d6sterbotten 14.3.1923. Medlemmarna i skyddsk\u00e5ren skulle betala sina uniformer sj\u00e4lva.<\/figcaption><\/figure>\n<figure id=\"attachment_10953\" aria-describedby=\"caption-attachment-10953\" style=\"width: 257px\" class=\"wp-caption alignnone\"><img loading=\"lazy\" decoding=\"async\" class=\"size-full wp-image-10953\" src=\"http:\/\/www.lassebacklund.fi\/wp-content\/uploads\/2019\/01\/19230411-Erland-Krook-s\u00e4ljer-svetsningsapparat.jpg\" alt=\"\" width=\"257\" height=\"150\" \/><figcaption id=\"caption-attachment-10953\" class=\"wp-caption-text\">Annons i Syd-\u00d6sterbotten 11.4.1923. F\u00f6rv\u00e5nande att Erland Krook hade en svetsningsapparat redan 1923, men s\u00e5 hade han ju varit i Amerika ocks\u00e5.<\/figcaption><\/figure>\n<figure id=\"attachment_10952\" aria-describedby=\"caption-attachment-10952\" style=\"width: 263px\" class=\"wp-caption alignnone\"><img loading=\"lazy\" decoding=\"async\" class=\"size-full wp-image-10952\" src=\"http:\/\/www.lassebacklund.fi\/wp-content\/uploads\/2019\/01\/19230407-Storfors-s\u00e4ljer-mycket-p\u00e5-auktion.jpg\" alt=\"\" width=\"263\" height=\"287\" \/><figcaption id=\"caption-attachment-10952\" class=\"wp-caption-text\">Annons i Syd-\u00d6sterbotten 7.4.1923. Storfors Ab var p\u00e5 v\u00e4g i konkurs och d\u00e4rf\u00f6r s\u00e5ldes allt p\u00e5 auktion.<\/figcaption><\/figure>\n<figure id=\"attachment_10954\" aria-describedby=\"caption-attachment-10954\" style=\"width: 253px\" class=\"wp-caption alignnone\"><img loading=\"lazy\" decoding=\"async\" class=\"size-full wp-image-10954\" src=\"http:\/\/www.lassebacklund.fi\/wp-content\/uploads\/2019\/01\/19230428-EA-B\u00e5sk-s\u00e4ljer-nya-kl\u00e4der.jpg\" alt=\"\" width=\"253\" height=\"248\" \/><figcaption id=\"caption-attachment-10954\" class=\"wp-caption-text\">Annons i Syd-\u00d6sterbotten 28.4.1923.<\/figcaption><\/figure>\n<figure id=\"attachment_10955\" aria-describedby=\"caption-attachment-10955\" style=\"width: 255px\" class=\"wp-caption alignnone\"><img loading=\"lazy\" decoding=\"async\" class=\"size-full wp-image-10955\" src=\"http:\/\/www.lassebacklund.fi\/wp-content\/uploads\/2019\/01\/19230512-Adelina-H\u00e4ggblom-s\u00e4ljer-hemman-i-Tr\u00e4sk.jpg\" alt=\"\" width=\"255\" height=\"350\" srcset=\"https:\/\/www.lassebacklund.fi\/wp-content\/uploads\/2019\/01\/19230512-Adelina-H\u00e4ggblom-s\u00e4ljer-hemman-i-Tr\u00e4sk.jpg 255w, https:\/\/www.lassebacklund.fi\/wp-content\/uploads\/2019\/01\/19230512-Adelina-H\u00e4ggblom-s\u00e4ljer-hemman-i-Tr\u00e4sk-219x300.jpg 219w\" sizes=\"auto, (max-width: 255px) 100vw, 255px\" \/><figcaption id=\"caption-attachment-10955\" class=\"wp-caption-text\">Annons i Syd-\u00d6sterbotten 12.5.1923.<\/figcaption><\/figure>\n<figure id=\"attachment_10958\" aria-describedby=\"caption-attachment-10958\" style=\"width: 257px\" class=\"wp-caption alignnone\"><img loading=\"lazy\" decoding=\"async\" class=\"size-full wp-image-10958\" src=\"http:\/\/www.lassebacklund.fi\/wp-content\/uploads\/2019\/01\/19230606-DUF-ordnar-soare.jpg\" alt=\"\" width=\"257\" height=\"218\" \/><figcaption id=\"caption-attachment-10958\" class=\"wp-caption-text\">Annons i Syd-\u00d6sterbotten 6.6.1923.<\/figcaption><\/figure>\n<figure id=\"attachment_10959\" aria-describedby=\"caption-attachment-10959\" style=\"width: 295px\" class=\"wp-caption alignnone\"><img loading=\"lazy\" decoding=\"async\" class=\"size-full wp-image-10959\" src=\"http:\/\/www.lassebacklund.fi\/wp-content\/uploads\/2019\/01\/19230606-Storfors-s\u00e4ljer-br\u00e4der.jpg\" alt=\"\" width=\"295\" height=\"211\" \/><figcaption id=\"caption-attachment-10959\" class=\"wp-caption-text\">Annons i Syd-\u00d6sterbotten 6.6.1923.<\/figcaption><\/figure>\n<figure id=\"attachment_10956\" aria-describedby=\"caption-attachment-10956\" style=\"width: 261px\" class=\"wp-caption alignnone\"><img loading=\"lazy\" decoding=\"async\" class=\"size-full wp-image-10956\" src=\"http:\/\/www.lassebacklund.fi\/wp-content\/uploads\/2019\/01\/19230512-Ingeborg-Mattsson-s\u00e4ljer-Alfreds-kvarl\u00e5tenskap.jpg\" alt=\"\" width=\"261\" height=\"314\" srcset=\"https:\/\/www.lassebacklund.fi\/wp-content\/uploads\/2019\/01\/19230512-Ingeborg-Mattsson-s\u00e4ljer-Alfreds-kvarl\u00e5tenskap.jpg 261w, https:\/\/www.lassebacklund.fi\/wp-content\/uploads\/2019\/01\/19230512-Ingeborg-Mattsson-s\u00e4ljer-Alfreds-kvarl\u00e5tenskap-249x300.jpg 249w\" sizes=\"auto, (max-width: 261px) 100vw, 261px\" \/><figcaption id=\"caption-attachment-10956\" class=\"wp-caption-text\">Annons i Syd-\u00d6sterbotten 15.12.1923. Ingeborg s\u00e4ljer avlidne maken Alfred Mattssons tillh\u00f6righeter p\u00e5 auktion i Kristinestad. De hade tidigare haft bageri och lemonadfabrik i &#8221;Myll\u00e4ris g\u00e5rd&#8221; i Dagsmark.<\/figcaption><\/figure>\n<figure id=\"attachment_10957\" aria-describedby=\"caption-attachment-10957\" style=\"width: 246px\" class=\"wp-caption alignnone\"><img loading=\"lazy\" decoding=\"async\" class=\"size-full wp-image-10957\" src=\"http:\/\/www.lassebacklund.fi\/wp-content\/uploads\/2019\/01\/19230512-Skyddsk\u00e5ren-ordnar-fest.jpg\" alt=\"\" width=\"246\" height=\"162\" \/><figcaption id=\"caption-attachment-10957\" class=\"wp-caption-text\">Annons i Syd-\u00d6sterbotten 12.5.1923. Skyddsk\u00e5rsavdelningen ordande fest p\u00e5 ungdomsg\u00e5rden. Skyddsk\u00e5ren var den enda f\u00f6rening som gratis kunde hyra f\u00f6reningsg\u00e5rden Majbo.<\/figcaption><\/figure>\n<figure id=\"attachment_10961\" aria-describedby=\"caption-attachment-10961\" style=\"width: 304px\" class=\"wp-caption alignnone\"><img loading=\"lazy\" decoding=\"async\" class=\"size-full wp-image-10961\" src=\"http:\/\/www.lassebacklund.fi\/wp-content\/uploads\/2019\/01\/19230613-Storfors-ombildas-till-andelslag.jpg\" alt=\"\" width=\"304\" height=\"270\" srcset=\"https:\/\/www.lassebacklund.fi\/wp-content\/uploads\/2019\/01\/19230613-Storfors-ombildas-till-andelslag.jpg 304w, https:\/\/www.lassebacklund.fi\/wp-content\/uploads\/2019\/01\/19230613-Storfors-ombildas-till-andelslag-300x266.jpg 300w\" sizes=\"auto, (max-width: 304px) 100vw, 304px\" \/><figcaption id=\"caption-attachment-10961\" class=\"wp-caption-text\">Annons i Syd-\u00d6sterbotten 13.6.1923. Del\u00e4garna i Storfors Ab, ville ombilda bolaget till andelslag men det gick senare i konkurs.<\/figcaption><\/figure>\n<figure id=\"attachment_10960\" aria-describedby=\"caption-attachment-10960\" style=\"width: 258px\" class=\"wp-caption alignnone\"><img loading=\"lazy\" decoding=\"async\" class=\"size-full wp-image-10960\" src=\"http:\/\/www.lassebacklund.fi\/wp-content\/uploads\/2019\/01\/19230606-Viktor-Bj\u00f6rklund-s\u00e4jer-b\u00e4rko.jpg\" alt=\"\" width=\"258\" height=\"81\" \/><figcaption id=\"caption-attachment-10960\" class=\"wp-caption-text\">Annons i Syd-\u00d6sterbotten 6.6.1923. &#8221;Lid-Viktor&#8221; bjuder ut en ko.<\/figcaption><\/figure>\n<figure id=\"attachment_10962\" aria-describedby=\"caption-attachment-10962\" style=\"width: 325px\" class=\"wp-caption alignnone\"><img loading=\"lazy\" decoding=\"async\" class=\"size-full wp-image-10962\" src=\"http:\/\/www.lassebacklund.fi\/wp-content\/uploads\/2019\/01\/19230623-Konkurs-f\u00f6r-Erland-Noren.jpg\" alt=\"\" width=\"325\" height=\"389\" srcset=\"https:\/\/www.lassebacklund.fi\/wp-content\/uploads\/2019\/01\/19230623-Konkurs-f\u00f6r-Erland-Noren.jpg 325w, https:\/\/www.lassebacklund.fi\/wp-content\/uploads\/2019\/01\/19230623-Konkurs-f\u00f6r-Erland-Noren-251x300.jpg 251w\" sizes=\"auto, (max-width: 325px) 100vw, 325px\" \/><figcaption id=\"caption-attachment-10962\" class=\"wp-caption-text\">Annons i Syd-\u00d6sterbotten 23.6.1923.<\/figcaption><\/figure>\n<figure id=\"attachment_10963\" aria-describedby=\"caption-attachment-10963\" style=\"width: 332px\" class=\"wp-caption alignnone\"><img loading=\"lazy\" decoding=\"async\" class=\"size-full wp-image-10963\" src=\"http:\/\/www.lassebacklund.fi\/wp-content\/uploads\/2019\/01\/19230623-Konkursauktion-hos-Noren.jpg\" alt=\"\" width=\"332\" height=\"386\" srcset=\"https:\/\/www.lassebacklund.fi\/wp-content\/uploads\/2019\/01\/19230623-Konkursauktion-hos-Noren.jpg 332w, https:\/\/www.lassebacklund.fi\/wp-content\/uploads\/2019\/01\/19230623-Konkursauktion-hos-Noren-258x300.jpg 258w\" sizes=\"auto, (max-width: 332px) 100vw, 332px\" \/><figcaption id=\"caption-attachment-10963\" class=\"wp-caption-text\">Annons i Syd-\u00d6sterbotten 23.6.1923. Handlanden Erland Nor\u00e9ns varulager s\u00e4ljs p\u00e5 konkursauktion p\u00e5 E. Ingves advokatbyr\u00e5. Juristen Emil Ingves var ju den som i tiderna bildade Finlands f\u00f6rsta skyddsk\u00e5r i Lappfj\u00e4rd. Efter inb\u00f6rdeskriget blev han jurist och \u00f6ppnade kontor i handlande Frans Henriksons g\u00e5rd vid torget, f\u00f6r att \u00e5r 1923 k\u00f6pa en egen g\u00e5rd p\u00e5 \u00d6stra l\u00e5nggatan. Han dog \u00f6verraskande 1 januari 1924, 29 \u00e5r gammal.<\/figcaption><\/figure>\n<figure id=\"attachment_10964\" aria-describedby=\"caption-attachment-10964\" style=\"width: 365px\" class=\"wp-caption alignnone\"><img loading=\"lazy\" decoding=\"async\" class=\"size-full wp-image-10964\" src=\"http:\/\/www.lassebacklund.fi\/wp-content\/uploads\/2019\/01\/19230627-Skomakare-M\u00e4ki-i-Ragnarsvik-tappade-pl\u00e5nbok.jpg\" alt=\"\" width=\"365\" height=\"206\" srcset=\"https:\/\/www.lassebacklund.fi\/wp-content\/uploads\/2019\/01\/19230627-Skomakare-M\u00e4ki-i-Ragnarsvik-tappade-pl\u00e5nbok.jpg 365w, https:\/\/www.lassebacklund.fi\/wp-content\/uploads\/2019\/01\/19230627-Skomakare-M\u00e4ki-i-Ragnarsvik-tappade-pl\u00e5nbok-300x169.jpg 300w\" sizes=\"auto, (max-width: 365px) 100vw, 365px\" \/><figcaption id=\"caption-attachment-10964\" class=\"wp-caption-text\">Annons i Syd-\u00d6sterbotten 26.6.1923. I s\u00e5 gott som varje tidningen efterlystes f\u00f6rlorade saker. Det kunde ibland vara sm\u00e5 saker, t.ex. en vante eller en n\u00e4sduk.<\/figcaption><\/figure>\n<figure id=\"attachment_10968\" aria-describedby=\"caption-attachment-10968\" style=\"width: 375px\" class=\"wp-caption alignnone\"><img loading=\"lazy\" decoding=\"async\" class=\"size-full wp-image-10968\" src=\"http:\/\/www.lassebacklund.fi\/wp-content\/uploads\/2019\/01\/19230707-Agn\u00e4s-Frans-s\u00f6ker-b\u00f6lko.jpg\" alt=\"\" width=\"375\" height=\"441\" srcset=\"https:\/\/www.lassebacklund.fi\/wp-content\/uploads\/2019\/01\/19230707-Agn\u00e4s-Frans-s\u00f6ker-b\u00f6lko.jpg 375w, https:\/\/www.lassebacklund.fi\/wp-content\/uploads\/2019\/01\/19230707-Agn\u00e4s-Frans-s\u00f6ker-b\u00f6lko-255x300.jpg 255w\" sizes=\"auto, (max-width: 375px) 100vw, 375px\" \/><figcaption id=\"caption-attachment-10968\" class=\"wp-caption-text\">Annons i Syd-\u00d6sterbotten 7.7.1923. Korna vallades ofta i skogen \u00e4nnu p\u00e5 1920-talet.<\/figcaption><\/figure>\n<figure id=\"attachment_10969\" aria-describedby=\"caption-attachment-10969\" style=\"width: 338px\" class=\"wp-caption alignnone\"><img loading=\"lazy\" decoding=\"async\" class=\"size-full wp-image-10969\" src=\"http:\/\/www.lassebacklund.fi\/wp-content\/uploads\/2019\/01\/19230707-Erik-Anders-B\u00e5sk-ordnar-auktion.jpg\" alt=\"\" width=\"338\" height=\"519\" srcset=\"https:\/\/www.lassebacklund.fi\/wp-content\/uploads\/2019\/01\/19230707-Erik-Anders-B\u00e5sk-ordnar-auktion.jpg 338w, https:\/\/www.lassebacklund.fi\/wp-content\/uploads\/2019\/01\/19230707-Erik-Anders-B\u00e5sk-ordnar-auktion-195x300.jpg 195w\" sizes=\"auto, (max-width: 338px) 100vw, 338px\" \/><figcaption id=\"caption-attachment-10969\" class=\"wp-caption-text\">Annons i Syd-\u00d6sterbotten 7.7.1923. Erik Anders B\u00e5sk bedrev handel i egen g\u00e5rd i Perus, nuvarande H\u00f6gn\u00e4sbacka.<\/figcaption><\/figure>\n<figure id=\"attachment_10971\" aria-describedby=\"caption-attachment-10971\" style=\"width: 318px\" class=\"wp-caption alignnone\"><img loading=\"lazy\" decoding=\"async\" class=\"size-full wp-image-10971\" src=\"http:\/\/www.lassebacklund.fi\/wp-content\/uploads\/2019\/01\/19230707-Storsj\u00f6-tr\u00e4sk-J.H.-Liljedal.jpg\" alt=\"\" width=\"318\" height=\"312\" srcset=\"https:\/\/www.lassebacklund.fi\/wp-content\/uploads\/2019\/01\/19230707-Storsj\u00f6-tr\u00e4sk-J.H.-Liljedal.jpg 318w, https:\/\/www.lassebacklund.fi\/wp-content\/uploads\/2019\/01\/19230707-Storsj\u00f6-tr\u00e4sk-J.H.-Liljedal-300x294.jpg 300w\" sizes=\"auto, (max-width: 318px) 100vw, 318px\" \/><figcaption id=\"caption-attachment-10971\" class=\"wp-caption-text\">Annons i Syd-\u00d6sterbotten 7.7.1923.<\/figcaption><\/figure>\n<figure id=\"attachment_10973\" aria-describedby=\"caption-attachment-10973\" style=\"width: 412px\" class=\"wp-caption alignnone\"><img loading=\"lazy\" decoding=\"async\" class=\"size-full wp-image-10973\" src=\"http:\/\/www.lassebacklund.fi\/wp-content\/uploads\/2019\/01\/19230714-Emil-B\u00e5sk-hyr-ut-rum-\u00e5t-elever.jpg\" alt=\"\" width=\"412\" height=\"340\" srcset=\"https:\/\/www.lassebacklund.fi\/wp-content\/uploads\/2019\/01\/19230714-Emil-B\u00e5sk-hyr-ut-rum-\u00e5t-elever.jpg 412w, https:\/\/www.lassebacklund.fi\/wp-content\/uploads\/2019\/01\/19230714-Emil-B\u00e5sk-hyr-ut-rum-\u00e5t-elever-300x248.jpg 300w\" sizes=\"auto, (max-width: 412px) 100vw, 412px\" \/><figcaption id=\"caption-attachment-10973\" class=\"wp-caption-text\">Annons i Syd-\u00d6sterbotten 14.7.1923. D\u00e5 Emil B\u00e5sk fr\u00e5n \u00c5backan flyttade till staden, b\u00f6rjade han genast hyra ut rum \u00e5t skolelever.<\/figcaption><\/figure>\n<figure id=\"attachment_10970\" aria-describedby=\"caption-attachment-10970\" style=\"width: 377px\" class=\"wp-caption alignnone\"><img loading=\"lazy\" decoding=\"async\" class=\"size-full wp-image-10970\" src=\"http:\/\/www.lassebacklund.fi\/wp-content\/uploads\/2019\/01\/19230707-Lappfj\u00e4rds-sparbank-\u00e5-Andelshandeln.jpg\" alt=\"\" width=\"377\" height=\"210\" srcset=\"https:\/\/www.lassebacklund.fi\/wp-content\/uploads\/2019\/01\/19230707-Lappfj\u00e4rds-sparbank-\u00e5-Andelshandeln.jpg 377w, https:\/\/www.lassebacklund.fi\/wp-content\/uploads\/2019\/01\/19230707-Lappfj\u00e4rds-sparbank-\u00e5-Andelshandeln-300x167.jpg 300w\" sizes=\"auto, (max-width: 377px) 100vw, 377px\" \/><figcaption id=\"caption-attachment-10970\" class=\"wp-caption-text\">Annons i Syd-\u00d6sterbotten 1923. Sparbanken hade inget eget kontor p\u00e5 1920-talet. F\u00f6rst var det inrymt p\u00e5 S\u00f6dra folkskolan och efter att Lappfj\u00e4rds Andelshandel byggt sin nya butik, flyttade kontoret dit.<\/figcaption><\/figure>\n<figure id=\"attachment_10974\" aria-describedby=\"caption-attachment-10974\" style=\"width: 352px\" class=\"wp-caption alignnone\"><img loading=\"lazy\" decoding=\"async\" class=\"size-full wp-image-10974\" src=\"http:\/\/www.lassebacklund.fi\/wp-content\/uploads\/2019\/01\/19230714-Emil-B\u00e5sk-k\u00f6per-g\u00e5rd-av-en-Kauhajokibo.jpg\" alt=\"\" width=\"352\" height=\"200\" srcset=\"https:\/\/www.lassebacklund.fi\/wp-content\/uploads\/2019\/01\/19230714-Emil-B\u00e5sk-k\u00f6per-g\u00e5rd-av-en-Kauhajokibo.jpg 352w, https:\/\/www.lassebacklund.fi\/wp-content\/uploads\/2019\/01\/19230714-Emil-B\u00e5sk-k\u00f6per-g\u00e5rd-av-en-Kauhajokibo-300x170.jpg 300w\" sizes=\"auto, (max-width: 352px) 100vw, 352px\" \/><figcaption id=\"caption-attachment-10974\" class=\"wp-caption-text\">Notis i Syd-\u00d6sterbotten 14.7.1923. Emil B\u00e5sk fr\u00e5n \u00c5backan flyttade med sin familj till Kristinestad och bodde p\u00e5 olika st\u00e4llen. Denna g\u00e5rd ligger p\u00e5 Strandgatan n\u00e4ra Badhusparken.<\/figcaption><\/figure>\n<figure id=\"attachment_10975\" aria-describedby=\"caption-attachment-10975\" style=\"width: 262px\" class=\"wp-caption alignnone\"><img loading=\"lazy\" decoding=\"async\" class=\"size-full wp-image-10975\" src=\"http:\/\/www.lassebacklund.fi\/wp-content\/uploads\/2019\/01\/19230714-Emil-Norrg\u00e5rd-har-ett-sto.jpg\" alt=\"\" width=\"262\" height=\"124\" \/><figcaption id=\"caption-attachment-10975\" class=\"wp-caption-text\">Annons i Syd-\u00d6sterbotten 14.7.1923.<\/figcaption><\/figure>\n<figure id=\"attachment_10976\" aria-describedby=\"caption-attachment-10976\" style=\"width: 410px\" class=\"wp-caption alignnone\"><img loading=\"lazy\" decoding=\"async\" class=\"size-full wp-image-10976\" src=\"http:\/\/www.lassebacklund.fi\/wp-content\/uploads\/2019\/01\/19230714-Erik-Englund-s\u00e4ljer-gr\u00e4set-f\u00f6r-Henry-Lillsj\u00f6.jpg\" alt=\"\" width=\"410\" height=\"295\" srcset=\"https:\/\/www.lassebacklund.fi\/wp-content\/uploads\/2019\/01\/19230714-Erik-Englund-s\u00e4ljer-gr\u00e4set-f\u00f6r-Henry-Lillsj\u00f6.jpg 410w, https:\/\/www.lassebacklund.fi\/wp-content\/uploads\/2019\/01\/19230714-Erik-Englund-s\u00e4ljer-gr\u00e4set-f\u00f6r-Henry-Lillsj\u00f6-300x216.jpg 300w\" sizes=\"auto, (max-width: 410px) 100vw, 410px\" \/><figcaption id=\"caption-attachment-10976\" class=\"wp-caption-text\">Annons i Syd-\u00d6sterbotten 14.7.1923. Henrik Lillsj\u00f6 hade emigrerat till Amerika och godemannen Erik Anders Englund s\u00e5lde gr\u00e4sv\u00e4xten.<\/figcaption><\/figure>\n<figure id=\"attachment_10978\" aria-describedby=\"caption-attachment-10978\" style=\"width: 262px\" class=\"wp-caption alignnone\"><img loading=\"lazy\" decoding=\"async\" class=\"size-full wp-image-10978\" src=\"http:\/\/www.lassebacklund.fi\/wp-content\/uploads\/2019\/01\/19230714-Storsj\u00f6tr\u00e4sk-b\u00e4rgningsr\u00e4tt.jpg\" alt=\"\" width=\"262\" height=\"167\" \/><figcaption id=\"caption-attachment-10978\" class=\"wp-caption-text\">Annons i Syd-\u00d6sterbotten 14.7.1923. Storsj\u00f6 Tr\u00e4sk som var indelat i 80 lotter, var uppdelat i 4 lag, ett fr\u00e5n Korsb\u00e4ck, ett fr\u00e5n Dagsmark och 2 fr\u00e5n Lappfj\u00e4rd. Lott\u00e4garna \u00e4gde inte sj\u00e4lva marken utan hade bara en b\u00e4rgningsr\u00e4tt och denna fanns p\u00e5 olika omr\u00e5den, som skiftades \u00e5rligen.<\/figcaption><\/figure>\n<figure id=\"attachment_10979\" aria-describedby=\"caption-attachment-10979\" style=\"width: 350px\" class=\"wp-caption alignnone\"><img loading=\"lazy\" decoding=\"async\" class=\"size-full wp-image-10979\" src=\"http:\/\/www.lassebacklund.fi\/wp-content\/uploads\/2019\/01\/19230718-P\u00e4rus-pojkan-utmanar-i-stafett-vid-B\u00e5sks-aff\u00e4r.jpg\" alt=\"\" width=\"350\" height=\"276\" srcset=\"https:\/\/www.lassebacklund.fi\/wp-content\/uploads\/2019\/01\/19230718-P\u00e4rus-pojkan-utmanar-i-stafett-vid-B\u00e5sks-aff\u00e4r.jpg 350w, https:\/\/www.lassebacklund.fi\/wp-content\/uploads\/2019\/01\/19230718-P\u00e4rus-pojkan-utmanar-i-stafett-vid-B\u00e5sks-aff\u00e4r-300x237.jpg 300w\" sizes=\"auto, (max-width: 350px) 100vw, 350px\" \/><figcaption id=\"caption-attachment-10979\" class=\"wp-caption-text\">Annons i Syd-\u00d6sterbotten 18.71923. Stafett t\u00e4vling som startade utanf\u00f6r Erik Anders B\u00e5sks aff\u00e4r, nuvarande H\u00f6gn\u00e4sbackas.<\/figcaption><\/figure>\n<figure id=\"attachment_10977\" aria-describedby=\"caption-attachment-10977\" style=\"width: 268px\" class=\"wp-caption alignnone\"><img loading=\"lazy\" decoding=\"async\" class=\"size-full wp-image-10977\" src=\"http:\/\/www.lassebacklund.fi\/wp-content\/uploads\/2019\/01\/19230714-Erland-Lind-s\u00e4ljer-Erland-Nor\u00e9ns-varor-p\u00e5-auktion..jpg\" alt=\"\" width=\"268\" height=\"441\" srcset=\"https:\/\/www.lassebacklund.fi\/wp-content\/uploads\/2019\/01\/19230714-Erland-Lind-s\u00e4ljer-Erland-Nor\u00e9ns-varor-p\u00e5-auktion..jpg 268w, https:\/\/www.lassebacklund.fi\/wp-content\/uploads\/2019\/01\/19230714-Erland-Lind-s\u00e4ljer-Erland-Nor\u00e9ns-varor-p\u00e5-auktion.-182x300.jpg 182w\" sizes=\"auto, (max-width: 268px) 100vw, 268px\" \/><figcaption id=\"caption-attachment-10977\" class=\"wp-caption-text\">Annons i Syd-\u00d6sterbotten 14.7.1923. Handlanden Erland Nor\u00e9ns varulager s\u00e5ldes p\u00e5 auktion i juli och i september samma \u00e5r emigrerade Erland till Canada.<\/figcaption><\/figure>\n<figure id=\"attachment_10982\" aria-describedby=\"caption-attachment-10982\" style=\"width: 447px\" class=\"wp-caption alignnone\"><img loading=\"lazy\" decoding=\"async\" class=\"size-full wp-image-10982\" src=\"http:\/\/www.lassebacklund.fi\/wp-content\/uploads\/2019\/01\/19230721-L\u00e4rare-Sj\u00f6blad-bjuder-gr\u00e4sv\u00e4xten-p\u00e5-L\u00e5ng-hemman.jpg\" alt=\"\" width=\"447\" height=\"303\" srcset=\"https:\/\/www.lassebacklund.fi\/wp-content\/uploads\/2019\/01\/19230721-L\u00e4rare-Sj\u00f6blad-bjuder-gr\u00e4sv\u00e4xten-p\u00e5-L\u00e5ng-hemman.jpg 447w, https:\/\/www.lassebacklund.fi\/wp-content\/uploads\/2019\/01\/19230721-L\u00e4rare-Sj\u00f6blad-bjuder-gr\u00e4sv\u00e4xten-p\u00e5-L\u00e5ng-hemman-300x203.jpg 300w\" sizes=\"auto, (max-width: 447px) 100vw, 447px\" \/><figcaption id=\"caption-attachment-10982\" class=\"wp-caption-text\">Annons i Syd-\u00d6sterbotten 21.7.1923. Folkskoll\u00e4rare Johannes Sj\u00f6blad \u00e4gde ett markomr\u00e5de n\u00e4ra Berg\u00e5sen. Omr\u00e5det \u00f6vertogs sedan av Yngve S\u00f6derqvist.<\/figcaption><\/figure>\n<figure id=\"attachment_10981\" aria-describedby=\"caption-attachment-10981\" style=\"width: 452px\" class=\"wp-caption alignnone\"><img loading=\"lazy\" decoding=\"async\" class=\"size-full wp-image-10981\" src=\"http:\/\/www.lassebacklund.fi\/wp-content\/uploads\/2019\/01\/19230721-Josef-B\u00e5sk-s\u00e4ljer-gr\u00e4sv\u00e4xten-p\u00e5-en-parcell.jpg\" alt=\"\" width=\"452\" height=\"272\" srcset=\"https:\/\/www.lassebacklund.fi\/wp-content\/uploads\/2019\/01\/19230721-Josef-B\u00e5sk-s\u00e4ljer-gr\u00e4sv\u00e4xten-p\u00e5-en-parcell.jpg 452w, https:\/\/www.lassebacklund.fi\/wp-content\/uploads\/2019\/01\/19230721-Josef-B\u00e5sk-s\u00e4ljer-gr\u00e4sv\u00e4xten-p\u00e5-en-parcell-300x181.jpg 300w\" sizes=\"auto, (max-width: 452px) 100vw, 452px\" \/><figcaption id=\"caption-attachment-10981\" class=\"wp-caption-text\">Annons i Syd-\u00d6sterbotten 21.7.1923.<\/figcaption><\/figure>\n<figure id=\"attachment_10986\" aria-describedby=\"caption-attachment-10986\" style=\"width: 267px\" class=\"wp-caption alignnone\"><img loading=\"lazy\" decoding=\"async\" class=\"size-full wp-image-10986\" src=\"http:\/\/www.lassebacklund.fi\/wp-content\/uploads\/2019\/01\/19230825-Emil-B\u00e5sk-s\u00e4ljer-mindre-stadsg\u00e5rd.jpg\" alt=\"\" width=\"267\" height=\"144\" \/><figcaption id=\"caption-attachment-10986\" class=\"wp-caption-text\">Annons i Syd-\u00d6sterbotten 25.8.1923.<\/figcaption><\/figure>\n<figure id=\"attachment_10983\" aria-describedby=\"caption-attachment-10983\" style=\"width: 446px\" class=\"wp-caption alignnone\"><img loading=\"lazy\" decoding=\"async\" class=\"size-full wp-image-10983\" src=\"http:\/\/www.lassebacklund.fi\/wp-content\/uploads\/2019\/01\/19230721-Roseng\u00e5rd-mistade-en-tygkolly.jpg\" alt=\"\" width=\"446\" height=\"315\" srcset=\"https:\/\/www.lassebacklund.fi\/wp-content\/uploads\/2019\/01\/19230721-Roseng\u00e5rd-mistade-en-tygkolly.jpg 446w, https:\/\/www.lassebacklund.fi\/wp-content\/uploads\/2019\/01\/19230721-Roseng\u00e5rd-mistade-en-tygkolly-300x212.jpg 300w\" sizes=\"auto, (max-width: 446px) 100vw, 446px\" \/><figcaption id=\"caption-attachment-10983\" class=\"wp-caption-text\">Annons i Syd-\u00d6sterbotten 27.71923. Forkarlen hade tappat en tygpacke, som skulle till Roseng\u00e5rds aff\u00e4r i Dagsmark.<\/figcaption><\/figure>\n<figure id=\"attachment_10984\" aria-describedby=\"caption-attachment-10984\" style=\"width: 264px\" class=\"wp-caption alignnone\"><img loading=\"lazy\" decoding=\"async\" class=\"size-full wp-image-10984\" src=\"http:\/\/www.lassebacklund.fi\/wp-content\/uploads\/2019\/01\/19230801-Kr\u00e4ftor.-\u00e4gg-o-sm\u00f6r-k\u00f6pes-hos-Noren.jpg\" alt=\"\" width=\"264\" height=\"279\" \/><figcaption id=\"caption-attachment-10984\" class=\"wp-caption-text\">Annons i Syd-\u00d6sterbotten 1.8.1923. Lilltr\u00e4sk och Hannus i Lappfj\u00e4rd hade bildat Mejeri- &amp; Handels och de k\u00f6pte upp kr\u00e4ftk\u00f6tt, bland annat via Erland Nor\u00e9n i Dagsmark.<\/figcaption><\/figure>\n<figure id=\"attachment_10988\" aria-describedby=\"caption-attachment-10988\" style=\"width: 266px\" class=\"wp-caption alignnone\"><img loading=\"lazy\" decoding=\"async\" class=\"size-full wp-image-10988\" src=\"http:\/\/www.lassebacklund.fi\/wp-content\/uploads\/2019\/01\/19230825-Viktor-Nylund-tackar-50-\u00e5r-DUF.jpg\" alt=\"\" width=\"266\" height=\"278\" \/><figcaption id=\"caption-attachment-10988\" class=\"wp-caption-text\">Annons i Syd-\u00d6sterbotten 25.8.1923. Viktor fick en klocka av Dagsmark ungdomsf\u00f6rening d\u00e5 han fyllde 50 \u00e5r, n\u00e5got som han tackade f\u00f6r i tidningen.<\/figcaption><\/figure>\n<figure id=\"attachment_10989\" aria-describedby=\"caption-attachment-10989\" style=\"width: 265px\" class=\"wp-caption alignnone\"><img loading=\"lazy\" decoding=\"async\" class=\"size-full wp-image-10989\" src=\"http:\/\/www.lassebacklund.fi\/wp-content\/uploads\/2019\/01\/19230829-DUF-ordnar-soare.jpg\" alt=\"\" width=\"265\" height=\"195\" \/><figcaption id=\"caption-attachment-10989\" class=\"wp-caption-text\">Annons i Syd-\u00d6sterbotten 29.8.1923.<\/figcaption><\/figure>\n<figure id=\"attachment_10987\" aria-describedby=\"caption-attachment-10987\" style=\"width: 272px\" class=\"wp-caption alignnone\"><img loading=\"lazy\" decoding=\"async\" class=\"size-full wp-image-10987\" src=\"http:\/\/www.lassebacklund.fi\/wp-content\/uploads\/2019\/01\/19230825-Skifteslaget-s\u00e4ljer-jaktr\u00e4tt-Englund.jpg\" alt=\"\" width=\"272\" height=\"272\" srcset=\"https:\/\/www.lassebacklund.fi\/wp-content\/uploads\/2019\/01\/19230825-Skifteslaget-s\u00e4ljer-jaktr\u00e4tt-Englund.jpg 272w, https:\/\/www.lassebacklund.fi\/wp-content\/uploads\/2019\/01\/19230825-Skifteslaget-s\u00e4ljer-jaktr\u00e4tt-Englund-150x150.jpg 150w\" sizes=\"auto, (max-width: 272px) 100vw, 272px\" \/><figcaption id=\"caption-attachment-10987\" class=\"wp-caption-text\">Annons i Syd-\u00d6sterbotten 25.8.1923.<\/figcaption><\/figure>\n<figure id=\"attachment_10993\" aria-describedby=\"caption-attachment-10993\" style=\"width: 258px\" class=\"wp-caption alignnone\"><img loading=\"lazy\" decoding=\"async\" class=\"size-full wp-image-10993\" src=\"http:\/\/www.lassebacklund.fi\/wp-content\/uploads\/2019\/01\/19231010-V\u00e4gsyn-p\u00e5-Korsb\u00e4ckv\u00e4gen.jpg\" alt=\"\" width=\"258\" height=\"281\" \/><figcaption id=\"caption-attachment-10993\" class=\"wp-caption-text\">Annons i Syd-\u00d6sterbotten 10.10.1923. Korsb\u00e4ckv\u00e4gen sk\u00f6ttes av del\u00e4garna enligt lotter, som skulle vara utm\u00e4rkta med nummerp\u00e5lar. Regelbundet utf\u00f6rdes granskningar hur del\u00e4garna sk\u00f6tte sina lotter.<\/figcaption><\/figure>\n<figure id=\"attachment_10991\" aria-describedby=\"caption-attachment-10991\" style=\"width: 262px\" class=\"wp-caption alignnone\"><img loading=\"lazy\" decoding=\"async\" class=\"size-full wp-image-10991\" src=\"http:\/\/www.lassebacklund.fi\/wp-content\/uploads\/2019\/01\/19230912-Norens-konkurs-behandlas-p\u00e5-Sampos-kontor.jpg\" alt=\"\" width=\"262\" height=\"484\" srcset=\"https:\/\/www.lassebacklund.fi\/wp-content\/uploads\/2019\/01\/19230912-Norens-konkurs-behandlas-p\u00e5-Sampos-kontor.jpg 262w, https:\/\/www.lassebacklund.fi\/wp-content\/uploads\/2019\/01\/19230912-Norens-konkurs-behandlas-p\u00e5-Sampos-kontor-162x300.jpg 162w\" sizes=\"auto, (max-width: 262px) 100vw, 262px\" \/><figcaption id=\"caption-attachment-10991\" class=\"wp-caption-text\">Annons i Syd-\u00d6sterbotten 12.9.1923. Erland Nor\u00e9n bedrev handel p\u00e5 Sebbasbackan och gick i konkurs 1923. Kansalliskauppa Sampo i Kristinestad var en stor varuleverant\u00f6r den tiden, butiken fanns d\u00e4r den stora skoaff\u00e4ren finns i dag.<\/figcaption><\/figure>\n<figure id=\"attachment_10990\" aria-describedby=\"caption-attachment-10990\" style=\"width: 265px\" class=\"wp-caption alignnone\"><img loading=\"lazy\" decoding=\"async\" class=\"size-full wp-image-10990\" src=\"http:\/\/www.lassebacklund.fi\/wp-content\/uploads\/2019\/01\/19230908-Dagsmark-Tr\u00f6skverk-Andelslag.jpg\" alt=\"\" width=\"265\" height=\"148\" \/><figcaption id=\"caption-attachment-10990\" class=\"wp-caption-text\">Annons i Syd-\u00d6sterbotten 8.8.1923.<\/figcaption><\/figure>\n<figure id=\"attachment_10992\" aria-describedby=\"caption-attachment-10992\" style=\"width: 271px\" class=\"wp-caption alignnone\"><img loading=\"lazy\" decoding=\"async\" class=\"size-full wp-image-10992\" src=\"http:\/\/www.lassebacklund.fi\/wp-content\/uploads\/2019\/01\/19230922-Frans-Andersson-s\u00e4ljer-2-kor.jpg\" alt=\"\" width=\"271\" height=\"80\" \/><figcaption id=\"caption-attachment-10992\" class=\"wp-caption-text\">Annons i Syd-\u00d6sterbotten 22.9.1923. &#8221;Broback Frans&#8221; s\u00e4ljer kor.<\/figcaption><\/figure>\n<figure id=\"attachment_10994\" aria-describedby=\"caption-attachment-10994\" style=\"width: 268px\" class=\"wp-caption alignnone\"><img loading=\"lazy\" decoding=\"async\" class=\"size-full wp-image-10994\" src=\"http:\/\/www.lassebacklund.fi\/wp-content\/uploads\/2019\/01\/19231013-Lennart-Sj\u00f6berg-s\u00e4ljer-ett-L\u00e5ng-hemman-och-mycket-till.jpg\" alt=\"\" width=\"268\" height=\"617\" srcset=\"https:\/\/www.lassebacklund.fi\/wp-content\/uploads\/2019\/01\/19231013-Lennart-Sj\u00f6berg-s\u00e4ljer-ett-L\u00e5ng-hemman-och-mycket-till.jpg 268w, https:\/\/www.lassebacklund.fi\/wp-content\/uploads\/2019\/01\/19231013-Lennart-Sj\u00f6berg-s\u00e4ljer-ett-L\u00e5ng-hemman-och-mycket-till-130x300.jpg 130w\" sizes=\"auto, (max-width: 268px) 100vw, 268px\" \/><figcaption id=\"caption-attachment-10994\" class=\"wp-caption-text\">Annons i Syd-\u00d6sterbotten 13.10.1923. Lennart Sj\u00f6berg fr\u00e5n Vestervik i \u00d6mossa, som var gift med Ida R\u00f6nnblad fr\u00e5n Korsb\u00e4ck, s\u00e5lde ett hemman. Det \u00e4r oklart var detta hemman l\u00e5g.<\/figcaption><\/figure>\n<figure id=\"attachment_10995\" aria-describedby=\"caption-attachment-10995\" style=\"width: 272px\" class=\"wp-caption alignnone\"><img loading=\"lazy\" decoding=\"async\" class=\"size-full wp-image-10995\" src=\"http:\/\/www.lassebacklund.fi\/wp-content\/uploads\/2019\/01\/19231027-Konkurssammantr\u00e4de-f\u00f6r-Storfors.jpg\" alt=\"\" width=\"272\" height=\"469\" srcset=\"https:\/\/www.lassebacklund.fi\/wp-content\/uploads\/2019\/01\/19231027-Konkurssammantr\u00e4de-f\u00f6r-Storfors.jpg 272w, https:\/\/www.lassebacklund.fi\/wp-content\/uploads\/2019\/01\/19231027-Konkurssammantr\u00e4de-f\u00f6r-Storfors-174x300.jpg 174w\" sizes=\"auto, (max-width: 272px) 100vw, 272px\" \/><figcaption id=\"caption-attachment-10995\" class=\"wp-caption-text\">Annons i Syd-\u00d6sterbotten 27.10.1923. N\u00e5gra \u00e5r efter Storfors f\u00f6delse k\u00f6rdes det i konkurs och f\u00f6rorsakade stora f\u00f6rluster f\u00f6r del\u00e4garna. Unionbanken i Lappfj\u00e4rd, som senare blev Helsingforsbank hade en betydande roll i f\u00f6retaget, fr\u00e4mst d\u00e5 genom sin direkt\u00f6r J. J. Wadstr\u00f6m.<\/figcaption><\/figure>\n<figure id=\"attachment_10996\" aria-describedby=\"caption-attachment-10996\" style=\"width: 272px\" class=\"wp-caption alignnone\"><img loading=\"lazy\" decoding=\"async\" class=\"size-full wp-image-10996\" src=\"http:\/\/www.lassebacklund.fi\/wp-content\/uploads\/2019\/01\/19231103-Dagsmark-Skyddsk\u00e5rsavdelning-h\u00e5ller-\u00f6vning.jpg\" alt=\"\" width=\"272\" height=\"194\" \/><figcaption id=\"caption-attachment-10996\" class=\"wp-caption-text\">Annons i Syd-\u00d6sterbotten 3.11.1923.<\/figcaption><\/figure>\n<figure id=\"attachment_10997\" aria-describedby=\"caption-attachment-10997\" style=\"width: 258px\" class=\"wp-caption alignnone\"><img loading=\"lazy\" decoding=\"async\" class=\"size-full wp-image-10997\" src=\"http:\/\/www.lassebacklund.fi\/wp-content\/uploads\/2019\/01\/19231110-Viktor-Kankaanp\u00e4\u00e4-tillvaratagna-f\u00e5r.jpg\" alt=\"\" width=\"258\" height=\"128\" \/><figcaption id=\"caption-attachment-10997\" class=\"wp-caption-text\">Annons i Syd-\u00d6sterbotten 10.11.1923. &#8221;Timo Viktor&#8221; Kankaanp\u00e4\u00e4, senare Berglind i Korsb\u00e4ck hittade 9 f\u00e5r.<\/figcaption><\/figure>\n<figure id=\"attachment_11000\" aria-describedby=\"caption-attachment-11000\" style=\"width: 271px\" class=\"wp-caption alignnone\"><img loading=\"lazy\" decoding=\"async\" class=\"size-full wp-image-11000\" src=\"http:\/\/www.lassebacklund.fi\/wp-content\/uploads\/2019\/01\/19231121-Juho-Santaniemi-s\u00e4ljer-hemmansdel.jpg\" alt=\"\" width=\"271\" height=\"135\" \/><figcaption id=\"caption-attachment-11000\" class=\"wp-caption-text\">Annons i Syd-\u00d6sterbotten 21.11.1923. Juho Santaniemi var far bland annat till Selma Huhtala.<\/figcaption><\/figure>\n<figure id=\"attachment_11003\" aria-describedby=\"caption-attachment-11003\" style=\"width: 267px\" class=\"wp-caption alignnone\"><img loading=\"lazy\" decoding=\"async\" class=\"size-full wp-image-11003\" src=\"http:\/\/www.lassebacklund.fi\/wp-content\/uploads\/2019\/01\/19231208-Mantals\u00e4garna-skall-bilda-fiskelag.jpg\" alt=\"\" width=\"267\" height=\"217\" \/><figcaption id=\"caption-attachment-11003\" class=\"wp-caption-text\">Annons i Syd-\u00d6sterbotten 8.12.1923.<\/figcaption><\/figure>\n<figure id=\"attachment_11001\" aria-describedby=\"caption-attachment-11001\" style=\"width: 517px\" class=\"wp-caption alignnone\"><img loading=\"lazy\" decoding=\"async\" class=\"size-full wp-image-11001\" src=\"http:\/\/www.lassebacklund.fi\/wp-content\/uploads\/2019\/01\/19231201-Erik-Anders-B\u00e5sk-vill-s\u00e4lja-sin-aff\u00e4r.jpg\" alt=\"\" width=\"517\" height=\"297\" srcset=\"https:\/\/www.lassebacklund.fi\/wp-content\/uploads\/2019\/01\/19231201-Erik-Anders-B\u00e5sk-vill-s\u00e4lja-sin-aff\u00e4r.jpg 517w, https:\/\/www.lassebacklund.fi\/wp-content\/uploads\/2019\/01\/19231201-Erik-Anders-B\u00e5sk-vill-s\u00e4lja-sin-aff\u00e4r-300x172.jpg 300w\" sizes=\"auto, (max-width: 517px) 100vw, 517px\" \/><figcaption id=\"caption-attachment-11001\" class=\"wp-caption-text\">Annons i Syd-\u00d6sterbotten 1.12.1923. Erik Anders B\u00e5sk, som var f\u00f6dd i Dagsmark vill s\u00e4lja sin butik i centrala Perus. N\u00e5gon aff\u00e4r blev det inte denna g\u00e5ng.<\/figcaption><\/figure>\n<figure id=\"attachment_11004\" aria-describedby=\"caption-attachment-11004\" style=\"width: 268px\" class=\"wp-caption alignnone\"><img loading=\"lazy\" decoding=\"async\" class=\"size-full wp-image-11004\" src=\"http:\/\/www.lassebacklund.fi\/wp-content\/uploads\/2019\/01\/19231208-notis-Emil-B\u00e5sk-b\u00f6rjar-idka-handel.jpg\" alt=\"\" width=\"268\" height=\"98\" \/><figcaption id=\"caption-attachment-11004\" class=\"wp-caption-text\">Notis i Syd-\u00d6sterbotten 8.12.1923. Emil B\u00e5sk hade tillsammans med sin familj flyttat fr\u00e5n \u00c5backan till Kristinestad, d\u00e4r han startade en aff\u00e4r p\u00e5 Strandgatan.<\/figcaption><\/figure>\n<figure id=\"attachment_11002\" aria-describedby=\"caption-attachment-11002\" style=\"width: 263px\" class=\"wp-caption alignnone\"><img loading=\"lazy\" decoding=\"async\" class=\"size-full wp-image-11002\" src=\"http:\/\/www.lassebacklund.fi\/wp-content\/uploads\/2019\/01\/19231203-DUF-ordnar-danssoare.jpg\" alt=\"\" width=\"263\" height=\"148\" \/><figcaption id=\"caption-attachment-11002\" class=\"wp-caption-text\">Annons i Syd-\u00d6sterbotten 3.12.1923. Soar\u00e9 betyder en kv\u00e4llstillst\u00e4llning med b\u00e5de program och dans.<\/figcaption><\/figure>\n<figure id=\"attachment_11008\" aria-describedby=\"caption-attachment-11008\" style=\"width: 264px\" class=\"wp-caption alignnone\"><img loading=\"lazy\" decoding=\"async\" class=\"size-full wp-image-11008\" src=\"http:\/\/www.lassebacklund.fi\/wp-content\/uploads\/2019\/01\/19239314-Skyddsk\u00e5ren-h\u00e4ller-\u00f6vning-kostymerna-skall-betalas.jpg\" alt=\"\" width=\"264\" height=\"318\" srcset=\"https:\/\/www.lassebacklund.fi\/wp-content\/uploads\/2019\/01\/19239314-Skyddsk\u00e5ren-h\u00e4ller-\u00f6vning-kostymerna-skall-betalas.jpg 264w, https:\/\/www.lassebacklund.fi\/wp-content\/uploads\/2019\/01\/19239314-Skyddsk\u00e5ren-h\u00e4ller-\u00f6vning-kostymerna-skall-betalas-249x300.jpg 249w\" sizes=\"auto, (max-width: 264px) 100vw, 264px\" \/><figcaption id=\"caption-attachment-11008\" class=\"wp-caption-text\">Annons i Syd-\u00d6sterbotten 14.3.1923.<\/figcaption><\/figure>\n<figure id=\"attachment_11006\" aria-describedby=\"caption-attachment-11006\" style=\"width: 268px\" class=\"wp-caption alignnone\"><img loading=\"lazy\" decoding=\"async\" class=\"size-full wp-image-11006\" src=\"http:\/\/www.lassebacklund.fi\/wp-content\/uploads\/2019\/01\/19231212-DUF-ordnar-julfest.jpg\" alt=\"\" width=\"268\" height=\"166\" \/><figcaption id=\"caption-attachment-11006\" class=\"wp-caption-text\">Annons i Syd-\u00d6sterbotten 12.12.1923.<\/figcaption><\/figure>\n<figure id=\"attachment_11007\" aria-describedby=\"caption-attachment-11007\" style=\"width: 268px\" class=\"wp-caption alignnone\"><img loading=\"lazy\" decoding=\"async\" class=\"size-full wp-image-11007\" src=\"http:\/\/www.lassebacklund.fi\/wp-content\/uploads\/2019\/01\/19231212-Lantmannagillet-bildar-tjurf\u00f6rening.jpg\" alt=\"\" width=\"268\" height=\"130\" \/><figcaption id=\"caption-attachment-11007\" class=\"wp-caption-text\">Annons i Syd-\u00d6sterbotten 12.12.1923.<\/figcaption><\/figure>\n<figure id=\"attachment_11005\" aria-describedby=\"caption-attachment-11005\" style=\"width: 530px\" class=\"wp-caption alignnone\"><img loading=\"lazy\" decoding=\"async\" class=\"size-full wp-image-11005\" src=\"http:\/\/www.lassebacklund.fi\/wp-content\/uploads\/2019\/01\/19231208-Nya-fullm\u00e4ktige-1924-26.jpg\" alt=\"\" width=\"530\" height=\"558\" srcset=\"https:\/\/www.lassebacklund.fi\/wp-content\/uploads\/2019\/01\/19231208-Nya-fullm\u00e4ktige-1924-26.jpg 530w, https:\/\/www.lassebacklund.fi\/wp-content\/uploads\/2019\/01\/19231208-Nya-fullm\u00e4ktige-1924-26-285x300.jpg 285w\" sizes=\"auto, (max-width: 530px) 100vw, 530px\" \/><figcaption id=\"caption-attachment-11005\" class=\"wp-caption-text\">Annons i Syd-\u00d6sterbotten 8.12.1923. I fullm\u00e4ktigevalet i december 1923 r\u00f6stades det p\u00e5 listor som partierna hade gjort. &#8221;Pelas-J\u00e5han&#8221; Lillkulls namn fanns h\u00f6gst p\u00e5 flera listor och han valdes in som etta. F\u00f6re detta Dagsmarkl\u00e4raren J. J. Wadstr\u00f6m kom tv\u00e5a och Johannes Stenlund fr\u00e5n Korsb\u00e4ck kom fyra. &#8221;Rebeck-Erk-J\u00e5han&#8221; Ekberg blev invald som suppleant, medan handlanden &#8221;Broback Erik Anders&#8221; Roseng\u00e5rd valdes till suppleant f\u00f6r revisorerna.<\/figcaption><\/figure>\n","protected":false},"excerpt":{"rendered":"","protected":false},"author":1,"featured_media":0,"parent":8060,"menu_order":1923,"comment_status":"closed","ping_status":"closed","template":"","meta":{"footnotes":""},"class_list":["post-11009","page","type-page","status-publish","hentry"],"_links":{"self":[{"href":"https:\/\/www.lassebacklund.fi\/index.php?rest_route=\/wp\/v2\/pages\/11009","targetHints":{"allow":["GET"]}}],"collection":[{"href":"https:\/\/www.lassebacklund.fi\/index.php?rest_route=\/wp\/v2\/pages"}],"about":[{"href":"https:\/\/www.lassebacklund.fi\/index.php?rest_route=\/wp\/v2\/types\/page"}],"author":[{"embeddable":true,"href":"https:\/\/www.lassebacklund.fi\/index.php?rest_route=\/wp\/v2\/users\/1"}],"replies":[{"embeddable":true,"href":"https:\/\/www.lassebacklund.fi\/index.php?rest_route=%2Fwp%2Fv2%2Fcomments&post=11009"}],"version-history":[{"count":3,"href":"https:\/\/www.lassebacklund.fi\/index.php?rest_route=\/wp\/v2\/pages\/11009\/revisions"}],"predecessor-version":[{"id":11015,"href":"https:\/\/www.lassebacklund.fi\/index.php?rest_route=\/wp\/v2\/pages\/11009\/revisions\/11015"}],"up":[{"embeddable":true,"href":"https:\/\/www.lassebacklund.fi\/index.php?rest_route=\/wp\/v2\/pages\/8060"}],"wp:attachment":[{"href":"https:\/\/www.lassebacklund.fi\/index.php?rest_route=%2Fwp%2Fv2%2Fmedia&parent=11009"}],"curies":[{"name":"wp","href":"https:\/\/api.w.org\/{rel}","templated":true}]}}