{"id":10166,"date":"2018-10-18T18:25:00","date_gmt":"2018-10-18T16:25:00","guid":{"rendered":"http:\/\/www.lassebacklund.fi\/?page_id=10166"},"modified":"2025-10-20T21:33:28","modified_gmt":"2025-10-20T18:33:28","slug":"westerbacks-gard-pa-lillsjovagen-99","status":"publish","type":"page","link":"https:\/\/www.lassebacklund.fi\/?page_id=10166","title":{"rendered":"Westerbacks g\u00e5rd p\u00e5 Lillsj\u00f6v\u00e4gen 99"},"content":{"rendered":"<figure id=\"attachment_10158\" aria-describedby=\"caption-attachment-10158\" style=\"width: 1059px\" class=\"wp-caption aligncenter\"><img loading=\"lazy\" decoding=\"async\" class=\"size-full wp-image-10158\" src=\"http:\/\/www.lassebacklund.fi\/wp-content\/uploads\/2018\/10\/1-2.jpg\" alt=\"\" width=\"1059\" height=\"737\" srcset=\"https:\/\/www.lassebacklund.fi\/wp-content\/uploads\/2018\/10\/1-2.jpg 1059w, https:\/\/www.lassebacklund.fi\/wp-content\/uploads\/2018\/10\/1-2-300x209.jpg 300w, https:\/\/www.lassebacklund.fi\/wp-content\/uploads\/2018\/10\/1-2-768x534.jpg 768w, https:\/\/www.lassebacklund.fi\/wp-content\/uploads\/2018\/10\/1-2-1024x713.jpg 1024w\" sizes=\"auto, (max-width: 1059px) 100vw, 1059px\" \/><figcaption id=\"caption-attachment-10158\" class=\"wp-caption-text\">Rosbloms m\u00e5lning av Westerbacks gamla g\u00e5rd.<\/figcaption><\/figure>\n<p><span style=\"color: #000080;\"><strong>Sammanst\u00e4llt av Lasse Backlund 2018, med hj\u00e4lp av Inger Westerback och Inga-Lill Sandstr\u00f6m<\/strong>.<\/span><\/p>\n<p>I den h\u00e4r gamla g\u00e5rden bodde Karl Henrik och Hilma Westerback sedan de hade gift sig \u00e5r 1920, fram till \u00e5r 1959 d\u00e5 de flyttade till en mindre g\u00e5rd p\u00e5 <a href=\"http:\/\/www.lassebacklund.fi\/?page_id=3918\">Lillsj\u00f6v\u00e4gen 109.<\/a> G\u00e5rden var ovanligt stor med hela 4 skorstenar och en mycket vacker farstukvist. Den uppf\u00f6rdes h\u00f6gst troligt av Hilmas far Karl Rosenqvist n\u00e5gon g\u00e5ng efter 1907.<\/p>\n<h3><strong>Tidig historia.<\/strong><\/h3>\n<p>P\u00e5 denna tomt stod fram till maj 1901 en bondg\u00e5rd tillh\u00f6rande \u201dKv\u00e4\u00e4n\u00e5 Kajs\u201d allts\u00e5 \u00e4nkan Anna Kajsa Rosenback (1864-1928). Hennes make Viktor hade omkommit i Amerika och \u00e4nkan bodde h\u00e4r med barnen \u201dKv\u00e4\u00e4n\u00e5 Kalle\u201d och Hulda, som senare gifte sig med \u201dPala\u201d Josef Granlund. Anna Kajsas g\u00e5rd f\u00f6rst\u00f6rdes d\u00e5 i en brand, d\u00e4r hela 19 olika byggnader brann ned. Efter branden byggde \u201dKv\u00e4\u00e4n\u00e5 Kajs\u201d en ny g\u00e5rd som stod l\u00e4ngre ner mot byn och den \u00f6vertogs i ett senare skede av Manda och Emil Nybond. \u201dKv\u00e4\u00e4n\u00e5 Kajs\u201d flyttade d\u00e5 till Kristinestad.<\/p>\n<p>I samma brand f\u00f6rst\u00f6rdes ocks\u00e5 grannen Josef Karl Fredriksson Rosenbacks g\u00e5rd, som torde ha st\u00e5tt d\u00e4r Helge Nyholms g\u00e5rd st\u00e5r i dag. Denne Josef Karl Fredriksson Rosenback s\u00e5lde i november 1907 sitt Rosenback hemman i Kvarn\u00e5 om 1\/32 mtl f\u00f6r 6 600 mark \u00e5t Karl Rosenqvist och hans hustru Karolina, som kallades &#8221;Josipas Lina&#8221;. F\u00f6re k\u00f6pet hade Kalle och Lina bott &#8221;d\u00e4r Bergkvistas&#8221; p\u00e5 Korsb\u00e4ckv\u00e4gen 565, men d\u00e5 det best\u00e4mdes att hans hemman Bergkvist under storskiftet skulle flyttas till gr\u00e4nsen mot K\u00e4rjenkoski &#8221;la me bj\u00f6\u00f6nan \u00e5 vargan&#8221;, s\u00e5 s\u00e5lde han det hemmanet \u00e5t Axel Lilltr\u00e4sk.<\/p>\n<p>Karl, som kallades \u201dTresk Kalle\u201d\u00a0 eller &#8221;J\u00e5ssas Kalle&#8221; byggde troligtvis denna\u00a0 Westerbacks g\u00e5rd n\u00e5gon g\u00e5ng efter f\u00f6rv\u00e4rvet 1907. Runt \u00e5r 1920 tog \u201dTresk Kalles\u201d dotter Hilma \u00f6ver g\u00e5rden, d\u00e5 hon gifte sig med Karl Henrik Knus, senare Westerback fr\u00e5n Norrviken.<\/p>\n<h3><strong>Hilma och Karl Henrik Westerback tar \u00f6ver.<\/strong><\/h3>\n<p><strong>\u00c5r 1922, den 2 februari<\/strong> s\u00e5lde Tresk Kalle hela hemmanet p\u00e5 1\/64 mtl \u00e5t sin m\u00e5g Karl Henrik Westerback (f.Knus i Norrviken 1897-1976), som var gift med hans dotter Hilma. K\u00f6peskillingen utgjorde 5 000 mark, plus livstids sytning \u00e5t s\u00e4ljarna, som tog \u00e5t sig livstids r\u00e4tt att bo i tv\u00e5 rum i den norra \u00e4ndan av g\u00e5rden. De tog ocks\u00e5 \u00e5t sig r\u00e4tt att anv\u00e4nda det mindre f\u00e4huset och lite mark n\u00e4ra Lindblads r\u00e5 och ett potatisland i &#8221;torpar\u00e5kern&#8221;.<\/p>\n<p>Karl Henrik Westerback var son till Johan Knus (1861-1933) och Elina (f. Klemets 1865-1959). \u00a0Han f\u00f6ddes i Norrviken och var bror bland till Vilhelmina Stenlund, Johan Viktor Lindblad, Erland R\u00f6nngren och Selim Norrvik.<\/p>\n<figure id=\"attachment_10159\" aria-describedby=\"caption-attachment-10159\" style=\"width: 884px\" class=\"wp-caption aligncenter\"><img loading=\"lazy\" decoding=\"async\" class=\"size-full wp-image-10159\" src=\"http:\/\/www.lassebacklund.fi\/wp-content\/uploads\/2018\/10\/2-2.jpg\" alt=\"\" width=\"884\" height=\"488\" srcset=\"https:\/\/www.lassebacklund.fi\/wp-content\/uploads\/2018\/10\/2-2.jpg 884w, https:\/\/www.lassebacklund.fi\/wp-content\/uploads\/2018\/10\/2-2-300x166.jpg 300w, https:\/\/www.lassebacklund.fi\/wp-content\/uploads\/2018\/10\/2-2-768x424.jpg 768w\" sizes=\"auto, (max-width: 884px) 100vw, 884px\" \/><figcaption id=\"caption-attachment-10159\" class=\"wp-caption-text\">Karl Henriks f\u00f6r\u00e4ldrar Elina och Johan Knus, sittande i strumpf\u00f6tterna p\u00e5 trappan hemma i Norrviken.<\/figcaption><\/figure>\n<p>Karl Henrik kom som m\u00e5g till \u201dTresk Kalles\u201d hemman, d\u00e5 han \u00e5r 1920 gifte sig med Hilma Rosenqvist, som var f\u00f6dd i Korsb\u00e4ck och var dotter till \u201dTresk Kalle\u201d Rosenqvist (1847-1930) och hans hustru Karolina &#8221;Josipas Lina&#8221; Josefsdotter Storkull (1851-1930 fr\u00e5n Brobackan). Hilmas far Karl Rosenqvist hade \u00e5r 1907 k\u00f6pt Josef Karl Fredriksson Rosenbacks hemman i Kvarn\u00e5.<\/p>\n<p>Hilma Westerback hade flera systrar, som alla blev hemmans\u00e4gare i Dagsmark. \u00c4ldst var <a href=\"http:\/\/www.lassebacklund.fi\/?page_id=3898\">Maria Nyholm (f.1873),<\/a> <a href=\"http:\/\/www.lassebacklund.fi\/?page_id=3521\">Vilhelmina Storkull<\/a> (f.1875), <a href=\"http:\/\/www.lassebacklund.fi\/?page_id=3261\">Ida Str\u00f6mberg<\/a> (f.1882), Amanda Nybond (f.1884), <a href=\"http:\/\/www.lassebacklund.fi\/?page_id=3935\">Adelina Norrgrann<\/a> (f. 1886) och yngst var Selma Dahlberg (f.1889) som flyttade till Amerika. Dessutom fanns det flera barn som dog i unga \u00e5r.<\/p>\n<p><img loading=\"lazy\" decoding=\"async\" class=\"size-full wp-image-3246 aligncenter\" src=\"http:\/\/www.lassebacklund.fi\/wp-content\/uploads\/2017\/03\/7-2.jpg\" alt=\"\" width=\"1020\" height=\"969\" srcset=\"https:\/\/www.lassebacklund.fi\/wp-content\/uploads\/2017\/03\/7-2.jpg 1020w, https:\/\/www.lassebacklund.fi\/wp-content\/uploads\/2017\/03\/7-2-300x285.jpg 300w, https:\/\/www.lassebacklund.fi\/wp-content\/uploads\/2017\/03\/7-2-768x730.jpg 768w\" sizes=\"auto, (max-width: 1020px) 100vw, 1020px\" \/>Hilma Westerback hade flera systrar men henne enda bror Johan Viktor (f.1878) gifte sig \u00e5r 1902 med \u00e4nkan Vilhelmina Lillsj\u00f6 (1869-1928). Hon var \u00e4nka efter Erik Johan Lillsj\u00f6, som hade avlidit 1901 och de hade en dotter Ida. Johan Viktor och Vilhelmina bodde d\u00e5 troligen p\u00e5 det st\u00e4lle d\u00e4r \u201dDragholms\u201d finns i dag och de fick en dotter Amanda. \u00c5r 1909 s\u00e5lde de hemmanet \u00e5t Johan Viktors far \u201dTresk Kalle\u201d och Johan Viktor for till Amerika, och kom inte tillbaka. Vilhelmina, som kallades \u201dSkogs Mina\u201d flyttade med barnen tillbaka till Lillsj\u00f6, till en g\u00e5rd som stod mittemot Dahlroos gamla g\u00e5rd. \u201dSkogs-Mina\u201d flyttade p\u00e5 \u00e4ldre dar till dottern Amanda som hade gift sig med Hilding Sj\u00f6str\u00f6m i H\u00e4rkmeri.<\/p>\n<figure id=\"attachment_10170\" aria-describedby=\"caption-attachment-10170\" style=\"width: 692px\" class=\"wp-caption aligncenter\"><img loading=\"lazy\" decoding=\"async\" class=\"size-full wp-image-10170\" src=\"http:\/\/www.lassebacklund.fi\/wp-content\/uploads\/2018\/10\/brudpar.jpg\" alt=\"\" width=\"692\" height=\"941\" srcset=\"https:\/\/www.lassebacklund.fi\/wp-content\/uploads\/2018\/10\/brudpar.jpg 692w, https:\/\/www.lassebacklund.fi\/wp-content\/uploads\/2018\/10\/brudpar-221x300.jpg 221w\" sizes=\"auto, (max-width: 692px) 100vw, 692px\" \/><figcaption id=\"caption-attachment-10170\" class=\"wp-caption-text\">\u00c5r 1920 gifte sig Hilma Rosenqvist med Karl Henrik Knus, senare Westerback.<\/figcaption><\/figure>\n<p>Karl Henrik och Hilma Westerback blev allts\u00e5 b\u00f6nder p\u00e5 hemmanet ett par \u00e5r efter att de gifte sig \u00e5r 1920. De fick fyra s\u00f6ner men endast sonen Ingvar levde till vuxen \u00e5lder. S\u00f6nerna Alfons (f.1921) och Elmer (f.1924) gick den 16 november 1927 ut p\u00e5 den svaga isen p\u00e5 Lill\u00e5n nedanf\u00f6r hemmet. Det gick inte b\u00e4ttre \u00e4n att isen brast och b\u00e5da pojkarna drunknade. Det h\u00e4r var en stor olycka f\u00f6r Karl Henrik och Hilma, \u00e5tminstone d\u00e5 man t\u00e4nker att ocks\u00e5 en tredje son dog mycket ung.<\/p>\n<figure id=\"attachment_10161\" aria-describedby=\"caption-attachment-10161\" style=\"width: 610px\" class=\"wp-caption aligncenter\"><img loading=\"lazy\" decoding=\"async\" class=\"size-full wp-image-10161\" src=\"http:\/\/www.lassebacklund.fi\/wp-content\/uploads\/2018\/10\/6-1.jpg\" alt=\"\" width=\"610\" height=\"950\" srcset=\"https:\/\/www.lassebacklund.fi\/wp-content\/uploads\/2018\/10\/6-1.jpg 610w, https:\/\/www.lassebacklund.fi\/wp-content\/uploads\/2018\/10\/6-1-193x300.jpg 193w\" sizes=\"auto, (max-width: 610px) 100vw, 610px\" \/><figcaption id=\"caption-attachment-10161\" class=\"wp-caption-text\">Karl Henrik och Hilma Westerback med sina s\u00f6ner Ingvar, Elmer och Alfons \u00e5r 1927, samma \u00e5r som tv\u00e5 av br\u00f6derna drunknade i Lill\u00e5n.<\/figcaption><\/figure>\n<p>Ingvar var bara 1,5 \u00e5r d\u00e5 br\u00f6derna drunknade och s\u00e4kerligen blev han b\u00e4ttre \u00f6vervakad \u00e4n sina drunknade br\u00f6der, som hann vara f\u00f6rsvunna i fyra timmar innan n\u00e5gon saknade dem.<\/p>\n<p><strong>\u00c5r 1949<\/strong> flyttade Karl Henrik, Hilma och Ingvar <a href=\"http:\/\/www.lassebacklund.fi\/?page_id=3918\">till den g\u00e5rd<\/a> som de \u00e5r 1948 hade k\u00f6pt av Emil Hammarberg, som l\u00e5g 100 meter mot Lillsj\u00f6. Karl Henrik och sonen Ingvar rev d\u00e5 ner den gamla bondg\u00e5rden och under de tv\u00e5 f\u00f6ljande \u00e5ren byggde de en ny och modern g\u00e5rd p\u00e5 samma st\u00e4lle.<\/p>\n<figure id=\"attachment_10162\" aria-describedby=\"caption-attachment-10162\" style=\"width: 1230px\" class=\"wp-caption aligncenter\"><img loading=\"lazy\" decoding=\"async\" class=\"size-full wp-image-10162\" src=\"http:\/\/www.lassebacklund.fi\/wp-content\/uploads\/2018\/10\/7-1.jpg\" alt=\"\" width=\"1230\" height=\"883\" srcset=\"https:\/\/www.lassebacklund.fi\/wp-content\/uploads\/2018\/10\/7-1.jpg 1230w, https:\/\/www.lassebacklund.fi\/wp-content\/uploads\/2018\/10\/7-1-300x215.jpg 300w, https:\/\/www.lassebacklund.fi\/wp-content\/uploads\/2018\/10\/7-1-768x551.jpg 768w, https:\/\/www.lassebacklund.fi\/wp-content\/uploads\/2018\/10\/7-1-1024x735.jpg 1024w\" sizes=\"auto, (max-width: 1230px) 100vw, 1230px\" \/><figcaption id=\"caption-attachment-10162\" class=\"wp-caption-text\">Den h\u00e4r g\u00e5rden k\u00f6pte Karl Henrik av Emil Hammarberg \u00e5r 1948 och hit flyttade de tillf\u00e4lligt \u00e5r 1949 medan de byggde den nya g\u00e5rden. Flygfotot fr\u00e5n 1970-talet.<\/figcaption><\/figure>\n<h3><strong>Sonen Ingvar tar \u00f6ver g\u00e5rden.<\/strong><\/h3>\n<p>\u00c5r 1951 kunde alla tre flytta tillbaka till den nya g\u00e5rden. \u00c5r 1957 tog Ingvar \u00f6ver hemmanet av sina f\u00f6r\u00e4ldrar.<\/p>\n<figure id=\"attachment_10163\" aria-describedby=\"caption-attachment-10163\" style=\"width: 693px\" class=\"wp-caption aligncenter\"><img loading=\"lazy\" decoding=\"async\" class=\"size-full wp-image-10163\" src=\"http:\/\/www.lassebacklund.fi\/wp-content\/uploads\/2018\/10\/8.jpg\" alt=\"\" width=\"693\" height=\"419\" srcset=\"https:\/\/www.lassebacklund.fi\/wp-content\/uploads\/2018\/10\/8.jpg 693w, https:\/\/www.lassebacklund.fi\/wp-content\/uploads\/2018\/10\/8-300x181.jpg 300w\" sizes=\"auto, (max-width: 693px) 100vw, 693px\" \/><figcaption id=\"caption-attachment-10163\" class=\"wp-caption-text\">Karl Henrik, Hilma och Ingvar framf\u00f6r huset, som de tillf\u00e4lligt bodde i medan de byggde den nya g\u00e5rden.<\/figcaption><\/figure>\n<figure id=\"attachment_10164\" aria-describedby=\"caption-attachment-10164\" style=\"width: 636px\" class=\"wp-caption aligncenter\"><img loading=\"lazy\" decoding=\"async\" class=\"size-full wp-image-10164\" src=\"http:\/\/www.lassebacklund.fi\/wp-content\/uploads\/2018\/10\/9.jpg\" alt=\"\" width=\"636\" height=\"893\" srcset=\"https:\/\/www.lassebacklund.fi\/wp-content\/uploads\/2018\/10\/9.jpg 636w, https:\/\/www.lassebacklund.fi\/wp-content\/uploads\/2018\/10\/9-214x300.jpg 214w\" sizes=\"auto, (max-width: 636px) 100vw, 636px\" \/><figcaption id=\"caption-attachment-10164\" class=\"wp-caption-text\">Den 29 november 1959 gifte sig Ingvar Westerback med Evy Klockars fr\u00e5n N\u00e4rpes. Evy var dotter till Johannes och Irene Klockars.<\/figcaption><\/figure>\n<p>\u00c5r 1959 gifte sig Ingvar Westerback med Evy Klockars (1925-2011) fr\u00e5n N\u00e4rpes. F\u00f6r\u00e4ldrarna flyttade igen till den g\u00e5rd d\u00e4r de tillf\u00e4lligt hade bott 1949 \u2013 1951. Paret fortsatte som b\u00f6nder p\u00e5 Westerbacks hemman men i b\u00f6rjan p\u00e5 60-talet byggde de nedanf\u00f6r g\u00e5rden ocks\u00e5 ett v\u00e4xthus, d\u00e4r de odlade tomater.<\/p>\n<figure id=\"attachment_10165\" aria-describedby=\"caption-attachment-10165\" style=\"width: 1387px\" class=\"wp-caption aligncenter\"><img loading=\"lazy\" decoding=\"async\" class=\"size-full wp-image-10165\" src=\"http:\/\/www.lassebacklund.fi\/wp-content\/uploads\/2018\/10\/10.jpg\" alt=\"\" width=\"1387\" height=\"926\" srcset=\"https:\/\/www.lassebacklund.fi\/wp-content\/uploads\/2018\/10\/10.jpg 1387w, https:\/\/www.lassebacklund.fi\/wp-content\/uploads\/2018\/10\/10-300x200.jpg 300w, https:\/\/www.lassebacklund.fi\/wp-content\/uploads\/2018\/10\/10-768x513.jpg 768w, https:\/\/www.lassebacklund.fi\/wp-content\/uploads\/2018\/10\/10-1024x684.jpg 1024w\" sizes=\"auto, (max-width: 1387px) 100vw, 1387px\" \/><figcaption id=\"caption-attachment-10165\" class=\"wp-caption-text\">Rosbloms m\u00e5lning av Westerbacks nya g\u00e5rd.<\/figcaption><\/figure>\n<p>Ingvar och Evy fick tv\u00e5 d\u00f6ttrar, varav den ena tagit \u00f6ver farfar Karl Henriks g\u00e5rd och den andra tagit \u00f6ver hemg\u00e5rden. \u00c5krarna \u00e4r utarrenderade \u00e5t utomst\u00e5ende.<\/p>\n<h3><strong>Foton.<\/strong><\/h3>\n<figure id=\"attachment_10183\" aria-describedby=\"caption-attachment-10183\" style=\"width: 2816px\" class=\"wp-caption aligncenter\"><img loading=\"lazy\" decoding=\"async\" class=\"size-full wp-image-10183\" src=\"http:\/\/www.lassebacklund.fi\/wp-content\/uploads\/2018\/10\/Vesterback-Ingvars-g\u00e5rd-fr\u00e5n-\u00e5n-2013-1.jpg\" alt=\"\" width=\"2816\" height=\"2112\" srcset=\"https:\/\/www.lassebacklund.fi\/wp-content\/uploads\/2018\/10\/Vesterback-Ingvars-g\u00e5rd-fr\u00e5n-\u00e5n-2013-1.jpg 2816w, https:\/\/www.lassebacklund.fi\/wp-content\/uploads\/2018\/10\/Vesterback-Ingvars-g\u00e5rd-fr\u00e5n-\u00e5n-2013-1-300x225.jpg 300w, https:\/\/www.lassebacklund.fi\/wp-content\/uploads\/2018\/10\/Vesterback-Ingvars-g\u00e5rd-fr\u00e5n-\u00e5n-2013-1-768x576.jpg 768w, https:\/\/www.lassebacklund.fi\/wp-content\/uploads\/2018\/10\/Vesterback-Ingvars-g\u00e5rd-fr\u00e5n-\u00e5n-2013-1-1024x768.jpg 1024w\" sizes=\"auto, (max-width: 2816px) 100vw, 2816px\" \/><figcaption id=\"caption-attachment-10183\" class=\"wp-caption-text\">Westerbacks g\u00e5rd har k\u00e4llare under hela huset och p\u00e5 vinden finns det ocks\u00e5 bostadsutrymmen.<\/figcaption><\/figure>\n<figure id=\"attachment_10187\" aria-describedby=\"caption-attachment-10187\" style=\"width: 1358px\" class=\"wp-caption aligncenter\"><img loading=\"lazy\" decoding=\"async\" class=\"size-full wp-image-10187\" src=\"http:\/\/www.lassebacklund.fi\/wp-content\/uploads\/2018\/10\/Westerbacks-nya-g\u00e5rd-flygfoto-fr\u00e5n-2011.jpg\" alt=\"\" width=\"1358\" height=\"889\" srcset=\"https:\/\/www.lassebacklund.fi\/wp-content\/uploads\/2018\/10\/Westerbacks-nya-g\u00e5rd-flygfoto-fr\u00e5n-2011.jpg 1358w, https:\/\/www.lassebacklund.fi\/wp-content\/uploads\/2018\/10\/Westerbacks-nya-g\u00e5rd-flygfoto-fr\u00e5n-2011-300x196.jpg 300w, https:\/\/www.lassebacklund.fi\/wp-content\/uploads\/2018\/10\/Westerbacks-nya-g\u00e5rd-flygfoto-fr\u00e5n-2011-768x503.jpg 768w, https:\/\/www.lassebacklund.fi\/wp-content\/uploads\/2018\/10\/Westerbacks-nya-g\u00e5rd-flygfoto-fr\u00e5n-2011-1024x670.jpg 1024w\" sizes=\"auto, (max-width: 1358px) 100vw, 1358px\" \/><figcaption id=\"caption-attachment-10187\" class=\"wp-caption-text\">Flygfoto fr\u00e5n 2011.<\/figcaption><\/figure>\n<figure id=\"attachment_10188\" aria-describedby=\"caption-attachment-10188\" style=\"width: 1408px\" class=\"wp-caption aligncenter\"><img loading=\"lazy\" decoding=\"async\" class=\"size-full wp-image-10188\" src=\"http:\/\/www.lassebacklund.fi\/wp-content\/uploads\/2018\/10\/Westerbacks-Nyholmas-och-Karl-Hindrikas-flygfoto.jpg\" alt=\"\" width=\"1408\" height=\"985\" srcset=\"https:\/\/www.lassebacklund.fi\/wp-content\/uploads\/2018\/10\/Westerbacks-Nyholmas-och-Karl-Hindrikas-flygfoto.jpg 1408w, https:\/\/www.lassebacklund.fi\/wp-content\/uploads\/2018\/10\/Westerbacks-Nyholmas-och-Karl-Hindrikas-flygfoto-300x210.jpg 300w, https:\/\/www.lassebacklund.fi\/wp-content\/uploads\/2018\/10\/Westerbacks-Nyholmas-och-Karl-Hindrikas-flygfoto-768x537.jpg 768w, https:\/\/www.lassebacklund.fi\/wp-content\/uploads\/2018\/10\/Westerbacks-Nyholmas-och-Karl-Hindrikas-flygfoto-1024x716.jpg 1024w\" sizes=\"auto, (max-width: 1408px) 100vw, 1408px\" \/><figcaption id=\"caption-attachment-10188\" class=\"wp-caption-text\">H\u00f6gst upp till h\u00f6ger Hammarbergs g\u00e5rd, som Karl Henrik k\u00f6pte 1948 och dit han och Hilma flyttade 1949. Den gula g\u00e5rden mitt i bild \u00e4r Westerbacks nya g\u00e5rd, som blev f\u00e4rdig 1951. Uthusen p\u00e5 g\u00e5rden byggdes \u00e5r 1930.<\/figcaption><\/figure>\n<figure id=\"attachment_10186\" aria-describedby=\"caption-attachment-10186\" style=\"width: 1269px\" class=\"wp-caption aligncenter\"><img loading=\"lazy\" decoding=\"async\" class=\"size-full wp-image-10186\" src=\"http:\/\/www.lassebacklund.fi\/wp-content\/uploads\/2018\/10\/Westerbacks-gamla-g\u00e5rd-med-farstukvist.jpg\" alt=\"\" width=\"1269\" height=\"891\" srcset=\"https:\/\/www.lassebacklund.fi\/wp-content\/uploads\/2018\/10\/Westerbacks-gamla-g\u00e5rd-med-farstukvist.jpg 1269w, https:\/\/www.lassebacklund.fi\/wp-content\/uploads\/2018\/10\/Westerbacks-gamla-g\u00e5rd-med-farstukvist-300x211.jpg 300w, https:\/\/www.lassebacklund.fi\/wp-content\/uploads\/2018\/10\/Westerbacks-gamla-g\u00e5rd-med-farstukvist-768x539.jpg 768w, https:\/\/www.lassebacklund.fi\/wp-content\/uploads\/2018\/10\/Westerbacks-gamla-g\u00e5rd-med-farstukvist-1024x719.jpg 1024w\" sizes=\"auto, (max-width: 1269px) 100vw, 1269px\" \/><figcaption id=\"caption-attachment-10186\" class=\"wp-caption-text\">Trots att bilden \u00e4r mycket d\u00e5lig, s\u00e5 syns det att farstukvisten p\u00e5 Westerbacks gamla g\u00e5rd var ovanligt vackert dekorerad.<\/figcaption><\/figure>\n<figure id=\"attachment_10184\" aria-describedby=\"caption-attachment-10184\" style=\"width: 2816px\" class=\"wp-caption aligncenter\"><img loading=\"lazy\" decoding=\"async\" class=\"size-full wp-image-10184\" src=\"http:\/\/www.lassebacklund.fi\/wp-content\/uploads\/2018\/10\/Vesterback-Ingvars-g\u00e5rd-fr\u00e5n-\u00e5n-2013-2.jpg\" alt=\"\" width=\"2816\" height=\"2112\" srcset=\"https:\/\/www.lassebacklund.fi\/wp-content\/uploads\/2018\/10\/Vesterback-Ingvars-g\u00e5rd-fr\u00e5n-\u00e5n-2013-2.jpg 2816w, https:\/\/www.lassebacklund.fi\/wp-content\/uploads\/2018\/10\/Vesterback-Ingvars-g\u00e5rd-fr\u00e5n-\u00e5n-2013-2-300x225.jpg 300w, https:\/\/www.lassebacklund.fi\/wp-content\/uploads\/2018\/10\/Vesterback-Ingvars-g\u00e5rd-fr\u00e5n-\u00e5n-2013-2-768x576.jpg 768w, https:\/\/www.lassebacklund.fi\/wp-content\/uploads\/2018\/10\/Vesterback-Ingvars-g\u00e5rd-fr\u00e5n-\u00e5n-2013-2-1024x768.jpg 1024w\" sizes=\"auto, (max-width: 2816px) 100vw, 2816px\" \/><figcaption id=\"caption-attachment-10184\" class=\"wp-caption-text\">Westerbacks g\u00e5rd fotograferad fr\u00e5n \u00e5kanten 2013. Till v\u00e4nster utanf\u00f6r bild l\u00e5g det v\u00e4xthus som Ingvar byggde i b\u00f6rjan p\u00e5 60-talet. Det stod med gaveln mot Lill\u00e5n.<\/figcaption><\/figure>\n<figure id=\"attachment_10185\" aria-describedby=\"caption-attachment-10185\" style=\"width: 620px\" class=\"wp-caption aligncenter\"><img loading=\"lazy\" decoding=\"async\" class=\"size-full wp-image-10185\" src=\"http:\/\/www.lassebacklund.fi\/wp-content\/uploads\/2018\/10\/Westerback-Ingvars-passfoto.jpg\" alt=\"\" width=\"620\" height=\"944\" srcset=\"https:\/\/www.lassebacklund.fi\/wp-content\/uploads\/2018\/10\/Westerback-Ingvars-passfoto.jpg 620w, https:\/\/www.lassebacklund.fi\/wp-content\/uploads\/2018\/10\/Westerback-Ingvars-passfoto-197x300.jpg 197w\" sizes=\"auto, (max-width: 620px) 100vw, 620px\" \/><figcaption id=\"caption-attachment-10185\" class=\"wp-caption-text\">Ingvar i unga \u00e5r.<\/figcaption><\/figure>\n<figure id=\"attachment_10181\" aria-describedby=\"caption-attachment-10181\" style=\"width: 668px\" class=\"wp-caption aligncenter\"><img loading=\"lazy\" decoding=\"async\" class=\"size-full wp-image-10181\" src=\"http:\/\/www.lassebacklund.fi\/wp-content\/uploads\/2018\/10\/Karl-Henrik-Knus-i-milit\u00e4ren.jpg\" alt=\"\" width=\"668\" height=\"984\" srcset=\"https:\/\/www.lassebacklund.fi\/wp-content\/uploads\/2018\/10\/Karl-Henrik-Knus-i-milit\u00e4ren.jpg 668w, https:\/\/www.lassebacklund.fi\/wp-content\/uploads\/2018\/10\/Karl-Henrik-Knus-i-milit\u00e4ren-204x300.jpg 204w\" sizes=\"auto, (max-width: 668px) 100vw, 668px\" \/><figcaption id=\"caption-attachment-10181\" class=\"wp-caption-text\">Karl Henrik Knus, senare Westerback i milit\u00e4ren efter att Finland blivit sj\u00e4lvst\u00e4ndigt.<\/figcaption><\/figure>\n<figure id=\"attachment_10180\" aria-describedby=\"caption-attachment-10180\" style=\"width: 941px\" class=\"wp-caption aligncenter\"><img loading=\"lazy\" decoding=\"async\" class=\"size-full wp-image-10180\" src=\"http:\/\/www.lassebacklund.fi\/wp-content\/uploads\/2018\/10\/Ingvar-till-h\u00e4st.jpg\" alt=\"\" width=\"941\" height=\"617\" srcset=\"https:\/\/www.lassebacklund.fi\/wp-content\/uploads\/2018\/10\/Ingvar-till-h\u00e4st.jpg 941w, https:\/\/www.lassebacklund.fi\/wp-content\/uploads\/2018\/10\/Ingvar-till-h\u00e4st-300x197.jpg 300w, https:\/\/www.lassebacklund.fi\/wp-content\/uploads\/2018\/10\/Ingvar-till-h\u00e4st-768x504.jpg 768w\" sizes=\"auto, (max-width: 941px) 100vw, 941px\" \/><figcaption id=\"caption-attachment-10180\" class=\"wp-caption-text\">Ingvar till h\u00e4st.<\/figcaption><\/figure>\n<figure id=\"attachment_10179\" aria-describedby=\"caption-attachment-10179\" style=\"width: 937px\" class=\"wp-caption aligncenter\"><img loading=\"lazy\" decoding=\"async\" class=\"size-full wp-image-10179\" src=\"http:\/\/www.lassebacklund.fi\/wp-content\/uploads\/2018\/10\/Ingvar-p\u00e5-\u00e5kern.jpg\" alt=\"\" width=\"937\" height=\"585\" srcset=\"https:\/\/www.lassebacklund.fi\/wp-content\/uploads\/2018\/10\/Ingvar-p\u00e5-\u00e5kern.jpg 937w, https:\/\/www.lassebacklund.fi\/wp-content\/uploads\/2018\/10\/Ingvar-p\u00e5-\u00e5kern-300x187.jpg 300w, https:\/\/www.lassebacklund.fi\/wp-content\/uploads\/2018\/10\/Ingvar-p\u00e5-\u00e5kern-768x479.jpg 768w\" sizes=\"auto, (max-width: 937px) 100vw, 937px\" \/><figcaption id=\"caption-attachment-10179\" class=\"wp-caption-text\">Den unga Ingvar ute p\u00e5 \u00e5kern.<\/figcaption><\/figure>\n<figure id=\"attachment_10177\" aria-describedby=\"caption-attachment-10177\" style=\"width: 800px\" class=\"wp-caption aligncenter\"><img loading=\"lazy\" decoding=\"async\" class=\"size-full wp-image-10177\" src=\"http:\/\/www.lassebacklund.fi\/wp-content\/uploads\/2018\/10\/Axel-och-Selma-utanf\u00f6r-huset.jpg\" alt=\"\" width=\"800\" height=\"1461\" srcset=\"https:\/\/www.lassebacklund.fi\/wp-content\/uploads\/2018\/10\/Axel-och-Selma-utanf\u00f6r-huset.jpg 800w, https:\/\/www.lassebacklund.fi\/wp-content\/uploads\/2018\/10\/Axel-och-Selma-utanf\u00f6r-huset-164x300.jpg 164w, https:\/\/www.lassebacklund.fi\/wp-content\/uploads\/2018\/10\/Axel-och-Selma-utanf\u00f6r-huset-768x1403.jpg 768w, https:\/\/www.lassebacklund.fi\/wp-content\/uploads\/2018\/10\/Axel-och-Selma-utanf\u00f6r-huset-561x1024.jpg 561w\" sizes=\"auto, (max-width: 800px) 100vw, 800px\" \/><figcaption id=\"caption-attachment-10177\" class=\"wp-caption-text\">Hilma Westerbacks syster Selma (f.1889) flyttade till Amerika d\u00e4r hon gifte sig med Axel Dahlberg.<\/figcaption><\/figure>\n<figure id=\"attachment_10182\" aria-describedby=\"caption-attachment-10182\" style=\"width: 2816px\" class=\"wp-caption aligncenter\"><img loading=\"lazy\" decoding=\"async\" class=\"size-full wp-image-10182\" src=\"http:\/\/www.lassebacklund.fi\/wp-content\/uploads\/2018\/10\/Vesterback-Ingvars-g\u00e5rd-fotat-fr\u00e5n-Nybondh\u00e5llet-2013.jpg\" alt=\"\" width=\"2816\" height=\"2112\" srcset=\"https:\/\/www.lassebacklund.fi\/wp-content\/uploads\/2018\/10\/Vesterback-Ingvars-g\u00e5rd-fotat-fr\u00e5n-Nybondh\u00e5llet-2013.jpg 2816w, https:\/\/www.lassebacklund.fi\/wp-content\/uploads\/2018\/10\/Vesterback-Ingvars-g\u00e5rd-fotat-fr\u00e5n-Nybondh\u00e5llet-2013-300x225.jpg 300w, https:\/\/www.lassebacklund.fi\/wp-content\/uploads\/2018\/10\/Vesterback-Ingvars-g\u00e5rd-fotat-fr\u00e5n-Nybondh\u00e5llet-2013-768x576.jpg 768w, https:\/\/www.lassebacklund.fi\/wp-content\/uploads\/2018\/10\/Vesterback-Ingvars-g\u00e5rd-fotat-fr\u00e5n-Nybondh\u00e5llet-2013-1024x768.jpg 1024w\" sizes=\"auto, (max-width: 2816px) 100vw, 2816px\" \/><figcaption id=\"caption-attachment-10182\" class=\"wp-caption-text\">Westerbacks g\u00e5rd fotograferad fr\u00e5n norr \u00e5r 2013.<\/figcaption><\/figure>\n<figure id=\"attachment_10178\" aria-describedby=\"caption-attachment-10178\" style=\"width: 778px\" class=\"wp-caption aligncenter\"><img loading=\"lazy\" decoding=\"async\" class=\"size-full wp-image-10178\" src=\"http:\/\/www.lassebacklund.fi\/wp-content\/uploads\/2018\/10\/Ingvar-p\u00e5-bordet.jpg\" alt=\"\" width=\"778\" height=\"1013\" srcset=\"https:\/\/www.lassebacklund.fi\/wp-content\/uploads\/2018\/10\/Ingvar-p\u00e5-bordet.jpg 778w, https:\/\/www.lassebacklund.fi\/wp-content\/uploads\/2018\/10\/Ingvar-p\u00e5-bordet-230x300.jpg 230w, https:\/\/www.lassebacklund.fi\/wp-content\/uploads\/2018\/10\/Ingvar-p\u00e5-bordet-768x1000.jpg 768w\" sizes=\"auto, (max-width: 778px) 100vw, 778px\" \/><figcaption id=\"caption-attachment-10178\" class=\"wp-caption-text\">P\u00e5 det otydliga fotot, s\u00e5 sitter Ingvar p\u00e5 ett bord nere vid \u00e5n. I bakgrunden syns Nybonds gamla g\u00e5rd och uthus.<\/figcaption><\/figure>\n<figure id=\"attachment_10263\" aria-describedby=\"caption-attachment-10263\" style=\"width: 784px\" class=\"wp-caption aligncenter\"><img loading=\"lazy\" decoding=\"async\" class=\"size-full wp-image-10263\" src=\"http:\/\/www.lassebacklund.fi\/wp-content\/uploads\/2018\/10\/Bernt-Stenlund-Inger-Ingvar-och-Evy-Westerback-p\u00e5-Ulrika-Nyholms-br\u00f6llop.jpg\" alt=\"\" width=\"784\" height=\"541\" srcset=\"https:\/\/www.lassebacklund.fi\/wp-content\/uploads\/2018\/10\/Bernt-Stenlund-Inger-Ingvar-och-Evy-Westerback-p\u00e5-Ulrika-Nyholms-br\u00f6llop.jpg 784w, https:\/\/www.lassebacklund.fi\/wp-content\/uploads\/2018\/10\/Bernt-Stenlund-Inger-Ingvar-och-Evy-Westerback-p\u00e5-Ulrika-Nyholms-br\u00f6llop-300x207.jpg 300w, https:\/\/www.lassebacklund.fi\/wp-content\/uploads\/2018\/10\/Bernt-Stenlund-Inger-Ingvar-och-Evy-Westerback-p\u00e5-Ulrika-Nyholms-br\u00f6llop-768x530.jpg 768w\" sizes=\"auto, (max-width: 784px) 100vw, 784px\" \/><figcaption id=\"caption-attachment-10263\" class=\"wp-caption-text\">Bernt Stenlund, Inger, Ingvar och Evy Westerback p\u00e5 br\u00f6llopsfest p\u00e5 f\u00f6rsamlingshemmet i Lappfj\u00e4rd<\/figcaption><\/figure>\n<figure id=\"attachment_10264\" aria-describedby=\"caption-attachment-10264\" style=\"width: 864px\" class=\"wp-caption aligncenter\"><img loading=\"lazy\" decoding=\"async\" class=\"size-full wp-image-10264\" src=\"http:\/\/www.lassebacklund.fi\/wp-content\/uploads\/2018\/10\/Evy-i-Holland.jpg\" alt=\"\" width=\"864\" height=\"576\" srcset=\"https:\/\/www.lassebacklund.fi\/wp-content\/uploads\/2018\/10\/Evy-i-Holland.jpg 864w, https:\/\/www.lassebacklund.fi\/wp-content\/uploads\/2018\/10\/Evy-i-Holland-300x200.jpg 300w, https:\/\/www.lassebacklund.fi\/wp-content\/uploads\/2018\/10\/Evy-i-Holland-768x512.jpg 768w\" sizes=\"auto, (max-width: 864px) 100vw, 864px\" \/><figcaption id=\"caption-attachment-10264\" class=\"wp-caption-text\">Evy bland blomsterprakten nere i Europa.<\/figcaption><\/figure>\n<figure id=\"attachment_10265\" aria-describedby=\"caption-attachment-10265\" style=\"width: 530px\" class=\"wp-caption aligncenter\"><img loading=\"lazy\" decoding=\"async\" class=\"size-full wp-image-10265\" src=\"http:\/\/www.lassebacklund.fi\/wp-content\/uploads\/2018\/10\/Evy-i-Leningrad.jpg\" alt=\"\" width=\"530\" height=\"712\" srcset=\"https:\/\/www.lassebacklund.fi\/wp-content\/uploads\/2018\/10\/Evy-i-Leningrad.jpg 530w, https:\/\/www.lassebacklund.fi\/wp-content\/uploads\/2018\/10\/Evy-i-Leningrad-223x300.jpg 223w\" sizes=\"auto, (max-width: 530px) 100vw, 530px\" \/><figcaption id=\"caption-attachment-10265\" class=\"wp-caption-text\">Evy p\u00e5 resa i Leningrad p\u00e5 80-talet.<\/figcaption><\/figure>\n<figure id=\"attachment_10266\" aria-describedby=\"caption-attachment-10266\" style=\"width: 697px\" class=\"wp-caption aligncenter\"><img loading=\"lazy\" decoding=\"async\" class=\"size-full wp-image-10266\" src=\"http:\/\/www.lassebacklund.fi\/wp-content\/uploads\/2018\/10\/Evy-i-Trondheim.jpg\" alt=\"\" width=\"697\" height=\"533\" srcset=\"https:\/\/www.lassebacklund.fi\/wp-content\/uploads\/2018\/10\/Evy-i-Trondheim.jpg 697w, https:\/\/www.lassebacklund.fi\/wp-content\/uploads\/2018\/10\/Evy-i-Trondheim-300x229.jpg 300w\" sizes=\"auto, (max-width: 697px) 100vw, 697px\" \/><figcaption id=\"caption-attachment-10266\" class=\"wp-caption-text\">Evy Westerback p\u00e5 resa till Trondheim i Norge.<\/figcaption><\/figure>\n<figure id=\"attachment_10267\" aria-describedby=\"caption-attachment-10267\" style=\"width: 378px\" class=\"wp-caption aligncenter\"><img loading=\"lazy\" decoding=\"async\" class=\"size-full wp-image-10267\" src=\"http:\/\/www.lassebacklund.fi\/wp-content\/uploads\/2018\/10\/Evy-och-Ingvar-p\u00e5-resa.jpg\" alt=\"\" width=\"378\" height=\"399\" srcset=\"https:\/\/www.lassebacklund.fi\/wp-content\/uploads\/2018\/10\/Evy-och-Ingvar-p\u00e5-resa.jpg 378w, https:\/\/www.lassebacklund.fi\/wp-content\/uploads\/2018\/10\/Evy-och-Ingvar-p\u00e5-resa-284x300.jpg 284w\" sizes=\"auto, (max-width: 378px) 100vw, 378px\" \/><figcaption id=\"caption-attachment-10267\" class=\"wp-caption-text\">Evy och Ingvar Westerback p\u00e5 resa i Finland.<\/figcaption><\/figure>\n<figure id=\"attachment_10268\" aria-describedby=\"caption-attachment-10268\" style=\"width: 942px\" class=\"wp-caption aligncenter\"><img loading=\"lazy\" decoding=\"async\" class=\"size-full wp-image-10268\" src=\"http:\/\/www.lassebacklund.fi\/wp-content\/uploads\/2018\/10\/Evy-p\u00e5-resa.jpg\" alt=\"\" width=\"942\" height=\"647\" srcset=\"https:\/\/www.lassebacklund.fi\/wp-content\/uploads\/2018\/10\/Evy-p\u00e5-resa.jpg 942w, https:\/\/www.lassebacklund.fi\/wp-content\/uploads\/2018\/10\/Evy-p\u00e5-resa-300x206.jpg 300w, https:\/\/www.lassebacklund.fi\/wp-content\/uploads\/2018\/10\/Evy-p\u00e5-resa-768x527.jpg 768w\" sizes=\"auto, (max-width: 942px) 100vw, 942px\" \/><figcaption id=\"caption-attachment-10268\" class=\"wp-caption-text\">Evy p\u00e5 resa nere i Europa.<\/figcaption><\/figure>\n<figure id=\"attachment_10270\" aria-describedby=\"caption-attachment-10270\" style=\"width: 723px\" class=\"wp-caption aligncenter\"><img loading=\"lazy\" decoding=\"async\" class=\"size-full wp-image-10270\" src=\"http:\/\/www.lassebacklund.fi\/wp-content\/uploads\/2018\/10\/Westerbacks-g\u00e5rd-i-n\u00e4rbild.jpg\" alt=\"\" width=\"723\" height=\"490\" srcset=\"https:\/\/www.lassebacklund.fi\/wp-content\/uploads\/2018\/10\/Westerbacks-g\u00e5rd-i-n\u00e4rbild.jpg 723w, https:\/\/www.lassebacklund.fi\/wp-content\/uploads\/2018\/10\/Westerbacks-g\u00e5rd-i-n\u00e4rbild-300x203.jpg 300w\" sizes=\"auto, (max-width: 723px) 100vw, 723px\" \/><figcaption id=\"caption-attachment-10270\" class=\"wp-caption-text\">Farstukvisten p\u00e5 Westerbacks g\u00e5rd p\u00e5 80-talet.<\/figcaption><\/figure>\n<figure id=\"attachment_10271\" aria-describedby=\"caption-attachment-10271\" style=\"width: 672px\" class=\"wp-caption aligncenter\"><img loading=\"lazy\" decoding=\"async\" class=\"size-full wp-image-10271\" src=\"http:\/\/www.lassebacklund.fi\/wp-content\/uploads\/2018\/10\/Westerbacks-g\u00e5rd-och-p\u00e4ronland.jpg\" alt=\"\" width=\"672\" height=\"524\" srcset=\"https:\/\/www.lassebacklund.fi\/wp-content\/uploads\/2018\/10\/Westerbacks-g\u00e5rd-och-p\u00e4ronland.jpg 672w, https:\/\/www.lassebacklund.fi\/wp-content\/uploads\/2018\/10\/Westerbacks-g\u00e5rd-och-p\u00e4ronland-300x234.jpg 300w\" sizes=\"auto, (max-width: 672px) 100vw, 672px\" \/><figcaption id=\"caption-attachment-10271\" class=\"wp-caption-text\">Ocks\u00e5 p\u00e5 80-talet var potatisodlingen mycket viktig i Dagsmark och yrkesskickligheten var h\u00f6g, det syns bra p\u00e5 Ingvar Westerbacks odlingar i Kvarn\u00e5.<\/figcaption><\/figure>\n<figure id=\"attachment_10272\" aria-describedby=\"caption-attachment-10272\" style=\"width: 711px\" class=\"wp-caption aligncenter\"><img loading=\"lazy\" decoding=\"async\" class=\"size-full wp-image-10272\" src=\"http:\/\/www.lassebacklund.fi\/wp-content\/uploads\/2018\/10\/Westerbacks-g\u00e5rd-och-uthusknut.jpg\" alt=\"\" width=\"711\" height=\"537\" srcset=\"https:\/\/www.lassebacklund.fi\/wp-content\/uploads\/2018\/10\/Westerbacks-g\u00e5rd-och-uthusknut.jpg 711w, https:\/\/www.lassebacklund.fi\/wp-content\/uploads\/2018\/10\/Westerbacks-g\u00e5rd-och-uthusknut-300x227.jpg 300w\" sizes=\"auto, (max-width: 711px) 100vw, 711px\" \/><figcaption id=\"caption-attachment-10272\" class=\"wp-caption-text\">Westerbacks g\u00e5rd p\u00e5 1980-talet<\/figcaption><\/figure>\n<figure id=\"attachment_10269\" aria-describedby=\"caption-attachment-10269\" style=\"width: 862px\" class=\"wp-caption aligncenter\"><img loading=\"lazy\" decoding=\"async\" class=\"size-full wp-image-10269\" src=\"http:\/\/www.lassebacklund.fi\/wp-content\/uploads\/2018\/10\/Ingvar-90-\u00e5r.jpg\" alt=\"\" width=\"862\" height=\"563\" srcset=\"https:\/\/www.lassebacklund.fi\/wp-content\/uploads\/2018\/10\/Ingvar-90-\u00e5r.jpg 862w, https:\/\/www.lassebacklund.fi\/wp-content\/uploads\/2018\/10\/Ingvar-90-\u00e5r-300x196.jpg 300w, https:\/\/www.lassebacklund.fi\/wp-content\/uploads\/2018\/10\/Ingvar-90-\u00e5r-768x502.jpg 768w\" sizes=\"auto, (max-width: 862px) 100vw, 862px\" \/><figcaption id=\"caption-attachment-10269\" class=\"wp-caption-text\">Ingvar Westerback p\u00e5 sin 90-\u00e5rs dag i hemmet i Kvarn\u00e5.<\/figcaption><\/figure>\n<p>&nbsp;<\/p>\n","protected":false},"excerpt":{"rendered":"<p>Sammanst\u00e4llt av Lasse Backlund 2018, med hj\u00e4lp av Inger Westerback och Inga-Lill Sandstr\u00f6m. I den h\u00e4r gamla g\u00e5rden bodde Karl Henrik och Hilma Westerback sedan de hade gift sig \u00e5r 1920, fram till \u00e5r 1959 d\u00e5 de flyttade till en <a class=\"more-link\" href=\"https:\/\/www.lassebacklund.fi\/?page_id=10166\">Forts\u00e4tt l\u00e4sa <span class=\"screen-reader-text\">  Westerbacks g\u00e5rd p\u00e5 Lillsj\u00f6v\u00e4gen 99<\/span><span class=\"meta-nav\">&rarr;<\/span><\/a><\/p>\n","protected":false},"author":1,"featured_media":0,"parent":78,"menu_order":99,"comment_status":"closed","ping_status":"closed","template":"","meta":{"footnotes":""},"class_list":["post-10166","page","type-page","status-publish","hentry"],"_links":{"self":[{"href":"https:\/\/www.lassebacklund.fi\/index.php?rest_route=\/wp\/v2\/pages\/10166","targetHints":{"allow":["GET"]}}],"collection":[{"href":"https:\/\/www.lassebacklund.fi\/index.php?rest_route=\/wp\/v2\/pages"}],"about":[{"href":"https:\/\/www.lassebacklund.fi\/index.php?rest_route=\/wp\/v2\/types\/page"}],"author":[{"embeddable":true,"href":"https:\/\/www.lassebacklund.fi\/index.php?rest_route=\/wp\/v2\/users\/1"}],"replies":[{"embeddable":true,"href":"https:\/\/www.lassebacklund.fi\/index.php?rest_route=%2Fwp%2Fv2%2Fcomments&post=10166"}],"version-history":[{"count":22,"href":"https:\/\/www.lassebacklund.fi\/index.php?rest_route=\/wp\/v2\/pages\/10166\/revisions"}],"predecessor-version":[{"id":24898,"href":"https:\/\/www.lassebacklund.fi\/index.php?rest_route=\/wp\/v2\/pages\/10166\/revisions\/24898"}],"up":[{"embeddable":true,"href":"https:\/\/www.lassebacklund.fi\/index.php?rest_route=\/wp\/v2\/pages\/78"}],"wp:attachment":[{"href":"https:\/\/www.lassebacklund.fi\/index.php?rest_route=%2Fwp%2Fv2%2Fmedia&parent=10166"}],"curies":[{"name":"wp","href":"https:\/\/api.w.org\/{rel}","templated":true}]}}